{"id":1168,"date":"2014-07-15T16:19:35","date_gmt":"2014-07-15T15:19:35","guid":{"rendered":"http:\/\/alpradio.com\/fr\/?page_id=1168"},"modified":"2014-07-15T16:29:28","modified_gmt":"2014-07-15T15:29:28","slug":"entrees-en-playlist","status":"publish","type":"page","link":"https:\/\/alpradio.com\/fr\/entrees-en-playlist\/","title":{"rendered":"Entr\u00e9es en playlist"},"content":{"rendered":"\n   <div class=\"home-shr clearfix\">\n      <div class=\"home-width\">\n         <div class=\"bl2shr-col\">\n            <div class=\"bl2shr-cover\">\n               <div class=\"wz-wrap wz-hover\">\n\t\t\t\t\t<img decoding=\"async\" src=\"https:\/\/alpradio.com\/fr\/wp-content\/uploads\/2019\/06\/Capture-d\u2019e\u0301cran-2019-06-05-a\u0300-15.37.30-315x160.png\" alt=\"HECTOR OU RIEN\" \/>\n                  <div class=\"he-view\">\n                     <div class=\"bg a0\" data-animate=\"fadeIn\">\n                        <a href=\"https:\/\/alpradio.com\/fr\/hector-ou-rien-3\/\" class=\"bl2shr-link a2\" data-animate=\"zoomIn\"><\/a>\n                        <a href=\"https:\/\/alpradio.com\/fr\/wp-content\/uploads\/2019\/06\/Capture-d\u2019e\u0301cran-2019-06-05-a\u0300-15.37.30.png\" class=\"bl2shr-zoom a2\" data-animate=\"zoomIn\" data-rel=\"prettyPhoto-cover\"><\/a>\n                     <\/div>\n                  <\/div>\t  \n               <\/div> \n            <\/div><!-- end .bl2shr-cover --> \n        <h2 class=\"bl2shr-title\"><a href=\"https:\/\/alpradio.com\/fr\/hector-ou-rien-3\/\">HECTOR OU RIEN<\/a><\/h2>\n\t\t<div class=\"bl2shr-text\">\n        <p> Hector ou rien est de retour dans la playlist d\u2019AlpRadio avec un troisi\u00e8me titre \u00ab\u00a0Le sas\u00a0\u00bb dont vous pouvez d\u2019ailleurs d\u00e9couvrir le clip: https:\/\/www.youtube.com\/watch?v=yV8comANHg0 \ud83d\ude00 Restez connect\u00e9s, vous n\u2019avez pas fini d\u2019entendre  ...<\/p>\n\t\t<\/div>\n\t\t\t<div class=\"bl2shr-info\">\n               <p class=\"bl2shr-date\">5 juin 2019<\/p>  \n\t\t\t<\/div><!-- end .bl2shr-info -->\n         <\/div><!-- end .bl2shr-col -->     \n         <div class=\"bl2shr-col\">\n            <div class=\"bl2shr-cover\">\n               <div class=\"wz-wrap wz-hover\">\n\t\t\t\t\t<img decoding=\"async\" src=\"https:\/\/alpradio.com\/fr\/wp-content\/uploads\/2019\/06\/Overgrass-315x160.jpg\" alt=\"OVERGRASS\" \/>\n                  <div class=\"he-view\">\n                     <div class=\"bg a0\" data-animate=\"fadeIn\">\n                        <a href=\"https:\/\/alpradio.com\/fr\/overgrass-3\/\" class=\"bl2shr-link a2\" data-animate=\"zoomIn\"><\/a>\n                        <a href=\"https:\/\/alpradio.com\/fr\/wp-content\/uploads\/2019\/06\/Overgrass.jpg\" class=\"bl2shr-zoom a2\" data-animate=\"zoomIn\" data-rel=\"prettyPhoto-cover\"><\/a>\n                     <\/div>\n                  <\/div>\t  \n               <\/div> \n            <\/div><!-- end .bl2shr-cover --> \n        <h2 class=\"bl2shr-title\"><a href=\"https:\/\/alpradio.com\/fr\/overgrass-3\/\">OVERGRASS<\/a><\/h2>\n\t\t<div class=\"bl2shr-text\">\n        <p> Apr\u00e8s un premier album et un ep, Overgrass revient avec un deuxi\u00e8me album vernis le 27 avril \u00ab\u00a0Killing Time\u00a0\u00bb au Port Franc \u00e0 Sion ! Les titres Killing Time, Won&rsquo;t Letter Go, Dancing Together, Give A Little Thing To Love et My  ...<\/p>\n\t\t<\/div>\n\t\t\t<div class=\"bl2shr-info\">\n               <p class=\"bl2shr-date\">5 juin 2019<\/p>  \n\t\t\t<\/div><!-- end .bl2shr-info -->\n         <\/div><!-- end .bl2shr-col -->     \n         <div class=\"bl2shr-col\">\n            <div class=\"bl2shr-cover\">\n               <div class=\"wz-wrap wz-hover\">\n\t\t\t\t\t<img decoding=\"async\" src=\"https:\/\/alpradio.com\/fr\/wp-content\/uploads\/2019\/06\/Capture-d\u2019e\u0301cran-2019-06-05-a\u0300-15.27.32-315x160.png\" alt=\"COLD READING\" \/>\n                  <div class=\"he-view\">\n                     <div class=\"bg a0\" data-animate=\"fadeIn\">\n                        <a href=\"https:\/\/alpradio.com\/fr\/cold-reading\/\" class=\"bl2shr-link a2\" data-animate=\"zoomIn\"><\/a>\n                        <a href=\"https:\/\/alpradio.com\/fr\/wp-content\/uploads\/2019\/06\/Capture-d\u2019e\u0301cran-2019-06-05-a\u0300-15.27.32.png\" class=\"bl2shr-zoom a2\" data-animate=\"zoomIn\" data-rel=\"prettyPhoto-cover\"><\/a>\n                     <\/div>\n                  <\/div>\t  \n               <\/div> \n            <\/div><!-- end .bl2shr-cover --> \n        <h2 class=\"bl2shr-title\"><a href=\"https:\/\/alpradio.com\/fr\/cold-reading\/\">COLD READING<\/a><\/h2>\n\t\t<div class=\"bl2shr-text\">\n        <p> Cold Reading d\u00e9barque chez AlpRadio avec le single \u00abThrough the Woods\u00a0\u00bb \ud83d\ude42 Cold Reading est un quintette Alternative Rock originaire de Lucerne, form\u00e9 en 2014. 2018 a \u00e9t\u00e9 l&rsquo;ann\u00e9e la plus transformatrice pour Cold Reading. Ils ont  ...<\/p>\n\t\t<\/div>\n\t\t\t<div class=\"bl2shr-info\">\n               <p class=\"bl2shr-date\">5 juin 2019<\/p>  \n\t\t\t<\/div><!-- end .bl2shr-info -->\n         <\/div><!-- end .bl2shr-col -->     \n         <div class=\"bl2shr-col\">\n            <div class=\"bl2shr-cover\">\n               <div class=\"wz-wrap wz-hover\">\n\t\t\t\t\t<img decoding=\"async\" src=\"https:\/\/alpradio.com\/fr\/wp-content\/uploads\/2019\/05\/Northfolk-promo-logo-2-315x160.jpg\" alt=\"NORTHFOLK\" \/>\n                  <div class=\"he-view\">\n                     <div class=\"bg a0\" data-animate=\"fadeIn\">\n                        <a href=\"https:\/\/alpradio.com\/fr\/northfolk\/\" class=\"bl2shr-link a2\" data-animate=\"zoomIn\"><\/a>\n                        <a href=\"https:\/\/alpradio.com\/fr\/wp-content\/uploads\/2019\/05\/Northfolk-promo-logo-2-950x713.jpg\" class=\"bl2shr-zoom a2\" data-animate=\"zoomIn\" data-rel=\"prettyPhoto-cover\"><\/a>\n                     <\/div>\n                  <\/div>\t  \n               <\/div> \n            <\/div><!-- end .bl2shr-cover --> \n        <h2 class=\"bl2shr-title\"><a href=\"https:\/\/alpradio.com\/fr\/northfolk\/\">NORTHFOLK<\/a><\/h2>\n\t\t<div class=\"bl2shr-text\">\n        <p>La musique de Northfolk se d\u00e9finit par la simplicit\u00e9 d\u2019un songwriting guitare acoustique\/voix agr\u00e9ment\u00e9e d&rsquo;arrangements m\u00e9lodiques ou rythmiques des plus \u00e9pur\u00e9s. Berc\u00e9e par une certaine m\u00e9lancolie, puis\u00e9e dans la folk\/country des <\/p>\n\t\t<\/div>\n\t\t\t<div class=\"bl2shr-info\">\n               <p class=\"bl2shr-date\">7 mai 2019<\/p>  \n\t\t\t<\/div><!-- end .bl2shr-info -->\n         <\/div><!-- end .bl2shr-col -->     \n         <div class=\"bl2shr-col\">\n            <div class=\"bl2shr-cover\">\n               <div class=\"wz-wrap wz-hover\">\n\t\t\t\t\t<img decoding=\"async\" src=\"https:\/\/alpradio.com\/fr\/wp-content\/uploads\/2019\/05\/r-315x160.jpg\" alt=\"SWATKA CITY\" \/>\n                  <div class=\"he-view\">\n                     <div class=\"bg a0\" data-animate=\"fadeIn\">\n                        <a href=\"https:\/\/alpradio.com\/fr\/swatka-city\/\" class=\"bl2shr-link a2\" data-animate=\"zoomIn\"><\/a>\n                        <a href=\"https:\/\/alpradio.com\/fr\/wp-content\/uploads\/2019\/05\/r-950x352.jpg\" class=\"bl2shr-zoom a2\" data-animate=\"zoomIn\" data-rel=\"prettyPhoto-cover\"><\/a>\n                     <\/div>\n                  <\/div>\t  \n               <\/div> \n            <\/div><!-- end .bl2shr-cover --> \n        <h2 class=\"bl2shr-title\"><a href=\"https:\/\/alpradio.com\/fr\/swatka-city\/\">SWATKA CITY<\/a><\/h2>\n\t\t<div class=\"bl2shr-text\">\n        <p> 2019 est une ann\u00e9e sp\u00e9ciale pour Swatka City: ils c\u00e9l\u00e8brent leur 10e anniversaire ainsi que la sortie de leur 3e album studio \u00abOff Season\u00bb. Ce nouvel opus suit le d\u00e9veloppement musical de ses pr\u00e9d\u00e9cesseurs \u00abNighthawks\u00bb et \u00abMarabu\u00bb.  ...<\/p>\n\t\t<\/div>\n\t\t\t<div class=\"bl2shr-info\">\n               <p class=\"bl2shr-date\">7 mai 2019<\/p>  \n\t\t\t<\/div><!-- end .bl2shr-info -->\n         <\/div><!-- end .bl2shr-col -->     \n         <div class=\"bl2shr-col\">\n            <div class=\"bl2shr-cover\">\n               <div class=\"wz-wrap wz-hover\">\n\t\t\t\t\t<img decoding=\"async\" src=\"https:\/\/alpradio.com\/fr\/wp-content\/uploads\/2019\/05\/HarveyRushmoreAndTheOctopus-FUTUREMAN-SINGLE-1440px-72dpi-315x160.jpg\" alt=\"HARVEY RUSHMORE AND THE OCTOPUS\" \/>\n                  <div class=\"he-view\">\n                     <div class=\"bg a0\" data-animate=\"fadeIn\">\n                        <a href=\"https:\/\/alpradio.com\/fr\/harvey-rushmore-and-the-octopus\/\" class=\"bl2shr-link a2\" data-animate=\"zoomIn\"><\/a>\n                        <a href=\"https:\/\/alpradio.com\/fr\/wp-content\/uploads\/2019\/05\/HarveyRushmoreAndTheOctopus-FUTUREMAN-SINGLE-1440px-72dpi-950x950.jpg\" class=\"bl2shr-zoom a2\" data-animate=\"zoomIn\" data-rel=\"prettyPhoto-cover\"><\/a>\n                     <\/div>\n                  <\/div>\t  \n               <\/div> \n            <\/div><!-- end .bl2shr-cover --> \n        <h2 class=\"bl2shr-title\"><a href=\"https:\/\/alpradio.com\/fr\/harvey-rushmore-and-the-octopus\/\">HARVEY RUSHMORE AND THE OCTOPUS<\/a><\/h2>\n\t\t<div class=\"bl2shr-text\">\n        <p> \u00ab\u00a0Futureman\u00a0\u00bb est l\u2019album de Harvey Rushmore and the Octopus sorti en 2018, d\u2019ailleurs la chanson \u00ab\u00a0Futureman\u00a0\u00bb en est une de garage psych\u00e9d\u00e9lique optimiste conduit par des tambours sto\u00efque mais groovy et les voix et les guitares  ...<\/p>\n\t\t<\/div>\n\t\t\t<div class=\"bl2shr-info\">\n               <p class=\"bl2shr-date\">7 mai 2019<\/p>  \n\t\t\t<\/div><!-- end .bl2shr-info -->\n         <\/div><!-- end .bl2shr-col -->     \n         <div class=\"bl2shr-col\">\n            <div class=\"bl2shr-cover\">\n               <div class=\"wz-wrap wz-hover\">\n\t\t\t\t\t<img decoding=\"async\" src=\"https:\/\/alpradio.com\/fr\/wp-content\/uploads\/2019\/05\/55864942_2152748348141070_8123895975702953984_o-315x160.jpg\" alt=\"RENAR\" \/>\n                  <div class=\"he-view\">\n                     <div class=\"bg a0\" data-animate=\"fadeIn\">\n                        <a href=\"https:\/\/alpradio.com\/fr\/renar\/\" class=\"bl2shr-link a2\" data-animate=\"zoomIn\"><\/a>\n                        <a href=\"https:\/\/alpradio.com\/fr\/wp-content\/uploads\/2019\/05\/55864942_2152748348141070_8123895975702953984_o-950x437.jpg\" class=\"bl2shr-zoom a2\" data-animate=\"zoomIn\" data-rel=\"prettyPhoto-cover\"><\/a>\n                     <\/div>\n                  <\/div>\t  \n               <\/div> \n            <\/div><!-- end .bl2shr-cover --> \n        <h2 class=\"bl2shr-title\"><a href=\"https:\/\/alpradio.com\/fr\/renar\/\">RENAR<\/a><\/h2>\n\t\t<div class=\"bl2shr-text\">\n        <p> Groupe genevois influenc\u00e9 par l&rsquo;identit\u00e9 visuelle de Tim Burton et Sergio Leone, \u00a0RENAR vous propose \u00e0 travers son univers fantasmagorique un cocktail explosif d&rsquo;ambiances et de couleurs o\u00f9 s&rsquo;invitent les fant\u00f4mes  ...<\/p>\n\t\t<\/div>\n\t\t\t<div class=\"bl2shr-info\">\n               <p class=\"bl2shr-date\">7 mai 2019<\/p>  \n\t\t\t<\/div><!-- end .bl2shr-info -->\n         <\/div><!-- end .bl2shr-col -->     \n         <div class=\"bl2shr-col\">\n            <div class=\"bl2shr-cover\">\n               <div class=\"wz-wrap wz-hover\">\n\t\t\t\t\t<img decoding=\"async\" src=\"https:\/\/alpradio.com\/fr\/wp-content\/uploads\/2019\/04\/COVER-Au-temps-des-coquillages3000-315x160.jpg\" alt=\"MEIMUNA\" \/>\n                  <div class=\"he-view\">\n                     <div class=\"bg a0\" data-animate=\"fadeIn\">\n                        <a href=\"https:\/\/alpradio.com\/fr\/meimuna-2\/\" class=\"bl2shr-link a2\" data-animate=\"zoomIn\"><\/a>\n                        <a href=\"https:\/\/alpradio.com\/fr\/wp-content\/uploads\/2019\/04\/COVER-Au-temps-des-coquillages3000-950x950.jpg\" class=\"bl2shr-zoom a2\" data-animate=\"zoomIn\" data-rel=\"prettyPhoto-cover\"><\/a>\n                     <\/div>\n                  <\/div>\t  \n               <\/div> \n            <\/div><!-- end .bl2shr-cover --> \n        <h2 class=\"bl2shr-title\"><a href=\"https:\/\/alpradio.com\/fr\/meimuna-2\/\">MEIMUNA<\/a><\/h2>\n\t\t<div class=\"bl2shr-text\">\n        <p>Meimuna est de retour dans la playlist d\u2019AlpRadio avec le premier single \u00ab\u00a0Au temps des coquillages\u00a0\u00bb du nouvel EP \u00ab\u00a0Amour\u00a0\u00bb qui sort le 31 mai \ud83d\ude42 Il a suffit d\u2019un seul titre enregistr\u00e9 dans un coin de sa chambre pour que \u00ab Meimuna \u00bb se <\/p>\n\t\t<\/div>\n\t\t\t<div class=\"bl2shr-info\">\n               <p class=\"bl2shr-date\">28 avril 2019<\/p>  \n\t\t\t<\/div><!-- end .bl2shr-info -->\n         <\/div><!-- end .bl2shr-col -->     \n         <div class=\"bl2shr-col\">\n            <div class=\"bl2shr-cover\">\n               <div class=\"wz-wrap wz-hover\">\n\t\t\t\t\t<img decoding=\"async\" src=\"https:\/\/alpradio.com\/fr\/wp-content\/uploads\/2019\/04\/Linda-Vogel_Maps-To-Others_Album-cover_2019-315x160.jpg\" alt=\"LINDA VOGEL\" \/>\n                  <div class=\"he-view\">\n                     <div class=\"bg a0\" data-animate=\"fadeIn\">\n                        <a href=\"https:\/\/alpradio.com\/fr\/linda-vogel-3\/\" class=\"bl2shr-link a2\" data-animate=\"zoomIn\"><\/a>\n                        <a href=\"https:\/\/alpradio.com\/fr\/wp-content\/uploads\/2019\/04\/Linda-Vogel_Maps-To-Others_Album-cover_2019-950x950.jpg\" class=\"bl2shr-zoom a2\" data-animate=\"zoomIn\" data-rel=\"prettyPhoto-cover\"><\/a>\n                     <\/div>\n                  <\/div>\t  \n               <\/div> \n            <\/div><!-- end .bl2shr-cover --> \n        <h2 class=\"bl2shr-title\"><a href=\"https:\/\/alpradio.com\/fr\/linda-vogel-3\/\">LINDA VOGEL<\/a><\/h2>\n\t\t<div class=\"bl2shr-text\">\n        <p> La Zurichoise, qui a longtemps v\u00e9cu \u00e0 Londres, \u00e9tend la sonorit\u00e9 de son instrument en utilisant des p\u00e9dales d\u2019effet ainsi que des techniques de jeu tr\u00e8s vari\u00e9es. En collaboration avec le percussionniste Vincent Glanzmann et \u00e0  ...<\/p>\n\t\t<\/div>\n\t\t\t<div class=\"bl2shr-info\">\n               <p class=\"bl2shr-date\">28 avril 2019<\/p>  \n\t\t\t<\/div><!-- end .bl2shr-info -->\n         <\/div><!-- end .bl2shr-col -->     \n         <div class=\"bl2shr-col\">\n            <div class=\"bl2shr-cover\">\n               <div class=\"wz-wrap wz-hover\">\n\t\t\t\t\t<img decoding=\"async\" src=\"https:\/\/alpradio.com\/fr\/wp-content\/uploads\/2019\/04\/Guillaume-St-315x160.jpg\" alt=\"GUILLAUME STARK\" \/>\n                  <div class=\"he-view\">\n                     <div class=\"bg a0\" data-animate=\"fadeIn\">\n                        <a href=\"https:\/\/alpradio.com\/fr\/guillaume-stark\/\" class=\"bl2shr-link a2\" data-animate=\"zoomIn\"><\/a>\n                        <a href=\"https:\/\/alpradio.com\/fr\/wp-content\/uploads\/2019\/04\/Guillaume-St.jpg\" class=\"bl2shr-zoom a2\" data-animate=\"zoomIn\" data-rel=\"prettyPhoto-cover\"><\/a>\n                     <\/div>\n                  <\/div>\t  \n               <\/div> \n            <\/div><!-- end .bl2shr-cover --> \n        <h2 class=\"bl2shr-title\"><a href=\"https:\/\/alpradio.com\/fr\/guillaume-stark\/\">GUILLAUME STARK<\/a><\/h2>\n\t\t<div class=\"bl2shr-text\">\n        <p> N\u00e9 dans les 80&rsquo;s \u00e0 Villars-Tiercelin, G-Stark grandit dans la \u00ab\u00a0Pop Music\u00a0\u00bb entour\u00e9 de ses parents chanteurs de bal. Il rencontre les fr\u00e8res Duke lors d&rsquo;une de leurs jam sessions de fin d&rsquo;ann\u00e9e. S\u00e9duits par son  ...<\/p>\n\t\t<\/div>\n\t\t\t<div class=\"bl2shr-info\">\n               <p class=\"bl2shr-date\">28 avril 2019<\/p>  \n\t\t\t<\/div><!-- end .bl2shr-info -->\n         <\/div><!-- end .bl2shr-col -->     \n         <div class=\"bl2shr-col\">\n            <div class=\"bl2shr-cover\">\n               <div class=\"wz-wrap wz-hover\">\n\t\t\t\t\t<img decoding=\"async\" src=\"https:\/\/alpradio.com\/fr\/wp-content\/uploads\/2019\/04\/Infinite-Hills_Single2_Cover_Kings-of-Night-and-Day-315x160.jpg\" alt=\"Infinite Hills\" \/>\n                  <div class=\"he-view\">\n                     <div class=\"bg a0\" data-animate=\"fadeIn\">\n                        <a href=\"https:\/\/alpradio.com\/fr\/infinite-hills-2\/\" class=\"bl2shr-link a2\" data-animate=\"zoomIn\"><\/a>\n                        <a href=\"https:\/\/alpradio.com\/fr\/wp-content\/uploads\/2019\/04\/Infinite-Hills_Single2_Cover_Kings-of-Night-and-Day-950x950.jpg\" class=\"bl2shr-zoom a2\" data-animate=\"zoomIn\" data-rel=\"prettyPhoto-cover\"><\/a>\n                     <\/div>\n                  <\/div>\t  \n               <\/div> \n            <\/div><!-- end .bl2shr-cover --> \n        <h2 class=\"bl2shr-title\"><a href=\"https:\/\/alpradio.com\/fr\/infinite-hills-2\/\">Infinite Hills<\/a><\/h2>\n\t\t<div class=\"bl2shr-text\">\n        <p> Avec \u00abKings of Night and Day\u00bb, Infinite Hills d\u00e9voilent leur deuxi\u00e8me single de cette ann\u00e9e, un single qui nous emm\u00e8ne dans la vie nocturne parisienne. Ou plut\u00f4t dans une bo\u00eete quelconque situ\u00e9e \u00e0 la p\u00e9riph\u00e9rie d\u2019une petite ville ? On  ...<\/p>\n\t\t<\/div>\n\t\t\t<div class=\"bl2shr-info\">\n               <p class=\"bl2shr-date\">27 avril 2019<\/p>  \n\t\t\t<\/div><!-- end .bl2shr-info -->\n         <\/div><!-- end .bl2shr-col -->     \n         <div class=\"bl2shr-col\">\n            <div class=\"bl2shr-cover\">\n               <div class=\"wz-wrap wz-hover\">\n\t\t\t\t\t<img decoding=\"async\" src=\"https:\/\/alpradio.com\/fr\/wp-content\/uploads\/2019\/04\/ONE-DAY_ABU_COVER-315x160.jpg\" alt=\"ABU\" \/>\n                  <div class=\"he-view\">\n                     <div class=\"bg a0\" data-animate=\"fadeIn\">\n                        <a href=\"https:\/\/alpradio.com\/fr\/abu\/\" class=\"bl2shr-link a2\" data-animate=\"zoomIn\"><\/a>\n                        <a href=\"https:\/\/alpradio.com\/fr\/wp-content\/uploads\/2019\/04\/ONE-DAY_ABU_COVER-950x950.jpg\" class=\"bl2shr-zoom a2\" data-animate=\"zoomIn\" data-rel=\"prettyPhoto-cover\"><\/a>\n                     <\/div>\n                  <\/div>\t  \n               <\/div> \n            <\/div><!-- end .bl2shr-cover --> \n        <h2 class=\"bl2shr-title\"><a href=\"https:\/\/alpradio.com\/fr\/abu\/\">ABU<\/a><\/h2>\n\t\t<div class=\"bl2shr-text\">\n        <p> Quand vous parlez \u00e0 Abu de sa musique, vous r\u00e9alisez tr\u00e8s vite que c&rsquo;est une chose physique, des sentiments forts, de la douleur, des cicatrices et des moments de tension mais aussi de d\u00e9tente. Tous sont li\u00e9s \u00e0 la musique. Parce  ...<\/p>\n\t\t<\/div>\n\t\t\t<div class=\"bl2shr-info\">\n               <p class=\"bl2shr-date\">27 avril 2019<\/p>  \n\t\t\t<\/div><!-- end .bl2shr-info -->\n         <\/div><!-- end .bl2shr-col -->     \n         <div class=\"bl2shr-col\">\n            <div class=\"bl2shr-cover\">\n               <div class=\"wz-wrap wz-hover\">\n\t\t\t\t\t<img decoding=\"async\" src=\"https:\/\/alpradio.com\/fr\/wp-content\/uploads\/2019\/04\/MS-Iles-315x160.jpg\" alt=\"MS. ILES\" \/>\n                  <div class=\"he-view\">\n                     <div class=\"bg a0\" data-animate=\"fadeIn\">\n                        <a href=\"https:\/\/alpradio.com\/fr\/ms-iles-2\/\" class=\"bl2shr-link a2\" data-animate=\"zoomIn\"><\/a>\n                        <a href=\"https:\/\/alpradio.com\/fr\/wp-content\/uploads\/2019\/04\/MS-Iles-950x950.jpg\" class=\"bl2shr-zoom a2\" data-animate=\"zoomIn\" data-rel=\"prettyPhoto-cover\"><\/a>\n                     <\/div>\n                  <\/div>\t  \n               <\/div> \n            <\/div><!-- end .bl2shr-cover --> \n        <h2 class=\"bl2shr-title\"><a href=\"https:\/\/alpradio.com\/fr\/ms-iles-2\/\">MS. ILES<\/a><\/h2>\n\t\t<div class=\"bl2shr-text\">\n        <p> Le groupe Zurichois sort son premier single \u00ab\u00a0Chesterfield Girls\u00a0\u00bb en d\u00e9but d\u2019ann\u00e9e et qui fut un succ\u00e8s. Le nouveau single \u00ab\u00a0I Do not Need a Change\u00a0\u00bb entre \u00e0 son tour dans la playlist d\u2019AlpRadio. Avec ce titre, le groupe montre un  ...<\/p>\n\t\t<\/div>\n\t\t\t<div class=\"bl2shr-info\">\n               <p class=\"bl2shr-date\">25 avril 2019<\/p>  \n\t\t\t<\/div><!-- end .bl2shr-info -->\n         <\/div><!-- end .bl2shr-col -->     \n         <div class=\"bl2shr-col\">\n            <div class=\"bl2shr-cover\">\n               <div class=\"wz-wrap wz-hover\">\n\t\t\t\t\t<img decoding=\"async\" src=\"https:\/\/alpradio.com\/fr\/wp-content\/uploads\/2019\/04\/Lorage-Attrape-re\u0302ves-315x160.jpg\" alt=\"LORAGE\" \/>\n                  <div class=\"he-view\">\n                     <div class=\"bg a0\" data-animate=\"fadeIn\">\n                        <a href=\"https:\/\/alpradio.com\/fr\/lorage\/\" class=\"bl2shr-link a2\" data-animate=\"zoomIn\"><\/a>\n                        <a href=\"https:\/\/alpradio.com\/fr\/wp-content\/uploads\/2019\/04\/Lorage-Attrape-re\u0302ves-950x950.jpg\" class=\"bl2shr-zoom a2\" data-animate=\"zoomIn\" data-rel=\"prettyPhoto-cover\"><\/a>\n                     <\/div>\n                  <\/div>\t  \n               <\/div> \n            <\/div><!-- end .bl2shr-cover --> \n        <h2 class=\"bl2shr-title\"><a href=\"https:\/\/alpradio.com\/fr\/lorage\/\">LORAGE<\/a><\/h2>\n\t\t<div class=\"bl2shr-text\">\n        <p> Lorage propose et pose un rap g\u00e9n\u00e9reux, une transcription directe de ses exp\u00e9riences escarp\u00e9es. Ses textes francs c\u00f4toient l\u2019exigence harmonique et racontent, sans pudeur, un parcours en dents de scie \u00e9motionnelles. Fort de son  ...<\/p>\n\t\t<\/div>\n\t\t\t<div class=\"bl2shr-info\">\n               <p class=\"bl2shr-date\">25 avril 2019<\/p>  \n\t\t\t<\/div><!-- end .bl2shr-info -->\n         <\/div><!-- end .bl2shr-col -->     \n         <div class=\"bl2shr-col\">\n            <div class=\"bl2shr-cover\">\n               <div class=\"wz-wrap wz-hover\">\n\t\t\t\t\t<img decoding=\"async\" src=\"https:\/\/alpradio.com\/fr\/wp-content\/uploads\/2019\/04\/Slimboy-cover-315x160.jpg\" alt=\"SLIMBOY\" \/>\n                  <div class=\"he-view\">\n                     <div class=\"bg a0\" data-animate=\"fadeIn\">\n                        <a href=\"https:\/\/alpradio.com\/fr\/slimboy\/\" class=\"bl2shr-link a2\" data-animate=\"zoomIn\"><\/a>\n                        <a href=\"https:\/\/alpradio.com\/fr\/wp-content\/uploads\/2019\/04\/Slimboy-cover-950x950.jpg\" class=\"bl2shr-zoom a2\" data-animate=\"zoomIn\" data-rel=\"prettyPhoto-cover\"><\/a>\n                     <\/div>\n                  <\/div>\t  \n               <\/div> \n            <\/div><!-- end .bl2shr-cover --> \n        <h2 class=\"bl2shr-title\"><a href=\"https:\/\/alpradio.com\/fr\/slimboy\/\">SLIMBOY<\/a><\/h2>\n\t\t<div class=\"bl2shr-text\">\n        <p> Slimboy est un groupe de B\u00e2le, ils sont une institution de punk rock. Avec cinq albums dans leurs poches, le trio fait r\u00e9guli\u00e8rement des tourn\u00e9es dans le monde entier. Entre autres avec des groupes comme MXPX, The Ataris, Mest,  ...<\/p>\n\t\t<\/div>\n\t\t\t<div class=\"bl2shr-info\">\n               <p class=\"bl2shr-date\">25 avril 2019<\/p>  \n\t\t\t<\/div><!-- end .bl2shr-info -->\n         <\/div><!-- end .bl2shr-col -->     \n         <div class=\"bl2shr-col\">\n            <div class=\"bl2shr-cover\">\n               <div class=\"wz-wrap wz-hover\">\n\t\t\t\t\t<img decoding=\"async\" src=\"https:\/\/alpradio.com\/fr\/wp-content\/uploads\/2019\/04\/ML-315x160.jpg\" alt=\"MAXENCE LEONARD\" \/>\n                  <div class=\"he-view\">\n                     <div class=\"bg a0\" data-animate=\"fadeIn\">\n                        <a href=\"https:\/\/alpradio.com\/fr\/maxence-leonard\/\" class=\"bl2shr-link a2\" data-animate=\"zoomIn\"><\/a>\n                        <a href=\"https:\/\/alpradio.com\/fr\/wp-content\/uploads\/2019\/04\/ML-950x362.jpg\" class=\"bl2shr-zoom a2\" data-animate=\"zoomIn\" data-rel=\"prettyPhoto-cover\"><\/a>\n                     <\/div>\n                  <\/div>\t  \n               <\/div> \n            <\/div><!-- end .bl2shr-cover --> \n        <h2 class=\"bl2shr-title\"><a href=\"https:\/\/alpradio.com\/fr\/maxence-leonard\/\">MAXENCE LEONARD<\/a><\/h2>\n\t\t<div class=\"bl2shr-text\">\n        <p> Maxence L\u00e9onard est un gamin fac\u00e9tieux et impertinent, une sorte de petit bandit comme on en trouve dans les livres d\u2019enfants. Passionn\u00e9 par les lamas et les instruments en tout genre &#8211; guitare, violoncelle, piano, percussions  ...<\/p>\n\t\t<\/div>\n\t\t\t<div class=\"bl2shr-info\">\n               <p class=\"bl2shr-date\">14 avril 2019<\/p>  \n\t\t\t<\/div><!-- end .bl2shr-info -->\n         <\/div><!-- end .bl2shr-col -->     \n         <div class=\"bl2shr-col\">\n            <div class=\"bl2shr-cover\">\n               <div class=\"wz-wrap wz-hover\">\n\t\t\t\t\t<img decoding=\"async\" src=\"https:\/\/alpradio.com\/fr\/wp-content\/uploads\/2019\/04\/BSD-315x160.png\" alt=\"BSD\" \/>\n                  <div class=\"he-view\">\n                     <div class=\"bg a0\" data-animate=\"fadeIn\">\n                        <a href=\"https:\/\/alpradio.com\/fr\/bsd\/\" class=\"bl2shr-link a2\" data-animate=\"zoomIn\"><\/a>\n                        <a href=\"https:\/\/alpradio.com\/fr\/wp-content\/uploads\/2019\/04\/BSD.png\" class=\"bl2shr-zoom a2\" data-animate=\"zoomIn\" data-rel=\"prettyPhoto-cover\"><\/a>\n                     <\/div>\n                  <\/div>\t  \n               <\/div> \n            <\/div><!-- end .bl2shr-cover --> \n        <h2 class=\"bl2shr-title\"><a href=\"https:\/\/alpradio.com\/fr\/bsd\/\">BSD<\/a><\/h2>\n\t\t<div class=\"bl2shr-text\">\n        <p> Ils ont vernis leur EP \u00ab\u00a0Intraitable\u00a0\u00bb le 30 mars au Port Franc \u00e0 Sion, les 5 titres \u00ab\u00a0Appat rance\u00a0\u00bb, \u00ab\u00a0Asphyxie\u00a0\u00bb, \u00ab\u00a0Consumes\u00a0\u00bb, \u00ab\u00a0Cuba Libre\u00a0\u00bb et \u00ab\u00a0Marginalement Votre\u00a0\u00bb d\u00e9barquent dans la playlist ! Ils aiment pas l\u2019injustice, les  ...<\/p>\n\t\t<\/div>\n\t\t\t<div class=\"bl2shr-info\">\n               <p class=\"bl2shr-date\">14 avril 2019<\/p>  \n\t\t\t<\/div><!-- end .bl2shr-info -->\n         <\/div><!-- end .bl2shr-col -->     \n         <div class=\"bl2shr-col\">\n            <div class=\"bl2shr-cover\">\n               <div class=\"wz-wrap wz-hover\">\n\t\t\t\t\t<img decoding=\"async\" src=\"https:\/\/alpradio.com\/fr\/wp-content\/uploads\/2019\/04\/56140495_269868957252346_5794987733684322304_n-315x160.jpg\" alt=\"TIMANFAYA\" \/>\n                  <div class=\"he-view\">\n                     <div class=\"bg a0\" data-animate=\"fadeIn\">\n                        <a href=\"https:\/\/alpradio.com\/fr\/timanfaya-7\/\" class=\"bl2shr-link a2\" data-animate=\"zoomIn\"><\/a>\n                        <a href=\"https:\/\/alpradio.com\/fr\/wp-content\/uploads\/2019\/04\/56140495_269868957252346_5794987733684322304_n.jpg\" class=\"bl2shr-zoom a2\" data-animate=\"zoomIn\" data-rel=\"prettyPhoto-cover\"><\/a>\n                     <\/div>\n                  <\/div>\t  \n               <\/div> \n            <\/div><!-- end .bl2shr-cover --> \n        <h2 class=\"bl2shr-title\"><a href=\"https:\/\/alpradio.com\/fr\/timanfaya-7\/\">TIMANFAYA<\/a><\/h2>\n\t\t<div class=\"bl2shr-text\">\n        <p> Aujourd&rsquo;hui TimanFaya annonce la sortie de son nouveau nouveau titre \u00ab\u00a0Hard Work\u00a0\u00bb en featuring avec FYAH P Officiel accompagn\u00e9 de son clip ! Pour le petit rappel, TimanFaya est un groupe de Reggae originaire de Monthey, En mars  ...<\/p>\n\t\t<\/div>\n\t\t\t<div class=\"bl2shr-info\">\n               <p class=\"bl2shr-date\">4 avril 2019<\/p>  \n\t\t\t<\/div><!-- end .bl2shr-info -->\n         <\/div><!-- end .bl2shr-col -->     \n         <div class=\"bl2shr-col\">\n            <div class=\"bl2shr-cover\">\n               <div class=\"wz-wrap wz-hover\">\n\t\t\t\t\t<img decoding=\"async\" src=\"https:\/\/alpradio.com\/fr\/wp-content\/uploads\/2019\/03\/Tanya-Barany-315x160.jpg\" alt=\"TANYA BARANY\" \/>\n                  <div class=\"he-view\">\n                     <div class=\"bg a0\" data-animate=\"fadeIn\">\n                        <a href=\"https:\/\/alpradio.com\/fr\/tanya-barany-2\/\" class=\"bl2shr-link a2\" data-animate=\"zoomIn\"><\/a>\n                        <a href=\"https:\/\/alpradio.com\/fr\/wp-content\/uploads\/2019\/03\/Tanya-Barany-950x950.jpg\" class=\"bl2shr-zoom a2\" data-animate=\"zoomIn\" data-rel=\"prettyPhoto-cover\"><\/a>\n                     <\/div>\n                  <\/div>\t  \n               <\/div> \n            <\/div><!-- end .bl2shr-cover --> \n        <h2 class=\"bl2shr-title\"><a href=\"https:\/\/alpradio.com\/fr\/tanya-barany-2\/\">TANYA BARANY<\/a><\/h2>\n\t\t<div class=\"bl2shr-text\">\n        <p>Le nouvel album \u00ab\u00a0Lights Disappear\u00a0\u00bb de Tanya Barany entre en playlist avec les morceaux \u00ab\u00a0Sea\u00a0\u00bb et \u00ab\u00a0Nightfall\u00a0\u00bb. Les montagnes du sud de la Suisse et ses racines britanniques r\u00e9sonnent dans chaque chanson. Il est sensuel et \u00e9vocateur <\/p>\n\t\t<\/div>\n\t\t\t<div class=\"bl2shr-info\">\n               <p class=\"bl2shr-date\">28 mars 2019<\/p>  \n\t\t\t<\/div><!-- end .bl2shr-info -->\n         <\/div><!-- end .bl2shr-col -->     \n         <div class=\"bl2shr-col\">\n            <div class=\"bl2shr-cover\">\n               <div class=\"wz-wrap wz-hover\">\n\t\t\t\t\t<img decoding=\"async\" src=\"https:\/\/alpradio.com\/fr\/wp-content\/uploads\/2019\/03\/Linda-Vogel_Cover_ExclusiveDeal1440px-315x160.jpg\" alt=\"LINDA VOGEL\" \/>\n                  <div class=\"he-view\">\n                     <div class=\"bg a0\" data-animate=\"fadeIn\">\n                        <a href=\"https:\/\/alpradio.com\/fr\/linda-vogel-2\/\" class=\"bl2shr-link a2\" data-animate=\"zoomIn\"><\/a>\n                        <a href=\"https:\/\/alpradio.com\/fr\/wp-content\/uploads\/2019\/03\/Linda-Vogel_Cover_ExclusiveDeal1440px-950x950.jpg\" class=\"bl2shr-zoom a2\" data-animate=\"zoomIn\" data-rel=\"prettyPhoto-cover\"><\/a>\n                     <\/div>\n                  <\/div>\t  \n               <\/div> \n            <\/div><!-- end .bl2shr-cover --> \n        <h2 class=\"bl2shr-title\"><a href=\"https:\/\/alpradio.com\/fr\/linda-vogel-2\/\">LINDA VOGEL<\/a><\/h2>\n\t\t<div class=\"bl2shr-text\">\n        <p>La harpiste et chanteuse Linda Vogel sort le nouveau single \u00abExclusive Deal\u00bb de son album \u00abMaps To Others\u00bb pr\u00e9vu pour le 26 avril. La Zurichoise m\u00eale les sons lugubres et \u00e9lectrisants de sa harpe aux paroles du po\u00e8te anglais John Donne <\/p>\n\t\t<\/div>\n\t\t\t<div class=\"bl2shr-info\">\n               <p class=\"bl2shr-date\">28 mars 2019<\/p>  \n\t\t\t<\/div><!-- end .bl2shr-info -->\n         <\/div><!-- end .bl2shr-col -->     \n         <div class=\"bl2shr-col\">\n            <div class=\"bl2shr-cover\">\n               <div class=\"wz-wrap wz-hover\">\n\t\t\t\t\t<img decoding=\"async\" src=\"https:\/\/alpradio.com\/fr\/wp-content\/uploads\/2019\/03\/Bumblebees-cover-315x160.jpg\" alt=\"BUMBLEBEES\" \/>\n                  <div class=\"he-view\">\n                     <div class=\"bg a0\" data-animate=\"fadeIn\">\n                        <a href=\"https:\/\/alpradio.com\/fr\/bumblebees\/\" class=\"bl2shr-link a2\" data-animate=\"zoomIn\"><\/a>\n                        <a href=\"https:\/\/alpradio.com\/fr\/wp-content\/uploads\/2019\/03\/Bumblebees-cover-950x950.jpg\" class=\"bl2shr-zoom a2\" data-animate=\"zoomIn\" data-rel=\"prettyPhoto-cover\"><\/a>\n                     <\/div>\n                  <\/div>\t  \n               <\/div> \n            <\/div><!-- end .bl2shr-cover --> \n        <h2 class=\"bl2shr-title\"><a href=\"https:\/\/alpradio.com\/fr\/bumblebees\/\">BUMBLEBEES<\/a><\/h2>\n\t\t<div class=\"bl2shr-text\">\n        <p>Apr\u00e8s la sortie de l\u2019EP \u00abPollination\u00bb en 2017, avec lequel le groupe Bumblebees (Zurich \/ Lausanne \/ Tessin) a d\u00e9coll\u00e9 dans l\u2019espace, leur premier album \u00abDancing Dots in the Dark\u00bb ram\u00e8ne nos cinq amis du n\u00e9o psych\u00e9d\u00e9lique \u00e0 nouveau sur <\/p>\n\t\t<\/div>\n\t\t\t<div class=\"bl2shr-info\">\n               <p class=\"bl2shr-date\">20 mars 2019<\/p>  \n\t\t\t<\/div><!-- end .bl2shr-info -->\n         <\/div><!-- end .bl2shr-col -->     \n         <div class=\"bl2shr-col\">\n            <div class=\"bl2shr-cover\">\n               <div class=\"wz-wrap wz-hover\">\n\t\t\t\t\t<img decoding=\"async\" src=\"https:\/\/alpradio.com\/fr\/wp-content\/uploads\/2019\/03\/jessiquoi-315x160.jpg\" alt=\"JESSIQUOI\" \/>\n                  <div class=\"he-view\">\n                     <div class=\"bg a0\" data-animate=\"fadeIn\">\n                        <a href=\"https:\/\/alpradio.com\/fr\/jessiquoi\/\" class=\"bl2shr-link a2\" data-animate=\"zoomIn\"><\/a>\n                        <a href=\"https:\/\/alpradio.com\/fr\/wp-content\/uploads\/2019\/03\/jessiquoi-950x950.jpg\" class=\"bl2shr-zoom a2\" data-animate=\"zoomIn\" data-rel=\"prettyPhoto-cover\"><\/a>\n                     <\/div>\n                  <\/div>\t  \n               <\/div> \n            <\/div><!-- end .bl2shr-cover --> \n        <h2 class=\"bl2shr-title\"><a href=\"https:\/\/alpradio.com\/fr\/jessiquoi\/\">JESSIQUOI<\/a><\/h2>\n\t\t<div class=\"bl2shr-text\">\n        <p> Originaire de Berne, Jessiquoi a grandi en Australie, a voyag\u00e9 partout dans le monde. Elle a \u00e9t\u00e9 inspir\u00e9e autant par les rappeurs britanniques que par les animes japonais. C\u2019est le genre de producteur qui peut d\u00e9poser un synth\u00e9tiseur  ...<\/p>\n\t\t<\/div>\n\t\t\t<div class=\"bl2shr-info\">\n               <p class=\"bl2shr-date\">20 mars 2019<\/p>  \n\t\t\t<\/div><!-- end .bl2shr-info -->\n         <\/div><!-- end .bl2shr-col -->     \n         <div class=\"bl2shr-col\">\n            <div class=\"bl2shr-cover\">\n               <div class=\"wz-wrap wz-hover\">\n\t\t\t\t\t<img decoding=\"async\" src=\"https:\/\/alpradio.com\/fr\/wp-content\/uploads\/2019\/03\/52584305_817034831968379_1592576970028220416_n-315x160.jpg\" alt=\"THE UNIVERSE BY EAR\" \/>\n                  <div class=\"he-view\">\n                     <div class=\"bg a0\" data-animate=\"fadeIn\">\n                        <a href=\"https:\/\/alpradio.com\/fr\/the-universe-by-ear\/\" class=\"bl2shr-link a2\" data-animate=\"zoomIn\"><\/a>\n                        <a href=\"https:\/\/alpradio.com\/fr\/wp-content\/uploads\/2019\/03\/52584305_817034831968379_1592576970028220416_n.jpg\" class=\"bl2shr-zoom a2\" data-animate=\"zoomIn\" data-rel=\"prettyPhoto-cover\"><\/a>\n                     <\/div>\n                  <\/div>\t  \n               <\/div> \n            <\/div><!-- end .bl2shr-cover --> \n        <h2 class=\"bl2shr-title\"><a href=\"https:\/\/alpradio.com\/fr\/the-universe-by-ear\/\">THE UNIVERSE BY EAR<\/a><\/h2>\n\t\t<div class=\"bl2shr-text\">\n        <p>Le groupe est compos\u00e9 de trois musiciens, a fait une tourn\u00e9e en Allemagne, a jou\u00e9 dans un grand festival en Italie et a remport\u00e9 \u00e0 deux reprises le cr\u00e9dit de regio-sound \u00e0 B\u00e2le \/ Suisse. Mais surtout, Universe By Ear a perfectionn\u00e9 son <\/p>\n\t\t<\/div>\n\t\t\t<div class=\"bl2shr-info\">\n               <p class=\"bl2shr-date\">6 mars 2019<\/p>  \n\t\t\t<\/div><!-- end .bl2shr-info -->\n         <\/div><!-- end .bl2shr-col -->     \n         <div class=\"bl2shr-col\">\n            <div class=\"bl2shr-cover\">\n               <div class=\"wz-wrap wz-hover\">\n\t\t\t\t\t<img decoding=\"async\" src=\"https:\/\/alpradio.com\/fr\/wp-content\/uploads\/2019\/03\/SR-315x160.jpg\" alt=\"SONIC RADE\" \/>\n                  <div class=\"he-view\">\n                     <div class=\"bg a0\" data-animate=\"fadeIn\">\n                        <a href=\"https:\/\/alpradio.com\/fr\/sonic-rade-2\/\" class=\"bl2shr-link a2\" data-animate=\"zoomIn\"><\/a>\n                        <a href=\"https:\/\/alpradio.com\/fr\/wp-content\/uploads\/2019\/03\/SR-950x950.jpg\" class=\"bl2shr-zoom a2\" data-animate=\"zoomIn\" data-rel=\"prettyPhoto-cover\"><\/a>\n                     <\/div>\n                  <\/div>\t  \n               <\/div> \n            <\/div><!-- end .bl2shr-cover --> \n        <h2 class=\"bl2shr-title\"><a href=\"https:\/\/alpradio.com\/fr\/sonic-rade-2\/\">SONIC RADE<\/a><\/h2>\n\t\t<div class=\"bl2shr-text\">\n        <p> Form\u00e9 en 2010 \u00e0 Gen\u00e8ve sur les bords du lac L\u00e9man, Sonic Rade est compos\u00e9 de Ricardo Ryan, qu\u00e9b\u00e9cois d\u2019origine, au chant et \u00e0 la guitare et de deux genevois, Christian Fonjallaz \u00e0 la basse et Christophe Grand \u00e0 la batterie.Inspir\u00e9 par  ...<\/p>\n\t\t<\/div>\n\t\t\t<div class=\"bl2shr-info\">\n               <p class=\"bl2shr-date\">6 mars 2019<\/p>  \n\t\t\t<\/div><!-- end .bl2shr-info -->\n         <\/div><!-- end .bl2shr-col -->     \n         <div class=\"bl2shr-col\">\n            <div class=\"bl2shr-cover\">\n               <div class=\"wz-wrap wz-hover\">\n\t\t\t\t\t<img decoding=\"async\" src=\"https:\/\/alpradio.com\/fr\/wp-content\/uploads\/2019\/03\/soybomb-315x160.png\" alt=\"SOYBOMB\" \/>\n                  <div class=\"he-view\">\n                     <div class=\"bg a0\" data-animate=\"fadeIn\">\n                        <a href=\"https:\/\/alpradio.com\/fr\/soybomb-2\/\" class=\"bl2shr-link a2\" data-animate=\"zoomIn\"><\/a>\n                        <a href=\"https:\/\/alpradio.com\/fr\/wp-content\/uploads\/2019\/03\/soybomb-950x950.png\" class=\"bl2shr-zoom a2\" data-animate=\"zoomIn\" data-rel=\"prettyPhoto-cover\"><\/a>\n                     <\/div>\n                  <\/div>\t  \n               <\/div> \n            <\/div><!-- end .bl2shr-cover --> \n        <h2 class=\"bl2shr-title\"><a href=\"https:\/\/alpradio.com\/fr\/soybomb-2\/\">SOYBOMB<\/a><\/h2>\n\t\t<div class=\"bl2shr-text\">\n        <p> \u00abJonglage\u00bb est le premier album de Soybomb et, apr\u00e8s le Big Bang explosif de \u00ab\u00a0Plastic Festival\u00a0\u00bb, leur derni\u00e8re \u0153uvre s\u2019installe confortablement dans un paysage de rythmes multicolores. Sur cet album, le style de Soybomb \u00e9voque celui  ...<\/p>\n\t\t<\/div>\n\t\t\t<div class=\"bl2shr-info\">\n               <p class=\"bl2shr-date\">6 mars 2019<\/p>  \n\t\t\t<\/div><!-- end .bl2shr-info -->\n         <\/div><!-- end .bl2shr-col -->     \n         <div class=\"bl2shr-col\">\n            <div class=\"bl2shr-cover\">\n               <div class=\"wz-wrap wz-hover\">\n\t\t\t\t\t<img decoding=\"async\" src=\"https:\/\/alpradio.com\/fr\/wp-content\/uploads\/2019\/03\/52818233_2670826076287148_8569816948005666816_n-315x160.jpg\" alt=\"YAYA\" \/>\n                  <div class=\"he-view\">\n                     <div class=\"bg a0\" data-animate=\"fadeIn\">\n                        <a href=\"https:\/\/alpradio.com\/fr\/yaya\/\" class=\"bl2shr-link a2\" data-animate=\"zoomIn\"><\/a>\n                        <a href=\"https:\/\/alpradio.com\/fr\/wp-content\/uploads\/2019\/03\/52818233_2670826076287148_8569816948005666816_n-950x950.jpg\" class=\"bl2shr-zoom a2\" data-animate=\"zoomIn\" data-rel=\"prettyPhoto-cover\"><\/a>\n                     <\/div>\n                  <\/div>\t  \n               <\/div> \n            <\/div><!-- end .bl2shr-cover --> \n        <h2 class=\"bl2shr-title\"><a href=\"https:\/\/alpradio.com\/fr\/yaya\/\">YAYA<\/a><\/h2>\n\t\t<div class=\"bl2shr-text\">\n        <p> Ce n&rsquo;est pas facile d&rsquo;\u00e9crire des chansons sur de grandes \u00e9motions qui ont de la profondeur et semblent sans pr\u00e9tention. Yaya a r\u00e9ussi avec son premier album \u00ab\u00a0Lost Heaven\u00a0\u00bb exactement ce num\u00e9ro de corde raide. Les cinq  ...<\/p>\n\t\t<\/div>\n\t\t\t<div class=\"bl2shr-info\">\n               <p class=\"bl2shr-date\">6 mars 2019<\/p>  \n\t\t\t<\/div><!-- end .bl2shr-info -->\n         <\/div><!-- end .bl2shr-col -->     \n         <div class=\"bl2shr-col\">\n            <div class=\"bl2shr-cover\">\n               <div class=\"wz-wrap wz-hover\">\n\t\t\t\t\t<img decoding=\"async\" src=\"https:\/\/alpradio.com\/fr\/wp-content\/uploads\/2019\/02\/Moonpools-315x160.png\" alt=\"MOONPOOLS\" \/>\n                  <div class=\"he-view\">\n                     <div class=\"bg a0\" data-animate=\"fadeIn\">\n                        <a href=\"https:\/\/alpradio.com\/fr\/moonpools\/\" class=\"bl2shr-link a2\" data-animate=\"zoomIn\"><\/a>\n                        <a href=\"https:\/\/alpradio.com\/fr\/wp-content\/uploads\/2019\/02\/Moonpools.png\" class=\"bl2shr-zoom a2\" data-animate=\"zoomIn\" data-rel=\"prettyPhoto-cover\"><\/a>\n                     <\/div>\n                  <\/div>\t  \n               <\/div> \n            <\/div><!-- end .bl2shr-cover --> \n        <h2 class=\"bl2shr-title\"><a href=\"https:\/\/alpradio.com\/fr\/moonpools\/\">MOONPOOLS<\/a><\/h2>\n\t\t<div class=\"bl2shr-text\">\n        <p> Le style musical des Moonpools et les textes \u00e9crits par Marcie se d\u00e9finissent par des compositions sensibles sur les crises existentielles, qui \u00e9vitent le kitsch d\u2019un clin d\u2019oeil et gr\u00e2ce \u00e0 un accent britannique acquis \u00e0 la  ...<\/p>\n\t\t<\/div>\n\t\t\t<div class=\"bl2shr-info\">\n               <p class=\"bl2shr-date\">26 f\u00e9vrier 2019<\/p>  \n\t\t\t<\/div><!-- end .bl2shr-info -->\n         <\/div><!-- end .bl2shr-col -->     \n         <div class=\"bl2shr-col\">\n            <div class=\"bl2shr-cover\">\n               <div class=\"wz-wrap wz-hover\">\n\t\t\t\t\t<img decoding=\"async\" src=\"https:\/\/alpradio.com\/fr\/wp-content\/uploads\/2019\/02\/Claudia-Balla-315x160.png\" alt=\"CLAUDIA BALLA\" \/>\n                  <div class=\"he-view\">\n                     <div class=\"bg a0\" data-animate=\"fadeIn\">\n                        <a href=\"https:\/\/alpradio.com\/fr\/claudia-balla-2\/\" class=\"bl2shr-link a2\" data-animate=\"zoomIn\"><\/a>\n                        <a href=\"https:\/\/alpradio.com\/fr\/wp-content\/uploads\/2019\/02\/Claudia-Balla.png\" class=\"bl2shr-zoom a2\" data-animate=\"zoomIn\" data-rel=\"prettyPhoto-cover\"><\/a>\n                     <\/div>\n                  <\/div>\t  \n               <\/div> \n            <\/div><!-- end .bl2shr-cover --> \n        <h2 class=\"bl2shr-title\"><a href=\"https:\/\/alpradio.com\/fr\/claudia-balla-2\/\">CLAUDIA BALLA<\/a><\/h2>\n\t\t<div class=\"bl2shr-text\">\n        <p> La chanteuse-compositrice-interpr\u00e8te Claudia Balla, a touch\u00e9 le c\u0153ur de beaucoup de monde avec son single Perfect. La chanson qui suscite la r\u00e9flexion traite puissamment du statut social mondial actuel des femmes et des d\u00e9fis  ...<\/p>\n\t\t<\/div>\n\t\t\t<div class=\"bl2shr-info\">\n               <p class=\"bl2shr-date\">26 f\u00e9vrier 2019<\/p>  \n\t\t\t<\/div><!-- end .bl2shr-info -->\n         <\/div><!-- end .bl2shr-col -->     \n         <div class=\"bl2shr-col\">\n            <div class=\"bl2shr-cover\">\n               <div class=\"wz-wrap wz-hover\">\n\t\t\t\t\t<img decoding=\"async\" src=\"https:\/\/alpradio.com\/fr\/wp-content\/uploads\/2019\/02\/49721905_1160237524153946_7863761750888284160_n-315x160.jpg\" alt=\"FLECHE LOVE\" \/>\n                  <div class=\"he-view\">\n                     <div class=\"bg a0\" data-animate=\"fadeIn\">\n                        <a href=\"https:\/\/alpradio.com\/fr\/fleche-love-2\/\" class=\"bl2shr-link a2\" data-animate=\"zoomIn\"><\/a>\n                        <a href=\"https:\/\/alpradio.com\/fr\/wp-content\/uploads\/2019\/02\/49721905_1160237524153946_7863761750888284160_n.jpg\" class=\"bl2shr-zoom a2\" data-animate=\"zoomIn\" data-rel=\"prettyPhoto-cover\"><\/a>\n                     <\/div>\n                  <\/div>\t  \n               <\/div> \n            <\/div><!-- end .bl2shr-cover --> \n        <h2 class=\"bl2shr-title\"><a href=\"https:\/\/alpradio.com\/fr\/fleche-love-2\/\">FLECHE LOVE<\/a><\/h2>\n\t\t<div class=\"bl2shr-text\">\n        <p>En 2017, elle d\u00e9voilait son 1er single \u00ab\u00a0Umusuna\u00a0\u00bb, titre puissant, \u00e0 la fois obscur et cosmique, fruit de la collaboration avec le prodigieux producteur et Dj fran\u00e7ais Rone. En 2018, c&rsquo;est au tour de \u00ab\u00a0Sisters\u00a0\u00bb de voir le jour, <\/p>\n\t\t<\/div>\n\t\t\t<div class=\"bl2shr-info\">\n               <p class=\"bl2shr-date\">11 f\u00e9vrier 2019<\/p>  \n\t\t\t<\/div><!-- end .bl2shr-info -->\n         <\/div><!-- end .bl2shr-col -->     \n         <div class=\"bl2shr-col\">\n            <div class=\"bl2shr-cover\">\n               <div class=\"wz-wrap wz-hover\">\n\t\t\t\t\t<img decoding=\"async\" src=\"https:\/\/alpradio.com\/fr\/wp-content\/uploads\/2019\/02\/Capture-d\u2019e\u0301cran-2019-02-11-a\u0300-17.48.36-315x160.png\" alt=\"AM SAMSTAG\" \/>\n                  <div class=\"he-view\">\n                     <div class=\"bg a0\" data-animate=\"fadeIn\">\n                        <a href=\"https:\/\/alpradio.com\/fr\/am-samstag\/\" class=\"bl2shr-link a2\" data-animate=\"zoomIn\"><\/a>\n                        <a href=\"https:\/\/alpradio.com\/fr\/wp-content\/uploads\/2019\/02\/Capture-d\u2019e\u0301cran-2019-02-11-a\u0300-17.48.36.png\" class=\"bl2shr-zoom a2\" data-animate=\"zoomIn\" data-rel=\"prettyPhoto-cover\"><\/a>\n                     <\/div>\n                  <\/div>\t  \n               <\/div> \n            <\/div><!-- end .bl2shr-cover --> \n        <h2 class=\"bl2shr-title\"><a href=\"https:\/\/alpradio.com\/fr\/am-samstag\/\">AM SAMSTAG<\/a><\/h2>\n\t\t<div class=\"bl2shr-text\">\n        <p> Am Samstag est un groupe suisse de power rock form\u00e9 en juillet 2018 \u00e0 Lausanne. Influenc\u00e9e par les groupes qui ont donn\u00e9 naissance au mouvement grunge \u00e0 la fin des ann\u00e9es 80 et au d\u00e9but des ann\u00e9es 90, la musique du groupe est compos\u00e9e  ...<\/p>\n\t\t<\/div>\n\t\t\t<div class=\"bl2shr-info\">\n               <p class=\"bl2shr-date\">11 f\u00e9vrier 2019<\/p>  \n\t\t\t<\/div><!-- end .bl2shr-info -->\n         <\/div><!-- end .bl2shr-col -->     \n         <div class=\"bl2shr-col\">\n            <div class=\"bl2shr-cover\">\n               <div class=\"wz-wrap wz-hover\">\n\t\t\t\t\t<img decoding=\"async\" src=\"https:\/\/alpradio.com\/fr\/wp-content\/uploads\/2019\/02\/WMbeQ8pA-315x160.jpeg\" alt=\"VELVET TWO STRIPES\" \/>\n                  <div class=\"he-view\">\n                     <div class=\"bg a0\" data-animate=\"fadeIn\">\n                        <a href=\"https:\/\/alpradio.com\/fr\/velvet-two-stripes\/\" class=\"bl2shr-link a2\" data-animate=\"zoomIn\"><\/a>\n                        <a href=\"https:\/\/alpradio.com\/fr\/wp-content\/uploads\/2019\/02\/WMbeQ8pA-950x950.jpeg\" class=\"bl2shr-zoom a2\" data-animate=\"zoomIn\" data-rel=\"prettyPhoto-cover\"><\/a>\n                     <\/div>\n                  <\/div>\t  \n               <\/div> \n            <\/div><!-- end .bl2shr-cover --> \n        <h2 class=\"bl2shr-title\"><a href=\"https:\/\/alpradio.com\/fr\/velvet-two-stripes\/\">VELVET TWO STRIPES<\/a><\/h2>\n\t\t<div class=\"bl2shr-text\">\n        <p> Sophie et Sara Diggelmann, deux s\u0153urs, font la connaissance de Franca Mock lors d\u2019un atelier musical \u00e0 Saint-Gall. Elles ont alors douze ans. Quinze ans ont pass\u00e9 depuis. Les trois jeunes femmes n\u2019ont jamais cess\u00e9 de faire de la  ...<\/p>\n\t\t<\/div>\n\t\t\t<div class=\"bl2shr-info\">\n               <p class=\"bl2shr-date\">11 f\u00e9vrier 2019<\/p>  \n\t\t\t<\/div><!-- end .bl2shr-info -->\n         <\/div><!-- end .bl2shr-col -->     \n         <div class=\"bl2shr-col\">\n            <div class=\"bl2shr-cover\">\n               <div class=\"wz-wrap wz-hover\">\n\t\t\t\t\t<img decoding=\"async\" src=\"https:\/\/alpradio.com\/fr\/wp-content\/uploads\/2019\/02\/Infinite-Hills_Flower-Days_single-cover-315x160.jpeg\" alt=\"INFINITE HILLS\" \/>\n                  <div class=\"he-view\">\n                     <div class=\"bg a0\" data-animate=\"fadeIn\">\n                        <a href=\"https:\/\/alpradio.com\/fr\/infinite-hills\/\" class=\"bl2shr-link a2\" data-animate=\"zoomIn\"><\/a>\n                        <a href=\"https:\/\/alpradio.com\/fr\/wp-content\/uploads\/2019\/02\/Infinite-Hills_Flower-Days_single-cover-950x950.jpeg\" class=\"bl2shr-zoom a2\" data-animate=\"zoomIn\" data-rel=\"prettyPhoto-cover\"><\/a>\n                     <\/div>\n                  <\/div>\t  \n               <\/div> \n            <\/div><!-- end .bl2shr-cover --> \n        <h2 class=\"bl2shr-title\"><a href=\"https:\/\/alpradio.com\/fr\/infinite-hills\/\">INFINITE HILLS<\/a><\/h2>\n\t\t<div class=\"bl2shr-text\">\n        <p> Avec leur nouveau single \u00abFlower Days\u00bb, Infinite Hills disent au revoir \u00e0 une personne bien-aim\u00e9e, sans pour autant sombrer dans la tristesse. Ce morceau ne veut pas \u00eatre triste, pas plus qu\u2019il ne veut r\u00e9primer les sentiments. Il  ...<\/p>\n\t\t<\/div>\n\t\t\t<div class=\"bl2shr-info\">\n               <p class=\"bl2shr-date\">11 f\u00e9vrier 2019<\/p>  \n\t\t\t<\/div><!-- end .bl2shr-info -->\n         <\/div><!-- end .bl2shr-col -->     \n         <div class=\"bl2shr-col\">\n            <div class=\"bl2shr-cover\">\n               <div class=\"wz-wrap wz-hover\">\n\t\t\t\t\t<img decoding=\"async\" src=\"https:\/\/alpradio.com\/fr\/wp-content\/uploads\/2019\/02\/2b8a7ce8-4932-43ca-bc37-dfbe631ff2ba-315x160.jpg\" alt=\"ALENKO\" \/>\n                  <div class=\"he-view\">\n                     <div class=\"bg a0\" data-animate=\"fadeIn\">\n                        <a href=\"https:\/\/alpradio.com\/fr\/alenko-2\/\" class=\"bl2shr-link a2\" data-animate=\"zoomIn\"><\/a>\n                        <a href=\"https:\/\/alpradio.com\/fr\/wp-content\/uploads\/2019\/02\/2b8a7ce8-4932-43ca-bc37-dfbe631ff2ba-950x950.jpg\" class=\"bl2shr-zoom a2\" data-animate=\"zoomIn\" data-rel=\"prettyPhoto-cover\"><\/a>\n                     <\/div>\n                  <\/div>\t  \n               <\/div> \n            <\/div><!-- end .bl2shr-cover --> \n        <h2 class=\"bl2shr-title\"><a href=\"https:\/\/alpradio.com\/fr\/alenko-2\/\">ALENKO<\/a><\/h2>\n\t\t<div class=\"bl2shr-text\">\n        <p> \u00e7a y est, le EP \u00ab\u00a0Lifting\u00a0\u00bb d\u2019Alenko\u00a0 est l\u00e0\u00e0\u00e0\u00e0 \ud83d\ude42 en d\u00e9cembre 2018 on partageait avec vous l\u2019entr\u00e9e en playlist du single \u00ab\u00a0Lover Dose\u00a0\u00bb, aujourd\u2019hui c\u2019est le morceau \u00ab\u00a0Vu d\u2019en haut\u00a0\u00bb qui d\u00e9barque ! Au diapason d&rsquo;une vie aux  ...<\/p>\n\t\t<\/div>\n\t\t\t<div class=\"bl2shr-info\">\n               <p class=\"bl2shr-date\">3 f\u00e9vrier 2019<\/p>  \n\t\t\t<\/div><!-- end .bl2shr-info -->\n         <\/div><!-- end .bl2shr-col -->     \n         <div class=\"bl2shr-col\">\n            <div class=\"bl2shr-cover\">\n               <div class=\"wz-wrap wz-hover\">\n\t\t\t\t\t<img decoding=\"async\" src=\"https:\/\/alpradio.com\/fr\/wp-content\/uploads\/2019\/02\/cover_1548673356558105-315x160.jpg\" alt=\"TANYA BARANY\" \/>\n                  <div class=\"he-view\">\n                     <div class=\"bg a0\" data-animate=\"fadeIn\">\n                        <a href=\"https:\/\/alpradio.com\/fr\/tanya-barany\/\" class=\"bl2shr-link a2\" data-animate=\"zoomIn\"><\/a>\n                        <a href=\"https:\/\/alpradio.com\/fr\/wp-content\/uploads\/2019\/02\/cover_1548673356558105-950x950.jpg\" class=\"bl2shr-zoom a2\" data-animate=\"zoomIn\" data-rel=\"prettyPhoto-cover\"><\/a>\n                     <\/div>\n                  <\/div>\t  \n               <\/div> \n            <\/div><!-- end .bl2shr-cover --> \n        <h2 class=\"bl2shr-title\"><a href=\"https:\/\/alpradio.com\/fr\/tanya-barany\/\">TANYA BARANY<\/a><\/h2>\n\t\t<div class=\"bl2shr-text\">\n        <p> Le nouveau single de Tanya Barany, \u00abLights Disappear\u00bb, reste suspendu comme un brouillard sombre et m\u00e9lodieux entre vos oreilles pendant un certain temps apr\u00e8s l&rsquo;\u00e9coute. Les montagnes du sud de la Suisse et ses racines  ...<\/p>\n\t\t<\/div>\n\t\t\t<div class=\"bl2shr-info\">\n               <p class=\"bl2shr-date\">3 f\u00e9vrier 2019<\/p>  \n\t\t\t<\/div><!-- end .bl2shr-info -->\n         <\/div><!-- end .bl2shr-col -->     \n         <div class=\"bl2shr-col\">\n            <div class=\"bl2shr-cover\">\n               <div class=\"wz-wrap wz-hover\">\n\t\t\t\t\t<img decoding=\"async\" src=\"https:\/\/alpradio.com\/fr\/wp-content\/uploads\/2019\/02\/cover_1548752905449319-315x160.jpg\" alt=\"MS.ILES\" \/>\n                  <div class=\"he-view\">\n                     <div class=\"bg a0\" data-animate=\"fadeIn\">\n                        <a href=\"https:\/\/alpradio.com\/fr\/ms-iles\/\" class=\"bl2shr-link a2\" data-animate=\"zoomIn\"><\/a>\n                        <a href=\"https:\/\/alpradio.com\/fr\/wp-content\/uploads\/2019\/02\/cover_1548752905449319-950x950.jpg\" class=\"bl2shr-zoom a2\" data-animate=\"zoomIn\" data-rel=\"prettyPhoto-cover\"><\/a>\n                     <\/div>\n                  <\/div>\t  \n               <\/div> \n            <\/div><!-- end .bl2shr-cover --> \n        <h2 class=\"bl2shr-title\"><a href=\"https:\/\/alpradio.com\/fr\/ms-iles\/\">MS.ILES<\/a><\/h2>\n\t\t<div class=\"bl2shr-text\">\n        <p> Ms.Iles, un groupe bas\u00e9 \u00e0 Zurich, son premier single \u00abChesterfield Girls\u00bb entre dans notre playlist. C&rsquo;est un son qui se r\u00e9v\u00e8le novateur, frais et \u00e9nergique en juste une \u00e9coute ! \u00ab\u00a0Chesterfield Girls\u00a0\u00bb parle de cela, mais du  ...<\/p>\n\t\t<\/div>\n\t\t\t<div class=\"bl2shr-info\">\n               <p class=\"bl2shr-date\">3 f\u00e9vrier 2019<\/p>  \n\t\t\t<\/div><!-- end .bl2shr-info -->\n         <\/div><!-- end .bl2shr-col -->     \n         <div class=\"bl2shr-col\">\n            <div class=\"bl2shr-cover\">\n               <div class=\"wz-wrap wz-hover\">\n\t\t\t\t\t<img decoding=\"async\" src=\"https:\/\/alpradio.com\/fr\/wp-content\/uploads\/2019\/01\/Capture-d\u2019e\u0301cran-2019-01-27-a\u0300-22.34.26-315x160.png\" alt=\"CLIMAX\" \/>\n                  <div class=\"he-view\">\n                     <div class=\"bg a0\" data-animate=\"fadeIn\">\n                        <a href=\"https:\/\/alpradio.com\/fr\/climax-3\/\" class=\"bl2shr-link a2\" data-animate=\"zoomIn\"><\/a>\n                        <a href=\"https:\/\/alpradio.com\/fr\/wp-content\/uploads\/2019\/01\/Capture-d\u2019e\u0301cran-2019-01-27-a\u0300-22.34.26.png\" class=\"bl2shr-zoom a2\" data-animate=\"zoomIn\" data-rel=\"prettyPhoto-cover\"><\/a>\n                     <\/div>\n                  <\/div>\t  \n               <\/div> \n            <\/div><!-- end .bl2shr-cover --> \n        <h2 class=\"bl2shr-title\"><a href=\"https:\/\/alpradio.com\/fr\/climax-3\/\">CLIMAX<\/a><\/h2>\n\t\t<div class=\"bl2shr-text\">\n        <p> Avec le quatri\u00e8me disque \u00ab\u00a0L&rsquo;homme de demain\u00a0\u00bb fraichement verni, Climax revient cette semaine encore avec 2 morceaux suppl\u00e9mentaires ! \u00ab\u00a0Jean Claude Foulspide\u00a0\u00bb et \u00ab\u00a0Le faire encore\u00a0\u00bb \ud83d\ude00 Doors survolt\u00e9s ou Hives de pacotille,  ...<\/p>\n\t\t<\/div>\n\t\t\t<div class=\"bl2shr-info\">\n               <p class=\"bl2shr-date\">27 janvier 2019<\/p>  \n\t\t\t<\/div><!-- end .bl2shr-info -->\n         <\/div><!-- end .bl2shr-col -->     \n         <div class=\"bl2shr-col\">\n            <div class=\"bl2shr-cover\">\n               <div class=\"wz-wrap wz-hover\">\n\t\t\t\t\t<img decoding=\"async\" src=\"https:\/\/alpradio.com\/fr\/wp-content\/uploads\/2019\/01\/uRCh4yjw-315x160.png\" alt=\"ANNA AARON\" \/>\n                  <div class=\"he-view\">\n                     <div class=\"bg a0\" data-animate=\"fadeIn\">\n                        <a href=\"https:\/\/alpradio.com\/fr\/anna-aaron-4\/\" class=\"bl2shr-link a2\" data-animate=\"zoomIn\"><\/a>\n                        <a href=\"https:\/\/alpradio.com\/fr\/wp-content\/uploads\/2019\/01\/uRCh4yjw.png\" class=\"bl2shr-zoom a2\" data-animate=\"zoomIn\" data-rel=\"prettyPhoto-cover\"><\/a>\n                     <\/div>\n                  <\/div>\t  \n               <\/div> \n            <\/div><!-- end .bl2shr-cover --> \n        <h2 class=\"bl2shr-title\"><a href=\"https:\/\/alpradio.com\/fr\/anna-aaron-4\/\">ANNA AARON<\/a><\/h2>\n\t\t<div class=\"bl2shr-text\">\n        <p> Le nouvel album \u00ab\u00a0Pallas Dreams\u00a0\u00bb d&rsquo;Anna Aaron, est un album qui parle des m\u00e9moires de l&rsquo;enfance mais aussi des r\u00eaves. Certains de ces derniers demandent plus de courage pour se concr\u00e9tiser que d&rsquo;autres. Apr\u00e8s \u00ab\u00a0Dogs  ...<\/p>\n\t\t<\/div>\n\t\t\t<div class=\"bl2shr-info\">\n               <p class=\"bl2shr-date\">27 janvier 2019<\/p>  \n\t\t\t<\/div><!-- end .bl2shr-info -->\n         <\/div><!-- end .bl2shr-col -->     \n         <div class=\"bl2shr-col\">\n            <div class=\"bl2shr-cover\">\n               <div class=\"wz-wrap wz-hover\">\n\t\t\t\t\t<img decoding=\"async\" src=\"https:\/\/alpradio.com\/fr\/wp-content\/uploads\/2019\/01\/Linda-Vogel-315x160.jpeg\" alt=\"LINDA VOGEL\" \/>\n                  <div class=\"he-view\">\n                     <div class=\"bg a0\" data-animate=\"fadeIn\">\n                        <a href=\"https:\/\/alpradio.com\/fr\/linda-vogel\/\" class=\"bl2shr-link a2\" data-animate=\"zoomIn\"><\/a>\n                        <a href=\"https:\/\/alpradio.com\/fr\/wp-content\/uploads\/2019\/01\/Linda-Vogel-950x674.jpeg\" class=\"bl2shr-zoom a2\" data-animate=\"zoomIn\" data-rel=\"prettyPhoto-cover\"><\/a>\n                     <\/div>\n                  <\/div>\t  \n               <\/div> \n            <\/div><!-- end .bl2shr-cover --> \n        <h2 class=\"bl2shr-title\"><a href=\"https:\/\/alpradio.com\/fr\/linda-vogel\/\">LINDA VOGEL<\/a><\/h2>\n\t\t<div class=\"bl2shr-text\">\n        <p> La harpiste et chanteuse Linda Vogel sort le premier single \u00abNo Man Is An Island\u00bb de son album \u00abMaps To Others\u00bb pr\u00e9vu le 26.04.2019. La Zurichoise m\u00eale les sons lugubres et \u00e9lectrisants de sa harpe aux paroles du po\u00e8te anglais John  ...<\/p>\n\t\t<\/div>\n\t\t\t<div class=\"bl2shr-info\">\n               <p class=\"bl2shr-date\">27 janvier 2019<\/p>  \n\t\t\t<\/div><!-- end .bl2shr-info -->\n         <\/div><!-- end .bl2shr-col -->     \n         <div class=\"bl2shr-col\">\n            <div class=\"bl2shr-cover\">\n               <div class=\"wz-wrap wz-hover\">\n\t\t\t\t\t<img decoding=\"async\" src=\"https:\/\/alpradio.com\/fr\/wp-content\/uploads\/2019\/01\/Capture-d\u2019e\u0301cran-2019-01-27-a\u0300-21.35.39-315x160.png\" alt=\"MICE &#038; MINIE\" \/>\n                  <div class=\"he-view\">\n                     <div class=\"bg a0\" data-animate=\"fadeIn\">\n                        <a href=\"https:\/\/alpradio.com\/fr\/mice-minie-3\/\" class=\"bl2shr-link a2\" data-animate=\"zoomIn\"><\/a>\n                        <a href=\"https:\/\/alpradio.com\/fr\/wp-content\/uploads\/2019\/01\/Capture-d\u2019e\u0301cran-2019-01-27-a\u0300-21.35.39.png\" class=\"bl2shr-zoom a2\" data-animate=\"zoomIn\" data-rel=\"prettyPhoto-cover\"><\/a>\n                     <\/div>\n                  <\/div>\t  \n               <\/div> \n            <\/div><!-- end .bl2shr-cover --> \n        <h2 class=\"bl2shr-title\"><a href=\"https:\/\/alpradio.com\/fr\/mice-minie-3\/\">MICE &#038; MINIE<\/a><\/h2>\n\t\t<div class=\"bl2shr-text\">\n        <p> Cr\u00e9\u00e9 sous l\u2019impulsion de la chanteuse Viviane Fehlmann, Mice and Minie a vu le jour en 2018, apr\u00e8s un passage en studio. Leur premier titre, \u00ab\u00a0Feel The Earth\u00a0\u00bb annonce la couleur funk du groupe, qui propose depuis une musique  ...<\/p>\n\t\t<\/div>\n\t\t\t<div class=\"bl2shr-info\">\n               <p class=\"bl2shr-date\">27 janvier 2019<\/p>  \n\t\t\t<\/div><!-- end .bl2shr-info -->\n         <\/div><!-- end .bl2shr-col -->     \n         <div class=\"bl2shr-col\">\n            <div class=\"bl2shr-cover\">\n               <div class=\"wz-wrap wz-hover\">\n\t\t\t\t\t<img decoding=\"async\" src=\"https:\/\/alpradio.com\/fr\/wp-content\/uploads\/2019\/01\/46426574122_ba675fbf3d_z-315x160.jpg\" alt=\"CLIMAX\" \/>\n                  <div class=\"he-view\">\n                     <div class=\"bg a0\" data-animate=\"fadeIn\">\n                        <a href=\"https:\/\/alpradio.com\/fr\/climax-2\/\" class=\"bl2shr-link a2\" data-animate=\"zoomIn\"><\/a>\n                        <a href=\"https:\/\/alpradio.com\/fr\/wp-content\/uploads\/2019\/01\/46426574122_ba675fbf3d_z.jpg\" class=\"bl2shr-zoom a2\" data-animate=\"zoomIn\" data-rel=\"prettyPhoto-cover\"><\/a>\n                     <\/div>\n                  <\/div>\t  \n               <\/div> \n            <\/div><!-- end .bl2shr-cover --> \n        <h2 class=\"bl2shr-title\"><a href=\"https:\/\/alpradio.com\/fr\/climax-2\/\">CLIMAX<\/a><\/h2>\n\t\t<div class=\"bl2shr-text\">\n        <p>Doors survolt\u00e9s ou Hives de pacotille, Rapha\u00ebl Noir et ses amis se r\u00e9clament encore et toujours du british-rock de leurs d\u00e9buts, mais c&rsquo;est d\u00e9sormais principalement en fran\u00e7ais qu&rsquo;ils questionnent l&rsquo;homme de demain, \u00e0 <\/p>\n\t\t<\/div>\n\t\t\t<div class=\"bl2shr-info\">\n               <p class=\"bl2shr-date\">20 janvier 2019<\/p>  \n\t\t\t<\/div><!-- end .bl2shr-info -->\n         <\/div><!-- end .bl2shr-col -->     \n         <div class=\"bl2shr-col\">\n            <div class=\"bl2shr-cover\">\n               <div class=\"wz-wrap wz-hover\">\n\t\t\t\t\t<img decoding=\"async\" src=\"https:\/\/alpradio.com\/fr\/wp-content\/uploads\/2019\/01\/48365498_2124722477584542_8864958965918728192_n-315x160.png\" alt=\"SONIC DELUSION\" \/>\n                  <div class=\"he-view\">\n                     <div class=\"bg a0\" data-animate=\"fadeIn\">\n                        <a href=\"https:\/\/alpradio.com\/fr\/sonic-delusion-3\/\" class=\"bl2shr-link a2\" data-animate=\"zoomIn\"><\/a>\n                        <a href=\"https:\/\/alpradio.com\/fr\/wp-content\/uploads\/2019\/01\/48365498_2124722477584542_8864958965918728192_n.png\" class=\"bl2shr-zoom a2\" data-animate=\"zoomIn\" data-rel=\"prettyPhoto-cover\"><\/a>\n                     <\/div>\n                  <\/div>\t  \n               <\/div> \n            <\/div><!-- end .bl2shr-cover --> \n        <h2 class=\"bl2shr-title\"><a href=\"https:\/\/alpradio.com\/fr\/sonic-delusion-3\/\">SONIC DELUSION<\/a><\/h2>\n\t\t<div class=\"bl2shr-text\">\n        <p> \u00ab\u00a0Anything Goes\u00a0\u00bb est le nom du nouveau single de l&rsquo;artiste suisse Sonic Delusion, install\u00e9 en Nouvelle-Z\u00e9lande depuis cinq ans et vivant maintenant de sa musique. Tout est possible si vous y croyez et poursuivez toujours vos  ...<\/p>\n\t\t<\/div>\n\t\t\t<div class=\"bl2shr-info\">\n               <p class=\"bl2shr-date\">20 janvier 2019<\/p>  \n\t\t\t<\/div><!-- end .bl2shr-info -->\n         <\/div><!-- end .bl2shr-col -->     \n         <div class=\"bl2shr-col\">\n            <div class=\"bl2shr-cover\">\n               <div class=\"wz-wrap wz-hover\">\n\t\t\t\t\t<img decoding=\"async\" src=\"https:\/\/alpradio.com\/fr\/wp-content\/uploads\/2019\/01\/G8NaeFfl-315x160.jpeg\" alt=\"RAINCOAST\" \/>\n                  <div class=\"he-view\">\n                     <div class=\"bg a0\" data-animate=\"fadeIn\">\n                        <a href=\"https:\/\/alpradio.com\/fr\/raincoast-2\/\" class=\"bl2shr-link a2\" data-animate=\"zoomIn\"><\/a>\n                        <a href=\"https:\/\/alpradio.com\/fr\/wp-content\/uploads\/2019\/01\/G8NaeFfl-950x950.jpeg\" class=\"bl2shr-zoom a2\" data-animate=\"zoomIn\" data-rel=\"prettyPhoto-cover\"><\/a>\n                     <\/div>\n                  <\/div>\t  \n               <\/div> \n            <\/div><!-- end .bl2shr-cover --> \n        <h2 class=\"bl2shr-title\"><a href=\"https:\/\/alpradio.com\/fr\/raincoast-2\/\">RAINCOAST<\/a><\/h2>\n\t\t<div class=\"bl2shr-text\">\n        <p> Le premier EP \u00ab\u00a0Endless Summer\u00a0\u00bb de Raincoast conclut le premier chapitre de leur collaboration avec l&rsquo;ing\u00e9nieur Alain Meyer (Sheila She Loves You, Anna Aaron). Les 6 chansons de l\u2019EP illustrent le travail du groupe d&rsquo;une  ...<\/p>\n\t\t<\/div>\n\t\t\t<div class=\"bl2shr-info\">\n               <p class=\"bl2shr-date\">20 janvier 2019<\/p>  \n\t\t\t<\/div><!-- end .bl2shr-info -->\n         <\/div><!-- end .bl2shr-col -->     \n         <div class=\"bl2shr-col\">\n            <div class=\"bl2shr-cover\">\n               <div class=\"wz-wrap wz-hover\">\n\t\t\t\t\t<img decoding=\"async\" src=\"https:\/\/alpradio.com\/fr\/wp-content\/uploads\/2019\/01\/Johanna-315x160.png\" alt=\"JOHANNA RITTINER SERMIER\" \/>\n                  <div class=\"he-view\">\n                     <div class=\"bg a0\" data-animate=\"fadeIn\">\n                        <a href=\"https:\/\/alpradio.com\/fr\/johanna-rittiner-sermier\/\" class=\"bl2shr-link a2\" data-animate=\"zoomIn\"><\/a>\n                        <a href=\"https:\/\/alpradio.com\/fr\/wp-content\/uploads\/2019\/01\/Johanna.png\" class=\"bl2shr-zoom a2\" data-animate=\"zoomIn\" data-rel=\"prettyPhoto-cover\"><\/a>\n                     <\/div>\n                  <\/div>\t  \n               <\/div> \n            <\/div><!-- end .bl2shr-cover --> \n        <h2 class=\"bl2shr-title\"><a href=\"https:\/\/alpradio.com\/fr\/johanna-rittiner-sermier\/\">JOHANNA RITTINER SERMIER<\/a><\/h2>\n\t\t<div class=\"bl2shr-text\">\n        <p> Guitariste autodidacte, Johanna Rittiner Sermier compose blues &#8211; folk &#8211; rock &#8211; chanson fran\u00e7aise \u2013 exp\u00e9rimentations lyrique et cumule trois albums sous le label RKO Records de Lyon. Elle compte \u00e0 ce jour plus de 250  ...<\/p>\n\t\t<\/div>\n\t\t\t<div class=\"bl2shr-info\">\n               <p class=\"bl2shr-date\">20 janvier 2019<\/p>  \n\t\t\t<\/div><!-- end .bl2shr-info -->\n         <\/div><!-- end .bl2shr-col -->     \n         <div class=\"bl2shr-col\">\n            <div class=\"bl2shr-cover\">\n               <div class=\"wz-wrap wz-hover\">\n\t\t\t\t\t<img decoding=\"async\" src=\"https:\/\/alpradio.com\/fr\/wp-content\/uploads\/2019\/01\/f4100e05-3062-4f8b-b831-b90fd557e558-315x160.png\" alt=\"ANNA AARON\" \/>\n                  <div class=\"he-view\">\n                     <div class=\"bg a0\" data-animate=\"fadeIn\">\n                        <a href=\"https:\/\/alpradio.com\/fr\/anna-aaron-3\/\" class=\"bl2shr-link a2\" data-animate=\"zoomIn\"><\/a>\n                        <a href=\"https:\/\/alpradio.com\/fr\/wp-content\/uploads\/2019\/01\/f4100e05-3062-4f8b-b831-b90fd557e558-950x956.png\" class=\"bl2shr-zoom a2\" data-animate=\"zoomIn\" data-rel=\"prettyPhoto-cover\"><\/a>\n                     <\/div>\n                  <\/div>\t  \n               <\/div> \n            <\/div><!-- end .bl2shr-cover --> \n        <h2 class=\"bl2shr-title\"><a href=\"https:\/\/alpradio.com\/fr\/anna-aaron-3\/\">ANNA AARON<\/a><\/h2>\n\t\t<div class=\"bl2shr-text\">\n        <p> \u00abBoy\u00bb est le troisi\u00e8me single du prochain album d&rsquo;Anna Aaron \u00abPallas Dreams\u00bb. Il raconte l&rsquo;histoire d&rsquo;un gar\u00e7on, n\u00e9 fille, qui prend la d\u00e9cision de revendiquer son identit\u00e9 int\u00e9rieure vis-\u00e0-vis du monde qui  ...<\/p>\n\t\t<\/div>\n\t\t\t<div class=\"bl2shr-info\">\n               <p class=\"bl2shr-date\">14 janvier 2019<\/p>  \n\t\t\t<\/div><!-- end .bl2shr-info -->\n         <\/div><!-- end .bl2shr-col -->     \n         <div class=\"bl2shr-col\">\n            <div class=\"bl2shr-cover\">\n               <div class=\"wz-wrap wz-hover\">\n\t\t\t\t\t<img decoding=\"async\" src=\"https:\/\/alpradio.com\/fr\/wp-content\/uploads\/2019\/01\/2012-Rising-in-the-sky-315x160.jpg\" alt=\"BANKRUPT\" \/>\n                  <div class=\"he-view\">\n                     <div class=\"bg a0\" data-animate=\"fadeIn\">\n                        <a href=\"https:\/\/alpradio.com\/fr\/bankrupt\/\" class=\"bl2shr-link a2\" data-animate=\"zoomIn\"><\/a>\n                        <a href=\"https:\/\/alpradio.com\/fr\/wp-content\/uploads\/2019\/01\/2012-Rising-in-the-sky-950x950.jpg\" class=\"bl2shr-zoom a2\" data-animate=\"zoomIn\" data-rel=\"prettyPhoto-cover\"><\/a>\n                     <\/div>\n                  <\/div>\t  \n               <\/div> \n            <\/div><!-- end .bl2shr-cover --> \n        <h2 class=\"bl2shr-title\"><a href=\"https:\/\/alpradio.com\/fr\/bankrupt\/\">BANKRUPT<\/a><\/h2>\n\t\t<div class=\"bl2shr-text\">\n        <p> Bankrupt, c\u2019est 6 amis li\u00e9s par l\u2019amour de la musique, les deux pieds dans un rock bien actuel avec une touche vintage. Bankrupt est form\u00e9 en 2003 dans le canton de Fribourg (Suisse) suite \u00e0 la rencontre de Fred, Vlad et Adrien.  ...<\/p>\n\t\t<\/div>\n\t\t\t<div class=\"bl2shr-info\">\n               <p class=\"bl2shr-date\">14 janvier 2019<\/p>  \n\t\t\t<\/div><!-- end .bl2shr-info -->\n         <\/div><!-- end .bl2shr-col -->     \n         <div class=\"bl2shr-col\">\n            <div class=\"bl2shr-cover\">\n               <div class=\"wz-wrap wz-hover\">\n\t\t\t\t\t<img decoding=\"async\" src=\"https:\/\/alpradio.com\/fr\/wp-content\/uploads\/2019\/01\/FellOz-Straight-To-A-Nowheres-Land-315x160.jpg\" alt=\"FELL&rsquo;OZ\" \/>\n                  <div class=\"he-view\">\n                     <div class=\"bg a0\" data-animate=\"fadeIn\">\n                        <a href=\"https:\/\/alpradio.com\/fr\/felloz\/\" class=\"bl2shr-link a2\" data-animate=\"zoomIn\"><\/a>\n                        <a href=\"https:\/\/alpradio.com\/fr\/wp-content\/uploads\/2019\/01\/FellOz-Straight-To-A-Nowheres-Land-950x950.jpg\" class=\"bl2shr-zoom a2\" data-animate=\"zoomIn\" data-rel=\"prettyPhoto-cover\"><\/a>\n                     <\/div>\n                  <\/div>\t  \n               <\/div> \n            <\/div><!-- end .bl2shr-cover --> \n        <h2 class=\"bl2shr-title\"><a href=\"https:\/\/alpradio.com\/fr\/felloz\/\">FELL&rsquo;OZ<\/a><\/h2>\n\t\t<div class=\"bl2shr-text\">\n        <p> Fell\u2019Oz est un groupe suisse de punk-rock\/alternatif, originaire de Gen\u00e8ve. Joe, un guitariste fou et Parik, une batteuse du tonnerre fondent le groupe en 2011. Apr\u00e8s une p\u00e9riode trouble o\u00f9 chanteurs et bassistes s\u2019encha\u00eenent, le  ...<\/p>\n\t\t<\/div>\n\t\t\t<div class=\"bl2shr-info\">\n               <p class=\"bl2shr-date\">6 janvier 2019<\/p>  \n\t\t\t<\/div><!-- end .bl2shr-info -->\n         <\/div><!-- end .bl2shr-col -->     \n         <div class=\"bl2shr-col\">\n            <div class=\"bl2shr-cover\">\n               <div class=\"wz-wrap wz-hover\">\n\t\t\t\t\t<img decoding=\"async\" src=\"https:\/\/alpradio.com\/fr\/wp-content\/uploads\/2019\/01\/Capture-d\u2019e\u0301cran-2019-01-06-a\u0300-17.05.35-315x160.png\" alt=\"MARQUISE FAIR\" \/>\n                  <div class=\"he-view\">\n                     <div class=\"bg a0\" data-animate=\"fadeIn\">\n                        <a href=\"https:\/\/alpradio.com\/fr\/marquise-fair\/\" class=\"bl2shr-link a2\" data-animate=\"zoomIn\"><\/a>\n                        <a href=\"https:\/\/alpradio.com\/fr\/wp-content\/uploads\/2019\/01\/Capture-d\u2019e\u0301cran-2019-01-06-a\u0300-17.05.35.png\" class=\"bl2shr-zoom a2\" data-animate=\"zoomIn\" data-rel=\"prettyPhoto-cover\"><\/a>\n                     <\/div>\n                  <\/div>\t  \n               <\/div> \n            <\/div><!-- end .bl2shr-cover --> \n        <h2 class=\"bl2shr-title\"><a href=\"https:\/\/alpradio.com\/fr\/marquise-fair\/\">MARQUISE FAIR<\/a><\/h2>\n\t\t<div class=\"bl2shr-text\">\n        <p> \u00c0 l&rsquo;\u00e2ge de 5 ans, Marquise a trouv\u00e9 son amour pour le chant lors des offices du dimanche. Dans son adolescence, cette passion s&rsquo;est transform\u00e9e en composition dans la chambre de sa maison d&rsquo;enfance \u00e0 Miami. Il est  ...<\/p>\n\t\t<\/div>\n\t\t\t<div class=\"bl2shr-info\">\n               <p class=\"bl2shr-date\">6 janvier 2019<\/p>  \n\t\t\t<\/div><!-- end .bl2shr-info -->\n         <\/div><!-- end .bl2shr-col -->     \n         <div class=\"bl2shr-col\">\n            <div class=\"bl2shr-cover\">\n               <div class=\"wz-wrap wz-hover\">\n\t\t\t\t\t<img decoding=\"async\" src=\"https:\/\/alpradio.com\/fr\/wp-content\/uploads\/2019\/01\/48053300_2219617221618372_3016362618676838400_n-315x160.jpg\" alt=\"VOLVER\" \/>\n                  <div class=\"he-view\">\n                     <div class=\"bg a0\" data-animate=\"fadeIn\">\n                        <a href=\"https:\/\/alpradio.com\/fr\/volver-2\/\" class=\"bl2shr-link a2\" data-animate=\"zoomIn\"><\/a>\n                        <a href=\"https:\/\/alpradio.com\/fr\/wp-content\/uploads\/2019\/01\/48053300_2219617221618372_3016362618676838400_n.jpg\" class=\"bl2shr-zoom a2\" data-animate=\"zoomIn\" data-rel=\"prettyPhoto-cover\"><\/a>\n                     <\/div>\n                  <\/div>\t  \n               <\/div> \n            <\/div><!-- end .bl2shr-cover --> \n        <h2 class=\"bl2shr-title\"><a href=\"https:\/\/alpradio.com\/fr\/volver-2\/\">VOLVER<\/a><\/h2>\n\t\t<div class=\"bl2shr-text\">\n        <p> L\u2019univers de Volver, c\u2019est latin, c&rsquo;est jazz, avec des textes un peu d\u00e9cal\u00e9s, le plus souvent en fran\u00e7ais, un m\u00e9lange d\u2019humour et de sentiments. Le sud dans vos oreilles\u2026 une musique qui donne une folle envie de bouger \ud83d\ude42 Le  ...<\/p>\n\t\t<\/div>\n\t\t\t<div class=\"bl2shr-info\">\n               <p class=\"bl2shr-date\">6 janvier 2019<\/p>  \n\t\t\t<\/div><!-- end .bl2shr-info -->\n         <\/div><!-- end .bl2shr-col -->     \n         <div class=\"bl2shr-col\">\n            <div class=\"bl2shr-cover\">\n               <div class=\"wz-wrap wz-hover\">\n\t\t\t\t\t<img decoding=\"async\" src=\"https:\/\/alpradio.com\/fr\/wp-content\/uploads\/2019\/01\/Capture-d\u2019e\u0301cran-2019-01-06-a\u0300-16.59.35-315x160.png\" alt=\"LOLO\" \/>\n                  <div class=\"he-view\">\n                     <div class=\"bg a0\" data-animate=\"fadeIn\">\n                        <a href=\"https:\/\/alpradio.com\/fr\/lolo\/\" class=\"bl2shr-link a2\" data-animate=\"zoomIn\"><\/a>\n                        <a href=\"https:\/\/alpradio.com\/fr\/wp-content\/uploads\/2019\/01\/Capture-d\u2019e\u0301cran-2019-01-06-a\u0300-16.59.35.png\" class=\"bl2shr-zoom a2\" data-animate=\"zoomIn\" data-rel=\"prettyPhoto-cover\"><\/a>\n                     <\/div>\n                  <\/div>\t  \n               <\/div> \n            <\/div><!-- end .bl2shr-cover --> \n        <h2 class=\"bl2shr-title\"><a href=\"https:\/\/alpradio.com\/fr\/lolo\/\">LOLO<\/a><\/h2>\n\t\t<div class=\"bl2shr-text\">\n        <p> LoLo est un artiste suisse bas\u00e9 \u00e0 Gen\u00e8ve. Multi-instrumentiste, compositeur et auteur, il d\u00e9bute en tant que saxophoniste dans le monde du jazz. Sa curiosit\u00e9 le pousse \u00e0 s\u2019essayer \u00e0 plusieurs instruments dont le piano, la guitare, la  ...<\/p>\n\t\t<\/div>\n\t\t\t<div class=\"bl2shr-info\">\n               <p class=\"bl2shr-date\">6 janvier 2019<\/p>  \n\t\t\t<\/div><!-- end .bl2shr-info -->\n         <\/div><!-- end .bl2shr-col -->     \n         <div class=\"bl2shr-col\">\n            <div class=\"bl2shr-cover\">\n               <div class=\"wz-wrap wz-hover\">\n\t\t\t\t\t<img decoding=\"async\" src=\"https:\/\/alpradio.com\/fr\/wp-content\/uploads\/2018\/12\/Capture-d\u2019e\u0301cran-2018-12-18-a\u0300-12.07.40-315x160.png\" alt=\"HECTOR OU RIEN\" \/>\n                  <div class=\"he-view\">\n                     <div class=\"bg a0\" data-animate=\"fadeIn\">\n                        <a href=\"https:\/\/alpradio.com\/fr\/hector-ou-rien-2\/\" class=\"bl2shr-link a2\" data-animate=\"zoomIn\"><\/a>\n                        <a href=\"https:\/\/alpradio.com\/fr\/wp-content\/uploads\/2018\/12\/Capture-d\u2019e\u0301cran-2018-12-18-a\u0300-12.07.40.png\" class=\"bl2shr-zoom a2\" data-animate=\"zoomIn\" data-rel=\"prettyPhoto-cover\"><\/a>\n                     <\/div>\n                  <\/div>\t  \n               <\/div> \n            <\/div><!-- end .bl2shr-cover --> \n        <h2 class=\"bl2shr-title\"><a href=\"https:\/\/alpradio.com\/fr\/hector-ou-rien-2\/\">HECTOR OU RIEN<\/a><\/h2>\n\t\t<div class=\"bl2shr-text\">\n        <p> Comme il est de coutume de montrer patte franche pour pr\u00e9senter sa plume et sa gueule et ses hanches, comme il est de bon ton d\u2019annoncer au quidam, d\u2019embl\u00e9e : motivations, pr\u00e9nom, faiblesses et flammes\u2026 voici cher curieux, voici ch\u00e8re  ...<\/p>\n\t\t<\/div>\n\t\t\t<div class=\"bl2shr-info\">\n               <p class=\"bl2shr-date\">16 d\u00e9cembre 2018<\/p>  \n\t\t\t<\/div><!-- end .bl2shr-info -->\n         <\/div><!-- end .bl2shr-col -->     \n      <\/div><!-- end .home-width -->\n   <\/div><!-- end .home-shr clearfix -->\n","protected":false},"excerpt":{"rendered":"","protected":false},"author":1,"featured_media":0,"parent":0,"menu_order":0,"comment_status":"open","ping_status":"closed","template":"","meta":{"footnotes":""},"class_list":["post-1168","page","type-page","status-publish","hentry"],"_links":{"self":[{"href":"https:\/\/alpradio.com\/fr\/wp-json\/wp\/v2\/pages\/1168","targetHints":{"allow":["GET"]}}],"collection":[{"href":"https:\/\/alpradio.com\/fr\/wp-json\/wp\/v2\/pages"}],"about":[{"href":"https:\/\/alpradio.com\/fr\/wp-json\/wp\/v2\/types\/page"}],"author":[{"embeddable":true,"href":"https:\/\/alpradio.com\/fr\/wp-json\/wp\/v2\/users\/1"}],"replies":[{"embeddable":true,"href":"https:\/\/alpradio.com\/fr\/wp-json\/wp\/v2\/comments?post=1168"}],"version-history":[{"count":2,"href":"https:\/\/alpradio.com\/fr\/wp-json\/wp\/v2\/pages\/1168\/revisions"}],"predecessor-version":[{"id":1176,"href":"https:\/\/alpradio.com\/fr\/wp-json\/wp\/v2\/pages\/1168\/revisions\/1176"}],"wp:attachment":[{"href":"https:\/\/alpradio.com\/fr\/wp-json\/wp\/v2\/media?parent=1168"}],"curies":[{"name":"wp","href":"https:\/\/api.w.org\/{rel}","templated":true}]}}