{"id":767,"date":"2014-07-12T09:34:58","date_gmt":"2014-07-12T08:34:58","guid":{"rendered":"http:\/\/alpradio.com\/fr\/?page_id=767"},"modified":"2015-02-25T18:14:01","modified_gmt":"2015-02-25T17:14:01","slug":"quoi-de-neuf","status":"publish","type":"page","link":"https:\/\/alpradio.com\/fr\/quoi-de-neuf\/","title":{"rendered":"Quoi de neuf ?"},"content":{"rendered":"\t\n   <div class=\"home-shr clearfix\">\n      <div class=\"home-width\">\n         <div class=\"bl1shr-col\">\n            <div class=\"bl1shr-cover\">\n               <div class=\"wz-wrap wz-hover\">\n                  <img decoding=\"async\" src=\"https:\/\/alpradio.com\/fr\/wp-content\/uploads\/2020\/01\/Merci-250x200.png\" alt=\"C&rsquo;est la fin&#8230;\" \/>\n                  <div class=\"he-view\">\n                     <div class=\"bg a0\" data-animate=\"fadeIn\">\n                        <a href=\"https:\/\/alpradio.com\/fr\/cest-la-fin\/\" class=\"bl1shr-link a2\" data-animate=\"zoomIn\"><\/a>\n                        <a href=\"https:\/\/alpradio.com\/fr\/wp-content\/uploads\/2020\/01\/Merci-950x950.png\" class=\"bl1shr-zoom a2\" data-animate=\"zoomIn\" data-rel=\"prettyPhoto-cover\"><\/a>\t\n                     <\/div>\n                  <\/div>\t  \n               <\/div> \n            <\/div><!-- end .blog-home-cover --> \n            <h2 class=\"bl1shr-title\"><a href=\"https:\/\/alpradio.com\/fr\/cest-la-fin\/\">C&rsquo;est la fin&#8230;<\/a><\/h2>\n            <div class=\"bl1shr-text\">\n               <p> [ C&rsquo;EST LA FIN \ud83d\ude2d ] Comme vous le savez certainement, depuis mars 2019 AlpRadio est revenue \u00e0 une formule enti\u00e8rement bas\u00e9e sur la diffusion de musique d\u2019artistes suisses 24h\/24. 2020 est l\u00e0 et on aime vraiment pas les au revoir :\u2019( Apr\u00e8s presque 12 ans d\u2019existence,  ...<\/p>\n            <\/div>\t  \n            <div class=\"bl1shr-info\">\n               <p class=\"bl1shr-date\">31 janvier 2020<\/p> \n               <p class=\"bl1shr-comment\"><a href=\"https:\/\/alpradio.com\/fr\/cest-la-fin\/#respond\" target=\"_blank\" class=\"no-ajax\">0 Comments<\/a><\/p> \n            <\/div><!-- end .bl1shr-info -->\n         <\/div><!-- end .bl1shr-col -->\n         <div class=\"bl1shr-col\">\n            <div class=\"bl1shr-cover\">\n               <div class=\"wz-wrap wz-hover\">\n                  <img decoding=\"async\" src=\"https:\/\/alpradio.com\/fr\/wp-content\/uploads\/2019\/03\/post-logo-250x200.png\" alt=\"Une page se tourne&#8230;\" \/>\n                  <div class=\"he-view\">\n                     <div class=\"bg a0\" data-animate=\"fadeIn\">\n                        <a href=\"https:\/\/alpradio.com\/fr\/une-page-se-tourne\/\" class=\"bl1shr-link a2\" data-animate=\"zoomIn\"><\/a>\n                        <a href=\"https:\/\/alpradio.com\/fr\/wp-content\/uploads\/2019\/03\/post-logo-950x950.png\" class=\"bl1shr-zoom a2\" data-animate=\"zoomIn\" data-rel=\"prettyPhoto-cover\"><\/a>\t\n                     <\/div>\n                  <\/div>\t  \n               <\/div> \n            <\/div><!-- end .blog-home-cover --> \n            <h2 class=\"bl1shr-title\"><a href=\"https:\/\/alpradio.com\/fr\/une-page-se-tourne\/\">Une page se tourne&#8230;<\/a><\/h2>\n            <div class=\"bl1shr-text\">\n               <p> Une page se tourne dans l&rsquo;histoire d&rsquo;AlpRadio. Apr\u00e8s des mois de remise en question, nous avons d\u00e9cid\u00e9 de revenir \u00e0 une formule enti\u00e8rement bas\u00e9e sur la diffusion de musique. Nous ne nous arr\u00eatons pas l\u00e0 pour autant. Nous ouvrons aujourd&rsquo;hui un nouveau  ...<\/p>\n            <\/div>\t  \n            <div class=\"bl1shr-info\">\n               <p class=\"bl1shr-date\">18 mars 2019<\/p> \n               <p class=\"bl1shr-comment\"><a href=\"https:\/\/alpradio.com\/fr\/une-page-se-tourne\/#respond\" target=\"_blank\" class=\"no-ajax\">0 Comments<\/a><\/p> \n            <\/div><!-- end .bl1shr-info -->\n         <\/div><!-- end .bl1shr-col -->\n         <div class=\"bl1shr-col\">\n            <div class=\"bl1shr-cover\">\n               <div class=\"wz-wrap wz-hover\">\n                  <img decoding=\"async\" src=\"https:\/\/alpradio.com\/fr\/wp-content\/uploads\/2018\/12\/cover-250x200.png\" alt=\"Bonnes f\u00eates sur AlpRadio !\" \/>\n                  <div class=\"he-view\">\n                     <div class=\"bg a0\" data-animate=\"fadeIn\">\n                        <a href=\"https:\/\/alpradio.com\/fr\/bonnes-fetes-sur-alpradio\/\" class=\"bl1shr-link a2\" data-animate=\"zoomIn\"><\/a>\n                        <a href=\"https:\/\/alpradio.com\/fr\/wp-content\/uploads\/2018\/12\/cover-950x507.png\" class=\"bl1shr-zoom a2\" data-animate=\"zoomIn\" data-rel=\"prettyPhoto-cover\"><\/a>\t\n                     <\/div>\n                  <\/div>\t  \n               <\/div> \n            <\/div><!-- end .blog-home-cover --> \n            <h2 class=\"bl1shr-title\"><a href=\"https:\/\/alpradio.com\/fr\/bonnes-fetes-sur-alpradio\/\">Bonnes f\u00eates sur AlpRadio !<\/a><\/h2>\n            <div class=\"bl1shr-text\">\n               <p> La team d\u2019AlpRadio vous souhaite de magnifiques f\u00eates ! On est d\u00e9j\u00e0 \u00e0 la fin de cette ann\u00e9e 2018 qui fut encore une fois, pleine de belles d\u00e9couvertes musicales, de coups de coeur, de rencontres merveilleuses et de m\u00e9morables \u00e9missions \u00ab\u00a0Co2\u00a0\u00bb en compagnie de Okinawa, Black  ...<\/p>\n            <\/div>\t  \n            <div class=\"bl1shr-info\">\n               <p class=\"bl1shr-date\">22 d\u00e9cembre 2018<\/p> \n               <p class=\"bl1shr-comment\"><a href=\"https:\/\/alpradio.com\/fr\/bonnes-fetes-sur-alpradio\/#respond\" target=\"_blank\" class=\"no-ajax\">0 Comments<\/a><\/p> \n            <\/div><!-- end .bl1shr-info -->\n         <\/div><!-- end .bl1shr-col -->\n         <div class=\"bl1shr-col\">\n            <div class=\"bl1shr-cover\">\n               <div class=\"wz-wrap wz-hover\">\n                  <img decoding=\"async\" src=\"https:\/\/alpradio.com\/fr\/wp-content\/uploads\/2018\/12\/ATBM-003-250x200.jpg\" alt=\"Interview de Ana &#038; The Black Mamba\" \/>\n                  <div class=\"he-view\">\n                     <div class=\"bg a0\" data-animate=\"fadeIn\">\n                        <a href=\"https:\/\/alpradio.com\/fr\/interview-de-ana-the-black-mamba\/\" class=\"bl1shr-link a2\" data-animate=\"zoomIn\"><\/a>\n                        <a href=\"https:\/\/alpradio.com\/fr\/wp-content\/uploads\/2018\/12\/ATBM-003-950x634.jpg\" class=\"bl1shr-zoom a2\" data-animate=\"zoomIn\" data-rel=\"prettyPhoto-cover\"><\/a>\t\n                     <\/div>\n                  <\/div>\t  \n               <\/div> \n            <\/div><!-- end .blog-home-cover --> \n            <h2 class=\"bl1shr-title\"><a href=\"https:\/\/alpradio.com\/fr\/interview-de-ana-the-black-mamba\/\">Interview de Ana &#038; The Black Mamba<\/a><\/h2>\n            <div class=\"bl1shr-text\">\n               <p> Khalid et Jonas du groupe Ana &amp; The Black Mamba sont venus nous parler de leur aventure musicale, de leur disque, de leur actualit\u00e9 et des lives ! Plus d\u2019une heure en leur compagnie \u00e0 partager sur la musique et vous faire d\u00e9couvrir quelques-uns de leur morceaux  ...<\/p>\n            <\/div>\t  \n            <div class=\"bl1shr-info\">\n               <p class=\"bl1shr-date\">11 d\u00e9cembre 2018<\/p> \n               <p class=\"bl1shr-comment\"><a href=\"https:\/\/alpradio.com\/fr\/interview-de-ana-the-black-mamba\/#respond\" target=\"_blank\" class=\"no-ajax\">0 Comments<\/a><\/p> \n            <\/div><!-- end .bl1shr-info -->\n         <\/div><!-- end .bl1shr-col -->\n         <div class=\"bl1shr-col\">\n            <div class=\"bl1shr-cover\">\n               <div class=\"wz-wrap wz-hover\">\n                  <img decoding=\"async\" src=\"https:\/\/alpradio.com\/fr\/wp-content\/uploads\/2018\/10\/Marquise-008-250x200.jpg\" alt=\"Interview de Marquise\" \/>\n                  <div class=\"he-view\">\n                     <div class=\"bg a0\" data-animate=\"fadeIn\">\n                        <a href=\"https:\/\/alpradio.com\/fr\/interview-de-marquise\/\" class=\"bl1shr-link a2\" data-animate=\"zoomIn\"><\/a>\n                        <a href=\"https:\/\/alpradio.com\/fr\/wp-content\/uploads\/2018\/10\/Marquise-008-950x634.jpg\" class=\"bl1shr-zoom a2\" data-animate=\"zoomIn\" data-rel=\"prettyPhoto-cover\"><\/a>\t\n                     <\/div>\n                  <\/div>\t  \n               <\/div> \n            <\/div><!-- end .blog-home-cover --> \n            <h2 class=\"bl1shr-title\"><a href=\"https:\/\/alpradio.com\/fr\/interview-de-marquise\/\">Interview de Marquise<\/a><\/h2>\n            <div class=\"bl1shr-text\">\n               <p>Mathieu et Romain du trio veveysan-lausannois Marquise sont venus nous pr\u00e9senter ce beau projet, nous ont fait un retour sur le vernissage m\u00e9morable de leur nouvel EP \u00ab\u00a0Poumon Verre\u00a0\u00bb et nous ont notamment partag\u00e9 quelques anecdotes croustillantes. Tout \u00e7a avant de partir en <\/p>\n            <\/div>\t  \n            <div class=\"bl1shr-info\">\n               <p class=\"bl1shr-date\">12 octobre 2018<\/p> \n               <p class=\"bl1shr-comment\"><a href=\"https:\/\/alpradio.com\/fr\/interview-de-marquise\/#respond\" target=\"_blank\" class=\"no-ajax\">0 Comments<\/a><\/p> \n            <\/div><!-- end .bl1shr-info -->\n         <\/div><!-- end .bl1shr-col -->\n         <div class=\"bl1shr-col\">\n            <div class=\"bl1shr-cover\">\n               <div class=\"wz-wrap wz-hover\">\n                  <img decoding=\"async\" src=\"https:\/\/alpradio.com\/fr\/wp-content\/uploads\/2018\/10\/Capture-d\u2019e\u0301cran-2018-09-25-a\u0300-21.16.50-250x200.png\" alt=\"Et si tu venais faire de la radio avec nous ?\" \/>\n                  <div class=\"he-view\">\n                     <div class=\"bg a0\" data-animate=\"fadeIn\">\n                        <a href=\"https:\/\/alpradio.com\/fr\/et-si-tu-venais-faire-de-la-radio-avec-nous\/\" class=\"bl1shr-link a2\" data-animate=\"zoomIn\"><\/a>\n                        <a href=\"https:\/\/alpradio.com\/fr\/wp-content\/uploads\/2018\/10\/Capture-d\u2019e\u0301cran-2018-09-25-a\u0300-21.16.50.png\" class=\"bl1shr-zoom a2\" data-animate=\"zoomIn\" data-rel=\"prettyPhoto-cover\"><\/a>\t\n                     <\/div>\n                  <\/div>\t  \n               <\/div> \n            <\/div><!-- end .blog-home-cover --> \n            <h2 class=\"bl1shr-title\"><a href=\"https:\/\/alpradio.com\/fr\/et-si-tu-venais-faire-de-la-radio-avec-nous\/\">Et si tu venais faire de la radio avec nous ?<\/a><\/h2>\n            <div class=\"bl1shr-text\">\n               <p>Tu r\u00eaves de contribuer \u00e0 la promotion de la sc\u00e8ne suisse ? Tu es passionn\u00e9-e par les groupes et les \u00e9v\u00e9nements culturels de notre pays ? Viens animer avec nous \u00e0 notre \u00e9mission, nos \u00e9v\u00e9nements et interviews. Nous cherchons plusieurs personnes habitant de pr\u00e9f\u00e9rence en Valais <\/p>\n            <\/div>\t  \n            <div class=\"bl1shr-info\">\n               <p class=\"bl1shr-date\">1 octobre 2018<\/p> \n               <p class=\"bl1shr-comment\"><a href=\"https:\/\/alpradio.com\/fr\/et-si-tu-venais-faire-de-la-radio-avec-nous\/#respond\" target=\"_blank\" class=\"no-ajax\">0 Comments<\/a><\/p> \n            <\/div><!-- end .bl1shr-info -->\n         <\/div><!-- end .bl1shr-col -->\n         <div class=\"bl1shr-col\">\n            <div class=\"bl1shr-cover\">\n               <div class=\"wz-wrap wz-hover\">\n                  <img decoding=\"async\" src=\"https:\/\/alpradio.com\/fr\/wp-content\/uploads\/2018\/09\/David-250x200.jpg\" alt=\"Interview de David Minster\" \/>\n                  <div class=\"he-view\">\n                     <div class=\"bg a0\" data-animate=\"fadeIn\">\n                        <a href=\"https:\/\/alpradio.com\/fr\/interview-de-david-minster\/\" class=\"bl1shr-link a2\" data-animate=\"zoomIn\"><\/a>\n                        <a href=\"https:\/\/alpradio.com\/fr\/wp-content\/uploads\/2018\/09\/David-950x633.jpg\" class=\"bl1shr-zoom a2\" data-animate=\"zoomIn\" data-rel=\"prettyPhoto-cover\"><\/a>\t\n                     <\/div>\n                  <\/div>\t  \n               <\/div> \n            <\/div><!-- end .blog-home-cover --> \n            <h2 class=\"bl1shr-title\"><a href=\"https:\/\/alpradio.com\/fr\/interview-de-david-minster\/\">Interview de David Minster<\/a><\/h2>\n            <div class=\"bl1shr-text\">\n               <p> Cette semaine nous vous proposons de d\u00e9couvrir David Minster au travers d\u2019une interview qui raconte un bien beau parcours. En effet, ce chanteur, multi instrumentiste, auteur compositeur mais aussi beau-fr\u00e8re du c\u00e9l\u00e8bre chanteur Am\u00e9ricain Calvin Russel et neveu du rockeur  ...<\/p>\n            <\/div>\t  \n            <div class=\"bl1shr-info\">\n               <p class=\"bl1shr-date\">16 septembre 2018<\/p> \n               <p class=\"bl1shr-comment\"><a href=\"https:\/\/alpradio.com\/fr\/interview-de-david-minster\/#respond\" target=\"_blank\" class=\"no-ajax\">0 Comments<\/a><\/p> \n            <\/div><!-- end .bl1shr-info -->\n         <\/div><!-- end .bl1shr-col -->\n         <div class=\"bl1shr-col\">\n            <div class=\"bl1shr-cover\">\n               <div class=\"wz-wrap wz-hover\">\n                  <img decoding=\"async\" src=\"https:\/\/alpradio.com\/fr\/wp-content\/uploads\/2018\/09\/23415291_1722927817779875_5873629940889832081_o-250x200.jpg\" alt=\"Belle suite, Sam&#8230;\" \/>\n                  <div class=\"he-view\">\n                     <div class=\"bg a0\" data-animate=\"fadeIn\">\n                        <a href=\"https:\/\/alpradio.com\/fr\/depart-de-sam\/\" class=\"bl1shr-link a2\" data-animate=\"zoomIn\"><\/a>\n                        <a href=\"https:\/\/alpradio.com\/fr\/wp-content\/uploads\/2018\/09\/23415291_1722927817779875_5873629940889832081_o-950x634.jpg\" class=\"bl1shr-zoom a2\" data-animate=\"zoomIn\" data-rel=\"prettyPhoto-cover\"><\/a>\t\n                     <\/div>\n                  <\/div>\t  \n               <\/div> \n            <\/div><!-- end .blog-home-cover --> \n            <h2 class=\"bl1shr-title\"><a href=\"https:\/\/alpradio.com\/fr\/depart-de-sam\/\">Belle suite, Sam&#8230;<\/a><\/h2>\n            <div class=\"bl1shr-text\">\n               <p> Coup dur pour AlpRadio en effet, Sam, qui \u00e9tait un membre important de notre \u00e9quipe, s\u2019en va exp\u00e9rimenter d\u2019autres horizons et a pris la difficile d\u00e9cision de quitter la radio. Apr\u00e8s 6 ans d\u2019animation, il nous a apport\u00e9 son humour, sa bonne humeur et sa spontan\u00e9it\u00e9. Nous,  ...<\/p>\n            <\/div>\t  \n            <div class=\"bl1shr-info\">\n               <p class=\"bl1shr-date\">14 septembre 2018<\/p> \n               <p class=\"bl1shr-comment\"><a href=\"https:\/\/alpradio.com\/fr\/depart-de-sam\/#respond\" target=\"_blank\" class=\"no-ajax\">0 Comments<\/a><\/p> \n            <\/div><!-- end .bl1shr-info -->\n         <\/div><!-- end .bl1shr-col -->\n         <div class=\"bl1shr-col\">\n            <div class=\"bl1shr-cover\">\n               <div class=\"wz-wrap wz-hover\">\n                  <img decoding=\"async\" src=\"https:\/\/alpradio.com\/fr\/wp-content\/uploads\/2018\/09\/Capture-d\u2019e\u0301cran-2018-09-02-a\u0300-13.16.08-250x200.png\" alt=\"Interview Les Lucines\" \/>\n                  <div class=\"he-view\">\n                     <div class=\"bg a0\" data-animate=\"fadeIn\">\n                        <a href=\"https:\/\/alpradio.com\/fr\/interview-les-lucines\/\" class=\"bl1shr-link a2\" data-animate=\"zoomIn\"><\/a>\n                        <a href=\"https:\/\/alpradio.com\/fr\/wp-content\/uploads\/2018\/09\/Capture-d\u2019e\u0301cran-2018-09-02-a\u0300-13.16.08.png\" class=\"bl1shr-zoom a2\" data-animate=\"zoomIn\" data-rel=\"prettyPhoto-cover\"><\/a>\t\n                     <\/div>\n                  <\/div>\t  \n               <\/div> \n            <\/div><!-- end .blog-home-cover --> \n            <h2 class=\"bl1shr-title\"><a href=\"https:\/\/alpradio.com\/fr\/interview-les-lucines\/\">Interview Les Lucines<\/a><\/h2>\n            <div class=\"bl1shr-text\">\n               <p>Bonne nouvelle pour les futures mamans ! Il reste encore 25\u2019143 CHF \u00e0 r\u00e9colter pour que la Maison de Naissance Les Lucines voit le jour. Et elle a besoin de votre soutien. Leur approche respecte le processus normal de l\u2019accouchement par une m\u00e9thode 100% naturelle, et le tout <\/p>\n            <\/div>\t  \n            <div class=\"bl1shr-info\">\n               <p class=\"bl1shr-date\">2 septembre 2018<\/p> \n               <p class=\"bl1shr-comment\"><a href=\"https:\/\/alpradio.com\/fr\/interview-les-lucines\/#respond\" target=\"_blank\" class=\"no-ajax\">0 Comments<\/a><\/p> \n            <\/div><!-- end .bl1shr-info -->\n         <\/div><!-- end .bl1shr-col -->\n         <div class=\"bl1shr-col\">\n            <div class=\"bl1shr-cover\">\n               <div class=\"wz-wrap wz-hover\">\n                  <img decoding=\"async\" src=\"https:\/\/alpradio.com\/fr\/wp-content\/uploads\/2018\/07\/Capture-d\u2019e\u0301cran-2018-07-24-a\u0300-16.09.56-250x200.png\" alt=\"Interview de Akshara\" \/>\n                  <div class=\"he-view\">\n                     <div class=\"bg a0\" data-animate=\"fadeIn\">\n                        <a href=\"https:\/\/alpradio.com\/fr\/interview-de-akshara\/\" class=\"bl1shr-link a2\" data-animate=\"zoomIn\"><\/a>\n                        <a href=\"https:\/\/alpradio.com\/fr\/wp-content\/uploads\/2018\/07\/Capture-d\u2019e\u0301cran-2018-07-24-a\u0300-16.09.56-950x358.png\" class=\"bl1shr-zoom a2\" data-animate=\"zoomIn\" data-rel=\"prettyPhoto-cover\"><\/a>\t\n                     <\/div>\n                  <\/div>\t  \n               <\/div> \n            <\/div><!-- end .blog-home-cover --> \n            <h2 class=\"bl1shr-title\"><a href=\"https:\/\/alpradio.com\/fr\/interview-de-akshara\/\">Interview de Akshara<\/a><\/h2>\n            <div class=\"bl1shr-text\">\n               <p> David et Benjamin de Akshara sont venus dans nos studios et nous ont appris plein de choses sympatiques ! On parle EP, tourn\u00e9e, concert et m\u00eame de pizza ! D\u00e9couvrez aussi 3 morceaux du EP \ud83d\ude42 \u00c0 \u00e9couter sur AlpRadio, Mercredi 25 juillet \u00e0 11:00 ! Rediffusion : dimanche 29  ...<\/p>\n            <\/div>\t  \n            <div class=\"bl1shr-info\">\n               <p class=\"bl1shr-date\">24 juillet 2018<\/p> \n               <p class=\"bl1shr-comment\"><a href=\"https:\/\/alpradio.com\/fr\/interview-de-akshara\/#respond\" target=\"_blank\" class=\"no-ajax\">0 Comments<\/a><\/p> \n            <\/div><!-- end .bl1shr-info -->\n         <\/div><!-- end .bl1shr-col -->\n         <div class=\"bl1shr-col\">\n            <div class=\"bl1shr-cover\">\n               <div class=\"wz-wrap wz-hover\">\n                  <img decoding=\"async\" src=\"https:\/\/alpradio.com\/fr\/wp-content\/uploads\/2018\/07\/10ans-013-250x200.jpg\" alt=\"Emission Co2, la derni\u00e8re !\" \/>\n                  <div class=\"he-view\">\n                     <div class=\"bg a0\" data-animate=\"fadeIn\">\n                        <a href=\"https:\/\/alpradio.com\/fr\/emission-co2-la-derniere\/\" class=\"bl1shr-link a2\" data-animate=\"zoomIn\"><\/a>\n                        <a href=\"https:\/\/alpradio.com\/fr\/wp-content\/uploads\/2018\/07\/10ans-013-950x634.jpg\" class=\"bl1shr-zoom a2\" data-animate=\"zoomIn\" data-rel=\"prettyPhoto-cover\"><\/a>\t\n                     <\/div>\n                  <\/div>\t  \n               <\/div> \n            <\/div><!-- end .blog-home-cover --> \n            <h2 class=\"bl1shr-title\"><a href=\"https:\/\/alpradio.com\/fr\/emission-co2-la-derniere\/\">Emission Co2, la derni\u00e8re !<\/a><\/h2>\n            <div class=\"bl1shr-text\">\n               <p>Pour la derni\u00e8re de Co2, nous avons r\u00e9alis\u00e9 une \u00e9mission sp\u00e9ciale avec 3 groupes d\u00e9couverte \u00e0 l\u2019occasion des 10 ans d\u2019AlpRadio au Mirage \u00e0 Monthey. C\u2019\u00e9tait \u00e9galement l\u2019inauguration de leur espace estival ! Ecoutez les concerts et les interviews de Billy Aydan, Wanted\u2019s et Ju <\/p>\n            <\/div>\t  \n            <div class=\"bl1shr-info\">\n               <p class=\"bl1shr-date\">4 juillet 2018<\/p> \n               <p class=\"bl1shr-comment\"><a href=\"https:\/\/alpradio.com\/fr\/emission-co2-la-derniere\/#respond\" target=\"_blank\" class=\"no-ajax\">0 Comments<\/a><\/p> \n            <\/div><!-- end .bl1shr-info -->\n         <\/div><!-- end .bl1shr-col -->\n         <div class=\"bl1shr-col\">\n            <div class=\"bl1shr-cover\">\n               <div class=\"wz-wrap wz-hover\">\n                  <img decoding=\"async\" src=\"https:\/\/alpradio.com\/fr\/wp-content\/uploads\/2018\/07\/10ans_post-merci-250x200.png\" alt=\"Merci !\" \/>\n                  <div class=\"he-view\">\n                     <div class=\"bg a0\" data-animate=\"fadeIn\">\n                        <a href=\"https:\/\/alpradio.com\/fr\/merci\/\" class=\"bl1shr-link a2\" data-animate=\"zoomIn\"><\/a>\n                        <a href=\"https:\/\/alpradio.com\/fr\/wp-content\/uploads\/2018\/07\/10ans_post-merci-950x950.png\" class=\"bl1shr-zoom a2\" data-animate=\"zoomIn\" data-rel=\"prettyPhoto-cover\"><\/a>\t\n                     <\/div>\n                  <\/div>\t  \n               <\/div> \n            <\/div><!-- end .blog-home-cover --> \n            <h2 class=\"bl1shr-title\"><a href=\"https:\/\/alpradio.com\/fr\/merci\/\">Merci !<\/a><\/h2>\n            <div class=\"bl1shr-text\">\n               <p> Quelle journ\u00e9e et quelle soir\u00e9e ! Au nom de toute l&rsquo;\u00e9quipe, on vous remercie d&rsquo;avoir \u00e9t\u00e9 aussi nombreux pour nos 10 ans et pour l&rsquo;inauguration de ce superbe espace estival, Le Mirage. C&rsquo;\u00e9tait un tr\u00e8s beau cadeau de partager ce moment avec vous. Merci  ...<\/p>\n            <\/div>\t  \n            <div class=\"bl1shr-info\">\n               <p class=\"bl1shr-date\">2 juillet 2018<\/p> \n               <p class=\"bl1shr-comment\"><a href=\"https:\/\/alpradio.com\/fr\/merci\/#respond\" target=\"_blank\" class=\"no-ajax\">0 Comments<\/a><\/p> \n            <\/div><!-- end .bl1shr-info -->\n         <\/div><!-- end .bl1shr-col -->\n         <div class=\"bl1shr-col\">\n            <div class=\"bl1shr-cover\">\n               <div class=\"wz-wrap wz-hover\">\n                  <img decoding=\"async\" src=\"https:\/\/alpradio.com\/fr\/wp-content\/uploads\/2018\/06\/GF2018-J2-013-250x200.jpg\" alt=\"Merci Greenfield Festival !\" \/>\n                  <div class=\"he-view\">\n                     <div class=\"bg a0\" data-animate=\"fadeIn\">\n                        <a href=\"https:\/\/alpradio.com\/fr\/merci-greenfield-festival\/\" class=\"bl1shr-link a2\" data-animate=\"zoomIn\"><\/a>\n                        <a href=\"https:\/\/alpradio.com\/fr\/wp-content\/uploads\/2018\/06\/GF2018-J2-013-950x634.jpg\" class=\"bl1shr-zoom a2\" data-animate=\"zoomIn\" data-rel=\"prettyPhoto-cover\"><\/a>\t\n                     <\/div>\n                  <\/div>\t  \n               <\/div> \n            <\/div><!-- end .blog-home-cover --> \n            <h2 class=\"bl1shr-title\"><a href=\"https:\/\/alpradio.com\/fr\/merci-greenfield-festival\/\">Merci Greenfield Festival !<\/a><\/h2>\n            <div class=\"bl1shr-text\">\n               <p> Pour la 11e fois cette ann\u00e9e, des dizaines de milliers de spectateurs ont investi le Greenfield Festival non loin de la petite bourgade d&rsquo;Interlaken du 7 au 9 juin. 40 groupes de rock et de metal se sont relay\u00e9s sur les deux sc\u00e8nes de l&rsquo;\u00e9v\u00e9nement, pour des shows  ...<\/p>\n            <\/div>\t  \n            <div class=\"bl1shr-info\">\n               <p class=\"bl1shr-date\">16 juin 2018<\/p> \n               <p class=\"bl1shr-comment\"><a href=\"https:\/\/alpradio.com\/fr\/merci-greenfield-festival\/#respond\" target=\"_blank\" class=\"no-ajax\">0 Comments<\/a><\/p> \n            <\/div><!-- end .bl1shr-info -->\n         <\/div><!-- end .bl1shr-col -->\n         <div class=\"bl1shr-col\">\n            <div class=\"bl1shr-cover\">\n               <div class=\"wz-wrap wz-hover\">\n                  <img decoding=\"async\" src=\"https:\/\/alpradio.com\/fr\/wp-content\/uploads\/2018\/06\/Capture-d\u2019e\u0301cran-2018-06-03-a\u0300-23.23.27-250x200.png\" alt=\"F\u00eatez nos 10 ans avec nous !\" \/>\n                  <div class=\"he-view\">\n                     <div class=\"bg a0\" data-animate=\"fadeIn\">\n                        <a href=\"https:\/\/alpradio.com\/fr\/10-ans-concerts-et-emission\/\" class=\"bl1shr-link a2\" data-animate=\"zoomIn\"><\/a>\n                        <a href=\"https:\/\/alpradio.com\/fr\/wp-content\/uploads\/2018\/06\/Capture-d\u2019e\u0301cran-2018-06-03-a\u0300-23.23.27-950x305.png\" class=\"bl1shr-zoom a2\" data-animate=\"zoomIn\" data-rel=\"prettyPhoto-cover\"><\/a>\t\n                     <\/div>\n                  <\/div>\t  \n               <\/div> \n            <\/div><!-- end .blog-home-cover --> \n            <h2 class=\"bl1shr-title\"><a href=\"https:\/\/alpradio.com\/fr\/10-ans-concerts-et-emission\/\">F\u00eatez nos 10 ans avec nous !<\/a><\/h2>\n            <div class=\"bl1shr-text\">\n               <p>10 ans d\u00e9j\u00e0 que AlpRadio existe et soutient les artistes et la culture en Suisse. Partagez avec nous une exp\u00e9rience musicale et radiophonique dans le cadre magnifique du Mirage, \u00e0 Monthey. &#8211; Ouverture des portes \u00e0 14:00 &#8211; Entr\u00e9e gratuite &#8211; Buvette sur place <\/p>\n            <\/div>\t  \n            <div class=\"bl1shr-info\">\n               <p class=\"bl1shr-date\">16 juin 2018<\/p> \n               <p class=\"bl1shr-comment\"><a href=\"https:\/\/alpradio.com\/fr\/10-ans-concerts-et-emission\/#respond\" target=\"_blank\" class=\"no-ajax\">0 Comments<\/a><\/p> \n            <\/div><!-- end .bl1shr-info -->\n         <\/div><!-- end .bl1shr-col -->\n         <div class=\"bl1shr-col\">\n            <div class=\"bl1shr-cover\">\n               <div class=\"wz-wrap wz-hover\">\n                  <img decoding=\"async\" src=\"https:\/\/alpradio.com\/fr\/wp-content\/uploads\/2018\/05\/IFOA-annonce-itw-250x200.jpg\" alt=\"Interview de Jessanna, Fensta, Flayst et Promethee \u00e0 l&rsquo;Irreversible Festival\" \/>\n                  <div class=\"he-view\">\n                     <div class=\"bg a0\" data-animate=\"fadeIn\">\n                        <a href=\"https:\/\/alpradio.com\/fr\/interview-de-jessanna-fensta-flayst-et-promethee-a-lirreversible-festival\/\" class=\"bl1shr-link a2\" data-animate=\"zoomIn\"><\/a>\n                        <a href=\"https:\/\/alpradio.com\/fr\/wp-content\/uploads\/2018\/05\/IFOA-annonce-itw-950x634.jpg\" class=\"bl1shr-zoom a2\" data-animate=\"zoomIn\" data-rel=\"prettyPhoto-cover\"><\/a>\t\n                     <\/div>\n                  <\/div>\t  \n               <\/div> \n            <\/div><!-- end .blog-home-cover --> \n            <h2 class=\"bl1shr-title\"><a href=\"https:\/\/alpradio.com\/fr\/interview-de-jessanna-fensta-flayst-et-promethee-a-lirreversible-festival\/\">Interview de Jessanna, Fensta, Flayst et Promethee \u00e0 l&rsquo;Irreversible Festival<\/a><\/h2>\n            <div class=\"bl1shr-text\">\n               <p>Les 25 et 26 mai, nous \u00e9tions pr\u00e9sents \u00e0 la 2e \u00e9dition de l\u2019Irreversible Festival pour enregistrer quelques interviews \ud83d\ude42 Jessanna, Fensta, Flayst et Promethee ont pass\u00e9 un moment en notre compagnie. Diffusions : Jessanna mercredi 30 mai \u00e0 11h00 Fensta mercredi 30 mai \u00e0 19h00 <\/p>\n            <\/div>\t  \n            <div class=\"bl1shr-info\">\n               <p class=\"bl1shr-date\">29 mai 2018<\/p> \n               <p class=\"bl1shr-comment\"><a href=\"https:\/\/alpradio.com\/fr\/interview-de-jessanna-fensta-flayst-et-promethee-a-lirreversible-festival\/#respond\" target=\"_blank\" class=\"no-ajax\">0 Comments<\/a><\/p> \n            <\/div><!-- end .bl1shr-info -->\n         <\/div><!-- end .bl1shr-col -->\n         <div class=\"bl1shr-col\">\n            <div class=\"bl1shr-cover\">\n               <div class=\"wz-wrap wz-hover\">\n                  <img decoding=\"async\" src=\"https:\/\/alpradio.com\/fr\/wp-content\/uploads\/2018\/05\/33614512_1998864213519566_6872983417848332288_o-250x200.jpg\" alt=\"Merci Irreversible Festival !\" \/>\n                  <div class=\"he-view\">\n                     <div class=\"bg a0\" data-animate=\"fadeIn\">\n                        <a href=\"https:\/\/alpradio.com\/fr\/merci-irreversible-festival\/\" class=\"bl1shr-link a2\" data-animate=\"zoomIn\"><\/a>\n                        <a href=\"https:\/\/alpradio.com\/fr\/wp-content\/uploads\/2018\/05\/33614512_1998864213519566_6872983417848332288_o-950x634.jpg\" class=\"bl1shr-zoom a2\" data-animate=\"zoomIn\" data-rel=\"prettyPhoto-cover\"><\/a>\t\n                     <\/div>\n                  <\/div>\t  \n               <\/div> \n            <\/div><!-- end .blog-home-cover --> \n            <h2 class=\"bl1shr-title\"><a href=\"https:\/\/alpradio.com\/fr\/merci-irreversible-festival\/\">Merci Irreversible Festival !<\/a><\/h2>\n            <div class=\"bl1shr-text\">\n               <p> Les 25 et 26 mai, nous \u00e9tions pr\u00e9sents \u00e0 la 2e \u00e9dition de l\u2019Irreversible Festival pour enregistrer quelques interviews \ud83d\ude42 Un week-end riche en nouvelles rencontres, d\u00e9couvertes musicales et en rock et metal ! Retrouvez prochainement les interviews exclusives de Jessanna,  ...<\/p>\n            <\/div>\t  \n            <div class=\"bl1shr-info\">\n               <p class=\"bl1shr-date\">28 mai 2018<\/p> \n               <p class=\"bl1shr-comment\"><a href=\"https:\/\/alpradio.com\/fr\/merci-irreversible-festival\/#respond\" target=\"_blank\" class=\"no-ajax\">0 Comments<\/a><\/p> \n            <\/div><!-- end .bl1shr-info -->\n         <\/div><!-- end .bl1shr-col -->\n         <div class=\"bl1shr-col\">\n            <div class=\"bl1shr-cover\">\n               <div class=\"wz-wrap wz-hover\">\n                  <img decoding=\"async\" src=\"https:\/\/alpradio.com\/fr\/wp-content\/uploads\/2018\/05\/Irreversible-004-250x200.jpg\" alt=\"Interview de l&rsquo;Irreversible Festival\" \/>\n                  <div class=\"he-view\">\n                     <div class=\"bg a0\" data-animate=\"fadeIn\">\n                        <a href=\"https:\/\/alpradio.com\/fr\/interview-de-lirreversible-festival\/\" class=\"bl1shr-link a2\" data-animate=\"zoomIn\"><\/a>\n                        <a href=\"https:\/\/alpradio.com\/fr\/wp-content\/uploads\/2018\/05\/Irreversible-004-950x634.jpg\" class=\"bl1shr-zoom a2\" data-animate=\"zoomIn\" data-rel=\"prettyPhoto-cover\"><\/a>\t\n                     <\/div>\n                  <\/div>\t  \n               <\/div> \n            <\/div><!-- end .blog-home-cover --> \n            <h2 class=\"bl1shr-title\"><a href=\"https:\/\/alpradio.com\/fr\/interview-de-lirreversible-festival\/\">Interview de l&rsquo;Irreversible Festival<\/a><\/h2>\n            <div class=\"bl1shr-text\">\n               <p> Nous accueillons l\u2019Irreversible Festival avec Ludovic Biselx qui vient nous pr\u00e9senter l&rsquo;\u00e9v\u00e9nement et nous parler de sa 2e \u00e9dition qui se vivra les 25 et 26 mai \u00e0 Monthey. Il nous d\u00e9voile la belle programmation qui vous attend et autant vous dire que \u00e7a va \u00eatre un  ...<\/p>\n            <\/div>\t  \n            <div class=\"bl1shr-info\">\n               <p class=\"bl1shr-date\">13 mai 2018<\/p> \n               <p class=\"bl1shr-comment\"><a href=\"https:\/\/alpradio.com\/fr\/interview-de-lirreversible-festival\/#respond\" target=\"_blank\" class=\"no-ajax\">0 Comments<\/a><\/p> \n            <\/div><!-- end .bl1shr-info -->\n         <\/div><!-- end .bl1shr-col -->\n         <div class=\"bl1shr-col\">\n            <div class=\"bl1shr-cover\">\n               <div class=\"wz-wrap wz-hover\">\n                  <img decoding=\"async\" src=\"https:\/\/alpradio.com\/fr\/wp-content\/uploads\/2018\/05\/AASF_2018-03-16-018-250x200.jpg\" alt=\"Interview de l&rsquo;Association des Animaux sans Famille \/ AASF\" \/>\n                  <div class=\"he-view\">\n                     <div class=\"bg a0\" data-animate=\"fadeIn\">\n                        <a href=\"https:\/\/alpradio.com\/fr\/interview-de-lassociation-des-animaux-sans-famille-aasf\/\" class=\"bl1shr-link a2\" data-animate=\"zoomIn\"><\/a>\n                        <a href=\"https:\/\/alpradio.com\/fr\/wp-content\/uploads\/2018\/05\/AASF_2018-03-16-018-950x634.jpg\" class=\"bl1shr-zoom a2\" data-animate=\"zoomIn\" data-rel=\"prettyPhoto-cover\"><\/a>\t\n                     <\/div>\n                  <\/div>\t  \n               <\/div> \n            <\/div><!-- end .blog-home-cover --> \n            <h2 class=\"bl1shr-title\"><a href=\"https:\/\/alpradio.com\/fr\/interview-de-lassociation-des-animaux-sans-famille-aasf\/\">Interview de l&rsquo;Association des Animaux sans Famille \/ AASF<\/a><\/h2>\n            <div class=\"bl1shr-text\">\n               <p> Le cabinet v\u00e9t\u00e9rinaire Aiuto \u00e0 Saxon nous ouvre les portes de l&rsquo;association AASF qui recueille et soigne les animaux sans famille. C\u2019est Cl\u00e9mence, assistante v\u00e9t\u00e9rinaire qui nous en parle et qui nous pr\u00e9sente les animaux de l\u2019association au travers d\u2019une jolie visite  ...<\/p>\n            <\/div>\t  \n            <div class=\"bl1shr-info\">\n               <p class=\"bl1shr-date\">6 mai 2018<\/p> \n               <p class=\"bl1shr-comment\"><a href=\"https:\/\/alpradio.com\/fr\/interview-de-lassociation-des-animaux-sans-famille-aasf\/#respond\" target=\"_blank\" class=\"no-ajax\">0 Comments<\/a><\/p> \n            <\/div><!-- end .bl1shr-info -->\n         <\/div><!-- end .bl1shr-col -->\n         <div class=\"bl1shr-col\">\n            <div class=\"bl1shr-cover\">\n               <div class=\"wz-wrap wz-hover\">\n                  <img decoding=\"async\" src=\"https:\/\/alpradio.com\/fr\/wp-content\/uploads\/2018\/04\/FabianTharin-011-250x200.jpg\" alt=\"Co2 avec Fabian Tharin\" \/>\n                  <div class=\"he-view\">\n                     <div class=\"bg a0\" data-animate=\"fadeIn\">\n                        <a href=\"https:\/\/alpradio.com\/fr\/co2-avec-fabian-tharin\/\" class=\"bl1shr-link a2\" data-animate=\"zoomIn\"><\/a>\n                        <a href=\"https:\/\/alpradio.com\/fr\/wp-content\/uploads\/2018\/04\/FabianTharin-011-950x634.jpg\" class=\"bl1shr-zoom a2\" data-animate=\"zoomIn\" data-rel=\"prettyPhoto-cover\"><\/a>\t\n                     <\/div>\n                  <\/div>\t  \n               <\/div> \n            <\/div><!-- end .blog-home-cover --> \n            <h2 class=\"bl1shr-title\"><a href=\"https:\/\/alpradio.com\/fr\/co2-avec-fabian-tharin\/\">Co2 avec Fabian Tharin<\/a><\/h2>\n            <div class=\"bl1shr-text\">\n               <p> On a bien rit, quel chouette moment v\u00e9cu avec Fabian Tharin et Patrick Dufresne ! Au programme, interview de Fabian Tharin, Hippolyte le petit reporter de l\u2019espace qui nous fait un coup de th\u00e9\u00e2tre, Le reportage de Laura qui est all\u00e9e \u00e0 la rencontre de l\u2019association AASF qui  ...<\/p>\n            <\/div>\t  \n            <div class=\"bl1shr-info\">\n               <p class=\"bl1shr-date\">30 avril 2018<\/p> \n               <p class=\"bl1shr-comment\"><a href=\"https:\/\/alpradio.com\/fr\/co2-avec-fabian-tharin\/#respond\" target=\"_blank\" class=\"no-ajax\">0 Comments<\/a><\/p> \n            <\/div><!-- end .bl1shr-info -->\n         <\/div><!-- end .bl1shr-col -->\n         <div class=\"bl1shr-col\">\n            <div class=\"bl1shr-cover\">\n               <div class=\"wz-wrap wz-hover\">\n                  <img decoding=\"async\" src=\"https:\/\/alpradio.com\/fr\/wp-content\/uploads\/2018\/04\/Meandre-001-250x200.jpg\" alt=\"Interview de M\u00e9andre\" \/>\n                  <div class=\"he-view\">\n                     <div class=\"bg a0\" data-animate=\"fadeIn\">\n                        <a href=\"https:\/\/alpradio.com\/fr\/interview-de-meandre\/\" class=\"bl1shr-link a2\" data-animate=\"zoomIn\"><\/a>\n                        <a href=\"https:\/\/alpradio.com\/fr\/wp-content\/uploads\/2018\/04\/Meandre-001-950x634.jpg\" class=\"bl1shr-zoom a2\" data-animate=\"zoomIn\" data-rel=\"prettyPhoto-cover\"><\/a>\t\n                     <\/div>\n                  <\/div>\t  \n               <\/div> \n            <\/div><!-- end .blog-home-cover --> \n            <h2 class=\"bl1shr-title\"><a href=\"https:\/\/alpradio.com\/fr\/interview-de-meandre\/\">Interview de M\u00e9andre<\/a><\/h2>\n            <div class=\"bl1shr-text\">\n               <p> M\u00e9andre c\u2019est le projet personnel de Ludovic Volper. A l\u2019approche du vernissage de son premier disque \u00ab\u00a0Le temps passe\u2026\u00a0\u00bb le 5 mai prochain au Point 11 \u00e0 Sion, nous l\u2019accueillons pour parler de celui-ci et de tout ce qui entoure sa cr\u00e9ation, aussi, ce qui lui a donn\u00e9 envie  ...<\/p>\n            <\/div>\t  \n            <div class=\"bl1shr-info\">\n               <p class=\"bl1shr-date\">24 avril 2018<\/p> \n               <p class=\"bl1shr-comment\"><a href=\"https:\/\/alpradio.com\/fr\/interview-de-meandre\/#respond\" target=\"_blank\" class=\"no-ajax\">0 Comments<\/a><\/p> \n            <\/div><!-- end .bl1shr-info -->\n         <\/div><!-- end .bl1shr-col -->\n         <div class=\"bl1shr-col\">\n            <div class=\"bl1shr-cover\">\n               <div class=\"wz-wrap wz-hover\">\n                  <img decoding=\"async\" src=\"https:\/\/alpradio.com\/fr\/wp-content\/uploads\/2018\/03\/26731665_2550156145209812_3983803376078800348_n-250x200.jpg\" alt=\"Concert &#8211; Vernissage de Astorian sur AlpRadio\" \/>\n                  <div class=\"he-view\">\n                     <div class=\"bg a0\" data-animate=\"fadeIn\">\n                        <a href=\"https:\/\/alpradio.com\/fr\/concert-vernissage-de-astorian-sur-alpradio\/\" class=\"bl1shr-link a2\" data-animate=\"zoomIn\"><\/a>\n                        <a href=\"https:\/\/alpradio.com\/fr\/wp-content\/uploads\/2018\/03\/26731665_2550156145209812_3983803376078800348_n-950x713.jpg\" class=\"bl1shr-zoom a2\" data-animate=\"zoomIn\" data-rel=\"prettyPhoto-cover\"><\/a>\t\n                     <\/div>\n                  <\/div>\t  \n               <\/div> \n            <\/div><!-- end .blog-home-cover --> \n            <h2 class=\"bl1shr-title\"><a href=\"https:\/\/alpradio.com\/fr\/concert-vernissage-de-astorian-sur-alpradio\/\">Concert &#8211; Vernissage de Astorian sur AlpRadio<\/a><\/h2>\n            <div class=\"bl1shr-text\">\n               <p>Apr\u00e8s un changement de line up, Astorian prennent un nouveau d\u00e9part tout en conservant leur univers a\u00e9rien teint\u00e9 d&rsquo;inspirations new wave. Un vernissage de leur EP \u00ab\u00a0New Life\u00a0\u00bb \u00e0 revivre sur AlpRadio jeudi 22 mars \u00e0 20h00.<\/p>\n            <\/div>\t  \n            <div class=\"bl1shr-info\">\n               <p class=\"bl1shr-date\">20 mars 2018<\/p> \n               <p class=\"bl1shr-comment\"><a href=\"https:\/\/alpradio.com\/fr\/concert-vernissage-de-astorian-sur-alpradio\/#respond\" target=\"_blank\" class=\"no-ajax\">0 Comments<\/a><\/p> \n            <\/div><!-- end .bl1shr-info -->\n         <\/div><!-- end .bl1shr-col -->\n         <div class=\"bl1shr-col\">\n            <div class=\"bl1shr-cover\">\n               <div class=\"wz-wrap wz-hover\">\n                  <img decoding=\"async\" src=\"https:\/\/alpradio.com\/fr\/wp-content\/uploads\/2018\/02\/Capture-d\u2019e\u0301cran-2018-02-25-a\u0300-14.36.07-250x200.png\" alt=\"Interview de Black Lemons\" \/>\n                  <div class=\"he-view\">\n                     <div class=\"bg a0\" data-animate=\"fadeIn\">\n                        <a href=\"https:\/\/alpradio.com\/fr\/interview-de-black-lemons\/\" class=\"bl1shr-link a2\" data-animate=\"zoomIn\"><\/a>\n                        <a href=\"https:\/\/alpradio.com\/fr\/wp-content\/uploads\/2018\/02\/Capture-d\u2019e\u0301cran-2018-02-25-a\u0300-14.36.07.png\" class=\"bl1shr-zoom a2\" data-animate=\"zoomIn\" data-rel=\"prettyPhoto-cover\"><\/a>\t\n                     <\/div>\n                  <\/div>\t  \n               <\/div> \n            <\/div><!-- end .blog-home-cover --> \n            <h2 class=\"bl1shr-title\"><a href=\"https:\/\/alpradio.com\/fr\/interview-de-black-lemons\/\">Interview de Black Lemons<\/a><\/h2>\n            <div class=\"bl1shr-text\">\n               <p> Il y a quelques temps, nous avions re\u00e7u pour la 2e fois le groupe Black Lemons \ud83d\ude42 ils sont venus nous raconter le v\u00e9cu de leur tourn\u00e9e en Russie, quelques anecdotes, la story du nouveau clip qui accompagne le titre \u00ab\u00a0Move On\u00a0\u00bb, et un nouveau disque en pr\u00e9paration.  ...<\/p>\n            <\/div>\t  \n            <div class=\"bl1shr-info\">\n               <p class=\"bl1shr-date\">25 f\u00e9vrier 2018<\/p> \n               <p class=\"bl1shr-comment\"><a href=\"https:\/\/alpradio.com\/fr\/interview-de-black-lemons\/#respond\" target=\"_blank\" class=\"no-ajax\">0 Comments<\/a><\/p> \n            <\/div><!-- end .bl1shr-info -->\n         <\/div><!-- end .bl1shr-col -->\n         <div class=\"bl1shr-col\">\n            <div class=\"bl1shr-cover\">\n               <div class=\"wz-wrap wz-hover\">\n                  <img decoding=\"async\" src=\"https:\/\/alpradio.com\/fr\/wp-content\/uploads\/2018\/02\/2018-02-10_Co2-La-Machine-005-250x200.jpg\" alt=\"Co2 avec OKINAWA et BLACK WIDOW&rsquo;S PROJECT\" \/>\n                  <div class=\"he-view\">\n                     <div class=\"bg a0\" data-animate=\"fadeIn\">\n                        <a href=\"https:\/\/alpradio.com\/fr\/co2-avec-okinawa-et-black-widows-project\/\" class=\"bl1shr-link a2\" data-animate=\"zoomIn\"><\/a>\n                        <a href=\"https:\/\/alpradio.com\/fr\/wp-content\/uploads\/2018\/02\/2018-02-10_Co2-La-Machine-005-950x634.jpg\" class=\"bl1shr-zoom a2\" data-animate=\"zoomIn\" data-rel=\"prettyPhoto-cover\"><\/a>\t\n                     <\/div>\n                  <\/div>\t  \n               <\/div> \n            <\/div><!-- end .blog-home-cover --> \n            <h2 class=\"bl1shr-title\"><a href=\"https:\/\/alpradio.com\/fr\/co2-avec-okinawa-et-black-widows-project\/\">Co2 avec OKINAWA et BLACK WIDOW&rsquo;S PROJECT<\/a><\/h2>\n            <div class=\"bl1shr-text\">\n               <p> Okinawa et Black Widow&rsquo;s Project sont nos invit\u00e9s pour la troisi\u00e8me de Co2 en public \ud83d\ude42 Interviews et showcases des groupes mais aussi une r\u00e9trospective de l&rsquo;ann\u00e9e 2017 sur AlpRadio avec Lionel, Sam et Laura et enfin une interview avec Laurent du Bar La Machine \u00e0  ...<\/p>\n            <\/div>\t  \n            <div class=\"bl1shr-info\">\n               <p class=\"bl1shr-date\">12 f\u00e9vrier 2018<\/p> \n               <p class=\"bl1shr-comment\"><a href=\"https:\/\/alpradio.com\/fr\/co2-avec-okinawa-et-black-widows-project\/#respond\" target=\"_blank\" class=\"no-ajax\">0 Comments<\/a><\/p> \n            <\/div><!-- end .bl1shr-info -->\n         <\/div><!-- end .bl1shr-col -->\n         <div class=\"bl1shr-col\">\n            <div class=\"bl1shr-cover\">\n               <div class=\"wz-wrap wz-hover\">\n                  <img decoding=\"async\" src=\"https:\/\/alpradio.com\/fr\/wp-content\/uploads\/2018\/02\/alpradio-no-billag-250x200.png\" alt=\"NON \u00e0 No Billag !\" \/>\n                  <div class=\"he-view\">\n                     <div class=\"bg a0\" data-animate=\"fadeIn\">\n                        <a href=\"https:\/\/alpradio.com\/fr\/non-a-no-billag\/\" class=\"bl1shr-link a2\" data-animate=\"zoomIn\"><\/a>\n                        <a href=\"https:\/\/alpradio.com\/fr\/wp-content\/uploads\/2018\/02\/alpradio-no-billag-950x950.png\" class=\"bl1shr-zoom a2\" data-animate=\"zoomIn\" data-rel=\"prettyPhoto-cover\"><\/a>\t\n                     <\/div>\n                  <\/div>\t  \n               <\/div> \n            <\/div><!-- end .blog-home-cover --> \n            <h2 class=\"bl1shr-title\"><a href=\"https:\/\/alpradio.com\/fr\/non-a-no-billag\/\">NON \u00e0 No Billag !<\/a><\/h2>\n            <div class=\"bl1shr-text\">\n               <p> Le 4 mars prochain, le peuple suisse sera appel\u00e9 \u00e0 se prononcer sur l\u2019initiative \u00ab No Billag \u00bb. S\u2019il est encore impossible de dire exactement \u00e0 quoi ressemblera le paysage audiovisuel en cas de oui, de nombreux m\u00e9dias, dont Alpradio, seront impact\u00e9s. M\u00eame si la radio ne  ...<\/p>\n            <\/div>\t  \n            <div class=\"bl1shr-info\">\n               <p class=\"bl1shr-date\">7 f\u00e9vrier 2018<\/p> \n               <p class=\"bl1shr-comment\"><a href=\"https:\/\/alpradio.com\/fr\/non-a-no-billag\/#respond\" target=\"_blank\" class=\"no-ajax\">0 Comments<\/a><\/p> \n            <\/div><!-- end .bl1shr-info -->\n         <\/div><!-- end .bl1shr-col -->\n         <div class=\"bl1shr-col\">\n            <div class=\"bl1shr-cover\">\n               <div class=\"wz-wrap wz-hover\">\n                  <img decoding=\"async\" src=\"https:\/\/alpradio.com\/fr\/wp-content\/uploads\/2018\/01\/Co2-LaMachine-event-250x200.png\" alt=\"Co2 le 10 f\u00e9vrier 2018\" \/>\n                  <div class=\"he-view\">\n                     <div class=\"bg a0\" data-animate=\"fadeIn\">\n                        <a href=\"https:\/\/alpradio.com\/fr\/co2-le-10-fevrier-2018\/\" class=\"bl1shr-link a2\" data-animate=\"zoomIn\"><\/a>\n                        <a href=\"https:\/\/alpradio.com\/fr\/wp-content\/uploads\/2018\/01\/Co2-LaMachine-event.png\" class=\"bl1shr-zoom a2\" data-animate=\"zoomIn\" data-rel=\"prettyPhoto-cover\"><\/a>\t\n                     <\/div>\n                  <\/div>\t  \n               <\/div> \n            <\/div><!-- end .blog-home-cover --> \n            <h2 class=\"bl1shr-title\"><a href=\"https:\/\/alpradio.com\/fr\/co2-le-10-fevrier-2018\/\">Co2 le 10 f\u00e9vrier 2018<\/a><\/h2>\n            <div class=\"bl1shr-text\">\n               <p> Pour cette premi\u00e8re \u00e9mission en public de l&rsquo;ann\u00e9e nous recevons le groupe Payernois Okinawa et le groupe Genevois Black Widow&rsquo;s Project ! Au programme: des interviews et showcases d\u00e8s 15h00 \ud83d\ude42 Viens assister \u00e0 l\u2019enregistrement le 10 f\u00e9vrier au Bar La Machine \u00e0 la  ...<\/p>\n            <\/div>\t  \n            <div class=\"bl1shr-info\">\n               <p class=\"bl1shr-date\">18 janvier 2018<\/p> \n               <p class=\"bl1shr-comment\"><a href=\"https:\/\/alpradio.com\/fr\/co2-le-10-fevrier-2018\/#respond\" target=\"_blank\" class=\"no-ajax\">0 Comments<\/a><\/p> \n            <\/div><!-- end .bl1shr-info -->\n         <\/div><!-- end .bl1shr-col -->\n         <div class=\"bl1shr-col\">\n            <div class=\"bl1shr-cover\">\n               <div class=\"wz-wrap wz-hover\">\n                  <img decoding=\"async\" src=\"https:\/\/alpradio.com\/fr\/wp-content\/uploads\/2018\/01\/logo_RC-250x188.png\" alt=\"Radio Chablais s&rsquo;offre Vibration 108\" \/>\n                  <div class=\"he-view\">\n                     <div class=\"bg a0\" data-animate=\"fadeIn\">\n                        <a href=\"https:\/\/alpradio.com\/fr\/radio-chablais-soffre-vibration-108\/\" class=\"bl1shr-link a2\" data-animate=\"zoomIn\"><\/a>\n                        <a href=\"https:\/\/alpradio.com\/fr\/wp-content\/uploads\/2018\/01\/logo_RC.png\" class=\"bl1shr-zoom a2\" data-animate=\"zoomIn\" data-rel=\"prettyPhoto-cover\"><\/a>\t\n                     <\/div>\n                  <\/div>\t  \n               <\/div> \n            <\/div><!-- end .blog-home-cover --> \n            <h2 class=\"bl1shr-title\"><a href=\"https:\/\/alpradio.com\/fr\/radio-chablais-soffre-vibration-108\/\">Radio Chablais s&rsquo;offre Vibration 108<\/a><\/h2>\n            <div class=\"bl1shr-text\">\n               <p> Depuis le 1er janvier 2018, AlpRadio ainsi que toutes les autres radios du groupe Vibration 108 font partie du groupe Radio Chablais. C\u2019est une grande page qui se tourne pour Vibration et pour nous ! Nous sommes heureux de ce chemin parcouru sous son aile, \u00e9mus aussi\u2026 et  ...<\/p>\n            <\/div>\t  \n            <div class=\"bl1shr-info\">\n               <p class=\"bl1shr-date\">14 janvier 2018<\/p> \n               <p class=\"bl1shr-comment\"><a href=\"https:\/\/alpradio.com\/fr\/radio-chablais-soffre-vibration-108\/#respond\" target=\"_blank\" class=\"no-ajax\">0 Comments<\/a><\/p> \n            <\/div><!-- end .bl1shr-info -->\n         <\/div><!-- end .bl1shr-col -->\n         <div class=\"bl1shr-col\">\n            <div class=\"bl1shr-cover\">\n               <div class=\"wz-wrap wz-hover\">\n                  <img decoding=\"async\" src=\"https:\/\/alpradio.com\/fr\/wp-content\/uploads\/2018\/01\/AlpRadio-Noel-couverture-250x200.png\" alt=\"Belles f\u00eates !\" \/>\n                  <div class=\"he-view\">\n                     <div class=\"bg a0\" data-animate=\"fadeIn\">\n                        <a href=\"https:\/\/alpradio.com\/fr\/belles-fetes\/\" class=\"bl1shr-link a2\" data-animate=\"zoomIn\"><\/a>\n                        <a href=\"https:\/\/alpradio.com\/fr\/wp-content\/uploads\/2018\/01\/AlpRadio-Noel-couverture.png\" class=\"bl1shr-zoom a2\" data-animate=\"zoomIn\" data-rel=\"prettyPhoto-cover\"><\/a>\t\n                     <\/div>\n                  <\/div>\t  \n               <\/div> \n            <\/div><!-- end .blog-home-cover --> \n            <h2 class=\"bl1shr-title\"><a href=\"https:\/\/alpradio.com\/fr\/belles-fetes\/\">Belles f\u00eates !<\/a><\/h2>\n            <div class=\"bl1shr-text\">\n               <p> Toute la team d&rsquo;AlpRadio vous souhaite de merveilleuses f\u00eates \ud83c\udf84 \u2728 Une ann\u00e9e riche en musique, des rencontres musicales et artistiques magnifiques, des \u00e9missions inoubliables avec nos invit\u00e9s cette ann\u00e9e : M\u00e9andre, HUNDRED DAYS, Meimuna, Elsandy &amp; Louisa Bey, Grand  ...<\/p>\n            <\/div>\t  \n            <div class=\"bl1shr-info\">\n               <p class=\"bl1shr-date\">1 janvier 2018<\/p> \n               <p class=\"bl1shr-comment\"><a href=\"https:\/\/alpradio.com\/fr\/belles-fetes\/#comments\" target=\"_blank\" class=\"no-ajax\">1 Comments<\/a><\/p> \n            <\/div><!-- end .bl1shr-info -->\n         <\/div><!-- end .bl1shr-col -->\n         <div class=\"bl1shr-col\">\n            <div class=\"bl1shr-cover\">\n               <div class=\"wz-wrap wz-hover\">\n                  <img decoding=\"async\" src=\"https:\/\/alpradio.com\/fr\/wp-content\/uploads\/2017\/12\/Timanfaya-010-250x200.jpg\" alt=\"Interview de TimanFaya\" \/>\n                  <div class=\"he-view\">\n                     <div class=\"bg a0\" data-animate=\"fadeIn\">\n                        <a href=\"https:\/\/alpradio.com\/fr\/interview-de-timanfaya\/\" class=\"bl1shr-link a2\" data-animate=\"zoomIn\"><\/a>\n                        <a href=\"https:\/\/alpradio.com\/fr\/wp-content\/uploads\/2017\/12\/Timanfaya-010-950x634.jpg\" class=\"bl1shr-zoom a2\" data-animate=\"zoomIn\" data-rel=\"prettyPhoto-cover\"><\/a>\t\n                     <\/div>\n                  <\/div>\t  \n               <\/div> \n            <\/div><!-- end .blog-home-cover --> \n            <h2 class=\"bl1shr-title\"><a href=\"https:\/\/alpradio.com\/fr\/interview-de-timanfaya\/\">Interview de TimanFaya<\/a><\/h2>\n            <div class=\"bl1shr-text\">\n               <p> Pour la derni\u00e8re interview de l\u2019ann\u00e9e, on fait connaissance avec le groupe de reggae Montheysan TimanFaya \ud83d\ude42 ils nous racontent la formation du groupe, leur textes, les lives, nous parlent de leur EP fraichement sorti en novembre et d\u00e9couvrez aussi quelques extraits \u00e0  ...<\/p>\n            <\/div>\t  \n            <div class=\"bl1shr-info\">\n               <p class=\"bl1shr-date\">16 d\u00e9cembre 2017<\/p> \n               <p class=\"bl1shr-comment\"><a href=\"https:\/\/alpradio.com\/fr\/interview-de-timanfaya\/#comments\" target=\"_blank\" class=\"no-ajax\">1 Comments<\/a><\/p> \n            <\/div><!-- end .bl1shr-info -->\n         <\/div><!-- end .bl1shr-col -->\n         <div class=\"bl1shr-col\">\n            <div class=\"bl1shr-cover\">\n               <div class=\"wz-wrap wz-hover\">\n                  <img decoding=\"async\" src=\"https:\/\/alpradio.com\/fr\/wp-content\/uploads\/2017\/11\/2017-11-15_SanityFest-007-250x200.jpg\" alt=\"Interview du Sanity Fest\" \/>\n                  <div class=\"he-view\">\n                     <div class=\"bg a0\" data-animate=\"fadeIn\">\n                        <a href=\"https:\/\/alpradio.com\/fr\/interview-du-sanity-fest\/\" class=\"bl1shr-link a2\" data-animate=\"zoomIn\"><\/a>\n                        <a href=\"https:\/\/alpradio.com\/fr\/wp-content\/uploads\/2017\/11\/2017-11-15_SanityFest-007-950x634.jpg\" class=\"bl1shr-zoom a2\" data-animate=\"zoomIn\" data-rel=\"prettyPhoto-cover\"><\/a>\t\n                     <\/div>\n                  <\/div>\t  \n               <\/div> \n            <\/div><!-- end .blog-home-cover --> \n            <h2 class=\"bl1shr-title\"><a href=\"https:\/\/alpradio.com\/fr\/interview-du-sanity-fest\/\">Interview du Sanity Fest<\/a><\/h2>\n            <div class=\"bl1shr-text\">\n               <p> Le Sanity Fest est de retour dans notre studio avec Benjamin et Morgane qui viennent nous annoncer sa 2e \u00e9dition le 2 d\u00e9cembre prochain au Pont Rouge de Monthey et nous font un petit retour sur le concept de l&rsquo;\u00e9v\u00e9nement, nous parlent de l\u2019investissement et des  ...<\/p>\n            <\/div>\t  \n            <div class=\"bl1shr-info\">\n               <p class=\"bl1shr-date\">25 novembre 2017<\/p> \n               <p class=\"bl1shr-comment\"><a href=\"https:\/\/alpradio.com\/fr\/interview-du-sanity-fest\/#respond\" target=\"_blank\" class=\"no-ajax\">0 Comments<\/a><\/p> \n            <\/div><!-- end .bl1shr-info -->\n         <\/div><!-- end .bl1shr-col -->\n         <div class=\"bl1shr-col\">\n            <div class=\"bl1shr-cover\">\n               <div class=\"wz-wrap wz-hover\">\n                  <img decoding=\"async\" src=\"https:\/\/alpradio.com\/fr\/wp-content\/uploads\/2017\/11\/2017-10-29_IvanMicello-027-250x200.jpg\" alt=\"Interview avec Ivan Micello &#8211; Fresques et dessins Micello\" \/>\n                  <div class=\"he-view\">\n                     <div class=\"bg a0\" data-animate=\"fadeIn\">\n                        <a href=\"https:\/\/alpradio.com\/fr\/interview-avec-ivan-micello-fresques-et-dessins-micello\/\" class=\"bl1shr-link a2\" data-animate=\"zoomIn\"><\/a>\n                        <a href=\"https:\/\/alpradio.com\/fr\/wp-content\/uploads\/2017\/11\/2017-10-29_IvanMicello-027-950x634.jpg\" class=\"bl1shr-zoom a2\" data-animate=\"zoomIn\" data-rel=\"prettyPhoto-cover\"><\/a>\t\n                     <\/div>\n                  <\/div>\t  \n               <\/div> \n            <\/div><!-- end .blog-home-cover --> \n            <h2 class=\"bl1shr-title\"><a href=\"https:\/\/alpradio.com\/fr\/interview-avec-ivan-micello-fresques-et-dessins-micello\/\">Interview avec Ivan Micello &#8211; Fresques et dessins Micello<\/a><\/h2>\n            <div class=\"bl1shr-text\">\n               <p>Nous avons \u00e9t\u00e9 accueilli chez Ivan Micello, dans son charmant petit atelier qui se trouve sous les combles \ud83d\ude42 Il nous parle de ses dessins et de ses fresques dont celles r\u00e9alis\u00e9es sur deux fa\u00e7ades \u00e0 Clarens. Passionn\u00e9 de BD, il a r\u00e9alis\u00e9 un Corto Maltese ainsi qu\u2019un Yakari et <\/p>\n            <\/div>\t  \n            <div class=\"bl1shr-info\">\n               <p class=\"bl1shr-date\">12 novembre 2017<\/p> \n               <p class=\"bl1shr-comment\"><a href=\"https:\/\/alpradio.com\/fr\/interview-avec-ivan-micello-fresques-et-dessins-micello\/#respond\" target=\"_blank\" class=\"no-ajax\">0 Comments<\/a><\/p> \n            <\/div><!-- end .bl1shr-info -->\n         <\/div><!-- end .bl1shr-col -->\n         <div class=\"bl1shr-col\">\n            <div class=\"bl1shr-cover\">\n               <div class=\"wz-wrap wz-hover\">\n                  <img decoding=\"async\" src=\"https:\/\/alpradio.com\/fr\/wp-content\/uploads\/2017\/11\/Capture-d\u2019e\u0301cran-2017-11-06-a\u0300-11.14.45-250x200.png\" alt=\"Co2 avec Oh My Deer\" \/>\n                  <div class=\"he-view\">\n                     <div class=\"bg a0\" data-animate=\"fadeIn\">\n                        <a href=\"https:\/\/alpradio.com\/fr\/co2-avec-oh-my-deer\/\" class=\"bl1shr-link a2\" data-animate=\"zoomIn\"><\/a>\n                        <a href=\"https:\/\/alpradio.com\/fr\/wp-content\/uploads\/2017\/11\/Capture-d\u2019e\u0301cran-2017-11-06-a\u0300-11.14.45.png\" class=\"bl1shr-zoom a2\" data-animate=\"zoomIn\" data-rel=\"prettyPhoto-cover\"><\/a>\t\n                     <\/div>\n                  <\/div>\t  \n               <\/div> \n            <\/div><!-- end .blog-home-cover --> \n            <h2 class=\"bl1shr-title\"><a href=\"https:\/\/alpradio.com\/fr\/co2-avec-oh-my-deer\/\">Co2 avec Oh My Deer<\/a><\/h2>\n            <div class=\"bl1shr-text\">\n               <p> Que de rire et de bonne humeur dans le studio avec le groupe Oh My Deer qui se sont d\u00e9plac\u00e9s de Bienne pour nous voir ! Au programme, interview de Oh My Deer, Hippolyte le petit reporter de l\u2019espace, le reportage de Laura qui est all\u00e9e rencontrer Ivan Micello dans son  ...<\/p>\n            <\/div>\t  \n            <div class=\"bl1shr-info\">\n               <p class=\"bl1shr-date\">6 novembre 2017<\/p> \n               <p class=\"bl1shr-comment\"><a href=\"https:\/\/alpradio.com\/fr\/co2-avec-oh-my-deer\/#respond\" target=\"_blank\" class=\"no-ajax\">0 Comments<\/a><\/p> \n            <\/div><!-- end .bl1shr-info -->\n         <\/div><!-- end .bl1shr-col -->\n         <div class=\"bl1shr-col\">\n            <div class=\"bl1shr-cover\">\n               <div class=\"wz-wrap wz-hover\">\n                  <img decoding=\"async\" src=\"https:\/\/alpradio.com\/fr\/wp-content\/uploads\/2017\/10\/BioTruck-2017-09-15-002-2-250x200.jpg\" alt=\"Interview avec Monia Esposito &#8211; Bio Truck\" \/>\n                  <div class=\"he-view\">\n                     <div class=\"bg a0\" data-animate=\"fadeIn\">\n                        <a href=\"https:\/\/alpradio.com\/fr\/interview-avec-monia-esposito-bio-truck\/\" class=\"bl1shr-link a2\" data-animate=\"zoomIn\"><\/a>\n                        <a href=\"https:\/\/alpradio.com\/fr\/wp-content\/uploads\/2017\/10\/BioTruck-2017-09-15-002-2-950x634.jpg\" class=\"bl1shr-zoom a2\" data-animate=\"zoomIn\" data-rel=\"prettyPhoto-cover\"><\/a>\t\n                     <\/div>\n                  <\/div>\t  \n               <\/div> \n            <\/div><!-- end .blog-home-cover --> \n            <h2 class=\"bl1shr-title\"><a href=\"https:\/\/alpradio.com\/fr\/interview-avec-monia-esposito-bio-truck\/\">Interview avec Monia Esposito &#8211; Bio Truck<\/a><\/h2>\n            <div class=\"bl1shr-text\">\n               <p>Nous sommes all\u00e9s \u00e0 la rencontre de Monia qui nous fait visiter son Bio Truck, un food truck responsable, v\u00e9g\u00e9tarien et z\u00e9ro d\u00e9chet \ud83d\ude42 elle nous parle de cette superbe aventure, la d\u00e9marche et tout ce qui entoure ce magnifique projet. Elle nous pr\u00e9pare un hamburger v\u00e9g\u00e9tarien <\/p>\n            <\/div>\t  \n            <div class=\"bl1shr-info\">\n               <p class=\"bl1shr-date\">8 octobre 2017<\/p> \n               <p class=\"bl1shr-comment\"><a href=\"https:\/\/alpradio.com\/fr\/interview-avec-monia-esposito-bio-truck\/#respond\" target=\"_blank\" class=\"no-ajax\">0 Comments<\/a><\/p> \n            <\/div><!-- end .bl1shr-info -->\n         <\/div><!-- end .bl1shr-col -->\n         <div class=\"bl1shr-col\">\n            <div class=\"bl1shr-cover\">\n               <div class=\"wz-wrap wz-hover\">\n                  <img decoding=\"async\" src=\"https:\/\/alpradio.com\/fr\/wp-content\/uploads\/2017\/10\/MG_3982-250x200.jpg\" alt=\"Co2 avec Korrigan Circus\" \/>\n                  <div class=\"he-view\">\n                     <div class=\"bg a0\" data-animate=\"fadeIn\">\n                        <a href=\"https:\/\/alpradio.com\/fr\/co2-avec-korrigan-circus\/\" class=\"bl1shr-link a2\" data-animate=\"zoomIn\"><\/a>\n                        <a href=\"https:\/\/alpradio.com\/fr\/wp-content\/uploads\/2017\/10\/MG_3982-950x633.jpg\" class=\"bl1shr-zoom a2\" data-animate=\"zoomIn\" data-rel=\"prettyPhoto-cover\"><\/a>\t\n                     <\/div>\n                  <\/div>\t  \n               <\/div> \n            <\/div><!-- end .blog-home-cover --> \n            <h2 class=\"bl1shr-title\"><a href=\"https:\/\/alpradio.com\/fr\/co2-avec-korrigan-circus\/\">Co2 avec Korrigan Circus<\/a><\/h2>\n            <div class=\"bl1shr-text\">\n               <p> Nouvelle saison pour Co2 ! Et pour cette premi\u00e8re de l\u2019automne, nous avons l\u2019honneur de recevoir Korrigan Circus, de retour sur leurs terres suisse pour quelques concerts avant de repartir sur l\u2019\u00eele de La Palma, aux Canaries, leur nouvelle maison depuis quelques ann\u00e9es. Au  ...<\/p>\n            <\/div>\t  \n            <div class=\"bl1shr-info\">\n               <p class=\"bl1shr-date\">3 octobre 2017<\/p> \n               <p class=\"bl1shr-comment\"><a href=\"https:\/\/alpradio.com\/fr\/co2-avec-korrigan-circus\/#comments\" target=\"_blank\" class=\"no-ajax\">1 Comments<\/a><\/p> \n            <\/div><!-- end .bl1shr-info -->\n         <\/div><!-- end .bl1shr-col -->\n         <div class=\"bl1shr-col\">\n            <div class=\"bl1shr-cover\">\n               <div class=\"wz-wrap wz-hover\">\n                  <img decoding=\"async\" src=\"https:\/\/alpradio.com\/fr\/wp-content\/uploads\/2017\/10\/LeBoutDuMonde-007-250x200.jpg\" alt=\"Interview du Bout du Monde de Vevey\" \/>\n                  <div class=\"he-view\">\n                     <div class=\"bg a0\" data-animate=\"fadeIn\">\n                        <a href=\"https:\/\/alpradio.com\/fr\/interview-du-bout-du-monde-de-vevey\/\" class=\"bl1shr-link a2\" data-animate=\"zoomIn\"><\/a>\n                        <a href=\"https:\/\/alpradio.com\/fr\/wp-content\/uploads\/2017\/10\/LeBoutDuMonde-007-950x634.jpg\" class=\"bl1shr-zoom a2\" data-animate=\"zoomIn\" data-rel=\"prettyPhoto-cover\"><\/a>\t\n                     <\/div>\n                  <\/div>\t  \n               <\/div> \n            <\/div><!-- end .blog-home-cover --> \n            <h2 class=\"bl1shr-title\"><a href=\"https:\/\/alpradio.com\/fr\/interview-du-bout-du-monde-de-vevey\/\">Interview du Bout du Monde de Vevey<\/a><\/h2>\n            <div class=\"bl1shr-text\">\n               <p> Fred, programmateur du Bout du Monde de Vevey, vient nous parler de ce lieu tr\u00e8s vivant mais aussi de la 6e \u00e9dition du festival du Bout du Monde qui se d\u00e9roule le 6 et le 7 octobre prochain au th\u00e9\u00e2tre de l\u2019Oriental \ud83d\ude42 www.leboutdumonde.ch ! Nous abordons le coeur de cette  ...<\/p>\n            <\/div>\t  \n            <div class=\"bl1shr-info\">\n               <p class=\"bl1shr-date\">1 octobre 2017<\/p> \n               <p class=\"bl1shr-comment\"><a href=\"https:\/\/alpradio.com\/fr\/interview-du-bout-du-monde-de-vevey\/#respond\" target=\"_blank\" class=\"no-ajax\">0 Comments<\/a><\/p> \n            <\/div><!-- end .bl1shr-info -->\n         <\/div><!-- end .bl1shr-col -->\n         <div class=\"bl1shr-col\">\n            <div class=\"bl1shr-cover\">\n               <div class=\"wz-wrap wz-hover\">\n                  <img decoding=\"async\" src=\"https:\/\/alpradio.com\/fr\/wp-content\/uploads\/2017\/08\/2017-08-09_ChabluesFestival-001-250x200.jpg\" alt=\"Interview du Chablues Festival\" \/>\n                  <div class=\"he-view\">\n                     <div class=\"bg a0\" data-animate=\"fadeIn\">\n                        <a href=\"https:\/\/alpradio.com\/fr\/interview-du-chablues-festival-2\/\" class=\"bl1shr-link a2\" data-animate=\"zoomIn\"><\/a>\n                        <a href=\"https:\/\/alpradio.com\/fr\/wp-content\/uploads\/2017\/08\/2017-08-09_ChabluesFestival-001-950x634.jpg\" class=\"bl1shr-zoom a2\" data-animate=\"zoomIn\" data-rel=\"prettyPhoto-cover\"><\/a>\t\n                     <\/div>\n                  <\/div>\t  \n               <\/div> \n            <\/div><!-- end .blog-home-cover --> \n            <h2 class=\"bl1shr-title\"><a href=\"https:\/\/alpradio.com\/fr\/interview-du-chablues-festival-2\/\">Interview du Chablues Festival<\/a><\/h2>\n            <div class=\"bl1shr-text\">\n               <p> Le Chablues Festival est de retour dans notre studio avec Guillaume Abbey qui vient nous donner la temp\u00e9rature de cette 2e \u00e9dition le 12 ao\u00fbt \u00e0 Monthey et nous d\u00e9voile la programmation bien r\u00e9jouissante \ud83d\ude42 aussi, il nous fait un petit bilan de la 1\u00e8re \u00e9dition qui a \u00e9t\u00e9 une  ...<\/p>\n            <\/div>\t  \n            <div class=\"bl1shr-info\">\n               <p class=\"bl1shr-date\">10 ao\u00fbt 2017<\/p> \n               <p class=\"bl1shr-comment\"><a href=\"https:\/\/alpradio.com\/fr\/interview-du-chablues-festival-2\/#respond\" target=\"_blank\" class=\"no-ajax\">0 Comments<\/a><\/p> \n            <\/div><!-- end .bl1shr-info -->\n         <\/div><!-- end .bl1shr-col -->\n         <div class=\"bl1shr-col\">\n            <div class=\"bl1shr-cover\">\n               <div class=\"wz-wrap wz-hover\">\n                  <img decoding=\"async\" src=\"https:\/\/alpradio.com\/fr\/wp-content\/uploads\/2017\/07\/2017-06-18_FORMA-023-250x200.jpg\" alt=\"Interview de Forma\" \/>\n                  <div class=\"he-view\">\n                     <div class=\"bg a0\" data-animate=\"fadeIn\">\n                        <a href=\"https:\/\/alpradio.com\/fr\/interview-de-forma\/\" class=\"bl1shr-link a2\" data-animate=\"zoomIn\"><\/a>\n                        <a href=\"https:\/\/alpradio.com\/fr\/wp-content\/uploads\/2017\/07\/2017-06-18_FORMA-023-950x634.jpg\" class=\"bl1shr-zoom a2\" data-animate=\"zoomIn\" data-rel=\"prettyPhoto-cover\"><\/a>\t\n                     <\/div>\n                  <\/div>\t  \n               <\/div> \n            <\/div><!-- end .blog-home-cover --> \n            <h2 class=\"bl1shr-title\"><a href=\"https:\/\/alpradio.com\/fr\/interview-de-forma\/\">Interview de Forma<\/a><\/h2>\n            <div class=\"bl1shr-text\">\n               <p>Forma est venue nous pr\u00e9senter son premier EP \u00ab\u00a0J&rsquo;ai menti\u00a0\u00bb ! Lionel l&rsquo;a accueillie avec des questions plus rocambolesques les unes que les autres ! D\u00e9couvrez la talentueuse Forma, son EP, ses titres, ses vid\u00e9os et ses autres bizarreries, de m\u00eame que les raisons <\/p>\n            <\/div>\t  \n            <div class=\"bl1shr-info\">\n               <p class=\"bl1shr-date\">20 juillet 2017<\/p> \n               <p class=\"bl1shr-comment\"><a href=\"https:\/\/alpradio.com\/fr\/interview-de-forma\/#respond\" target=\"_blank\" class=\"no-ajax\">0 Comments<\/a><\/p> \n            <\/div><!-- end .bl1shr-info -->\n         <\/div><!-- end .bl1shr-col -->\n         <div class=\"bl1shr-col\">\n            <div class=\"bl1shr-cover\">\n               <div class=\"wz-wrap wz-hover\">\n                  <img decoding=\"async\" src=\"https:\/\/alpradio.com\/fr\/wp-content\/uploads\/2017\/07\/23Z6622-1-250x200.jpg\" alt=\"Merci la St-Jean Rock Festival !\" \/>\n                  <div class=\"he-view\">\n                     <div class=\"bg a0\" data-animate=\"fadeIn\">\n                        <a href=\"https:\/\/alpradio.com\/fr\/merci-la-st-jean-rock-festival\/\" class=\"bl1shr-link a2\" data-animate=\"zoomIn\"><\/a>\n                        <a href=\"https:\/\/alpradio.com\/fr\/wp-content\/uploads\/2017\/07\/23Z6622-1-950x633.jpg\" class=\"bl1shr-zoom a2\" data-animate=\"zoomIn\" data-rel=\"prettyPhoto-cover\"><\/a>\t\n                     <\/div>\n                  <\/div>\t  \n               <\/div> \n            <\/div><!-- end .blog-home-cover --> \n            <h2 class=\"bl1shr-title\"><a href=\"https:\/\/alpradio.com\/fr\/merci-la-st-jean-rock-festival\/\">Merci la St-Jean Rock Festival !<\/a><\/h2>\n            <div class=\"bl1shr-text\">\n               <p>Le 1er juillet, nous avons install\u00e9 notre petit studio \u00e0 la 2e \u00e9dition de la St-Jean Rock Festival pour y r\u00e9aliser des interviews ainsi que la retransmission des concerts en live \ud83d\ude42 Quel sympathique festival, tout en haut de la montagne ! Nous avons eu bien du plaisir \u00e0 vivre <\/p>\n            <\/div>\t  \n            <div class=\"bl1shr-info\">\n               <p class=\"bl1shr-date\">4 juillet 2017<\/p> \n               <p class=\"bl1shr-comment\"><a href=\"https:\/\/alpradio.com\/fr\/merci-la-st-jean-rock-festival\/#respond\" target=\"_blank\" class=\"no-ajax\">0 Comments<\/a><\/p> \n            <\/div><!-- end .bl1shr-info -->\n         <\/div><!-- end .bl1shr-col -->\n         <div class=\"bl1shr-col\">\n            <div class=\"bl1shr-cover\">\n               <div class=\"wz-wrap wz-hover\">\n                  <img decoding=\"async\" src=\"https:\/\/alpradio.com\/fr\/wp-content\/uploads\/2017\/06\/16864350_465476290243203_6610569751649624949_n-250x200.jpg\" alt=\"AlpRadio au St-Jean Rock Festival 2017 !\" \/>\n                  <div class=\"he-view\">\n                     <div class=\"bg a0\" data-animate=\"fadeIn\">\n                        <a href=\"https:\/\/alpradio.com\/fr\/alpradio-au-st-jean-rock-festival-2017\/\" class=\"bl1shr-link a2\" data-animate=\"zoomIn\"><\/a>\n                        <a href=\"https:\/\/alpradio.com\/fr\/wp-content\/uploads\/2017\/06\/16864350_465476290243203_6610569751649624949_n-950x951.jpg\" class=\"bl1shr-zoom a2\" data-animate=\"zoomIn\" data-rel=\"prettyPhoto-cover\"><\/a>\t\n                     <\/div>\n                  <\/div>\t  \n               <\/div> \n            <\/div><!-- end .blog-home-cover --> \n            <h2 class=\"bl1shr-title\"><a href=\"https:\/\/alpradio.com\/fr\/alpradio-au-st-jean-rock-festival-2017\/\">AlpRadio au St-Jean Rock Festival 2017 !<\/a><\/h2>\n            <div class=\"bl1shr-text\">\n               <p> Le 30 juin et le 1er juillet c\u2019est la 2e \u00e9dition du St-Jean Rock, nouveau partenaire d\u2019AlpRadio ! Nous serons en live du festival le samedi 1er juillet, pour les interviews des groupes et la transmission des concerts de la grande sc\u00e8ne pour ceux qui ne seront pas sur place.  ...<\/p>\n            <\/div>\t  \n            <div class=\"bl1shr-info\">\n               <p class=\"bl1shr-date\">23 juin 2017<\/p> \n               <p class=\"bl1shr-comment\"><a href=\"https:\/\/alpradio.com\/fr\/alpradio-au-st-jean-rock-festival-2017\/#respond\" target=\"_blank\" class=\"no-ajax\">0 Comments<\/a><\/p> \n            <\/div><!-- end .bl1shr-info -->\n         <\/div><!-- end .bl1shr-col -->\n         <div class=\"bl1shr-col\">\n            <div class=\"bl1shr-cover\">\n               <div class=\"wz-wrap wz-hover\">\n                  <img decoding=\"async\" src=\"https:\/\/alpradio.com\/fr\/wp-content\/uploads\/2017\/06\/2017-05-28_MaPetiteNature-004-250x200.jpg\" alt=\"Interview de Francesca Dumas &#8211; Ma petite Nature\" \/>\n                  <div class=\"he-view\">\n                     <div class=\"bg a0\" data-animate=\"fadeIn\">\n                        <a href=\"https:\/\/alpradio.com\/fr\/interview-de-francesca-dumas-ma-petite-nature\/\" class=\"bl1shr-link a2\" data-animate=\"zoomIn\"><\/a>\n                        <a href=\"https:\/\/alpradio.com\/fr\/wp-content\/uploads\/2017\/06\/2017-05-28_MaPetiteNature-004-950x634.jpg\" class=\"bl1shr-zoom a2\" data-animate=\"zoomIn\" data-rel=\"prettyPhoto-cover\"><\/a>\t\n                     <\/div>\n                  <\/div>\t  \n               <\/div> \n            <\/div><!-- end .blog-home-cover --> \n            <h2 class=\"bl1shr-title\"><a href=\"https:\/\/alpradio.com\/fr\/interview-de-francesca-dumas-ma-petite-nature\/\">Interview de Francesca Dumas &#8211; Ma petite Nature<\/a><\/h2>\n            <div class=\"bl1shr-text\">\n               <p> C\u2019est dans la boutique de produits 100% naturels et artisanaux Ma petite Nature \u00e0 Martigny, que nous rencontrons Francesca Dumas. Elle nous parle de son parcours et de sa boutique, des produits et des ateliers propos\u00e9s, des collaborations fructueuses ainsi que son nouveau  ...<\/p>\n            <\/div>\t  \n            <div class=\"bl1shr-info\">\n               <p class=\"bl1shr-date\">18 juin 2017<\/p> \n               <p class=\"bl1shr-comment\"><a href=\"https:\/\/alpradio.com\/fr\/interview-de-francesca-dumas-ma-petite-nature\/#respond\" target=\"_blank\" class=\"no-ajax\">0 Comments<\/a><\/p> \n            <\/div><!-- end .bl1shr-info -->\n         <\/div><!-- end .bl1shr-col -->\n         <div class=\"bl1shr-col\">\n            <div class=\"bl1shr-cover\">\n               <div class=\"wz-wrap wz-hover\">\n                  <img decoding=\"async\" src=\"https:\/\/alpradio.com\/fr\/wp-content\/uploads\/2017\/06\/23Z6238-1-250x200.jpg\" alt=\"Co2 avec GRAND BARROSA et IFOLK\" \/>\n                  <div class=\"he-view\">\n                     <div class=\"bg a0\" data-animate=\"fadeIn\">\n                        <a href=\"https:\/\/alpradio.com\/fr\/co2-avec-grand-barrosa-et-ifolk\/\" class=\"bl1shr-link a2\" data-animate=\"zoomIn\"><\/a>\n                        <a href=\"https:\/\/alpradio.com\/fr\/wp-content\/uploads\/2017\/06\/23Z6238-1-950x633.jpg\" class=\"bl1shr-zoom a2\" data-animate=\"zoomIn\" data-rel=\"prettyPhoto-cover\"><\/a>\t\n                     <\/div>\n                  <\/div>\t  \n               <\/div> \n            <\/div><!-- end .blog-home-cover --> \n            <h2 class=\"bl1shr-title\"><a href=\"https:\/\/alpradio.com\/fr\/co2-avec-grand-barrosa-et-ifolk\/\">Co2 avec GRAND BARROSA et IFOLK<\/a><\/h2>\n            <div class=\"bl1shr-text\">\n               <p> Grand Barrosa et le groupe iFolk sont les invit\u00e9s de la deuxi\u00e8me de Co2 en public ! Interviews, showcases, un reportage consacr\u00e9 \u00e0 une boutique de produits cosm\u00e9tiques naturels et artisanaux \u00ab\u00a0Ma petite nature\u00a0\u00bb et on termine avec Christelle de l\u2019ASLEC, endroit dans lequel  ...<\/p>\n            <\/div>\t  \n            <div class=\"bl1shr-info\">\n               <p class=\"bl1shr-date\">11 juin 2017<\/p> \n               <p class=\"bl1shr-comment\"><a href=\"https:\/\/alpradio.com\/fr\/co2-avec-grand-barrosa-et-ifolk\/#respond\" target=\"_blank\" class=\"no-ajax\">0 Comments<\/a><\/p> \n            <\/div><!-- end .bl1shr-info -->\n         <\/div><!-- end .bl1shr-col -->\n         <div class=\"bl1shr-col\">\n            <div class=\"bl1shr-cover\">\n               <div class=\"wz-wrap wz-hover\">\n                  <img decoding=\"async\" src=\"https:\/\/alpradio.com\/fr\/wp-content\/uploads\/2017\/06\/Co2-ASLEC-couverture-250x200.png\" alt=\"Co2 en public le 10 juin 2017 !\" \/>\n                  <div class=\"he-view\">\n                     <div class=\"bg a0\" data-animate=\"fadeIn\">\n                        <a href=\"https:\/\/alpradio.com\/fr\/co2-en-public-le-10-juin-2017\/\" class=\"bl1shr-link a2\" data-animate=\"zoomIn\"><\/a>\n                        <a href=\"https:\/\/alpradio.com\/fr\/wp-content\/uploads\/2017\/06\/Co2-ASLEC-couverture.png\" class=\"bl1shr-zoom a2\" data-animate=\"zoomIn\" data-rel=\"prettyPhoto-cover\"><\/a>\t\n                     <\/div>\n                  <\/div>\t  \n               <\/div> \n            <\/div><!-- end .blog-home-cover --> \n            <h2 class=\"bl1shr-title\"><a href=\"https:\/\/alpradio.com\/fr\/co2-en-public-le-10-juin-2017\/\">Co2 en public le 10 juin 2017 !<\/a><\/h2>\n            <div class=\"bl1shr-text\">\n               <p> Pour notre 2e \u00e9mission en public on a la joie de recevoir l\u2019artiste Grand Barrosa et le groupe Sierrois iFolk ! Au programme il y aura des interviews et showcases d\u00e8s 15h00 \ud83d\ude42 Viens donc assister \u00e0 l\u2019enregistrement le 10 juin du c\u00f4t\u00e9 de l\u2019ASLEC \u00e0 la rue de la Monder\u00e8che 1 \u00e0  ...<\/p>\n            <\/div>\t  \n            <div class=\"bl1shr-info\">\n               <p class=\"bl1shr-date\">2 juin 2017<\/p> \n               <p class=\"bl1shr-comment\"><a href=\"https:\/\/alpradio.com\/fr\/co2-en-public-le-10-juin-2017\/#respond\" target=\"_blank\" class=\"no-ajax\">0 Comments<\/a><\/p> \n            <\/div><!-- end .bl1shr-info -->\n         <\/div><!-- end .bl1shr-col -->\n         <div class=\"bl1shr-col\">\n            <div class=\"bl1shr-cover\">\n               <div class=\"wz-wrap wz-hover\">\n                  <img decoding=\"async\" src=\"https:\/\/alpradio.com\/fr\/wp-content\/uploads\/2017\/05\/17951730_1284177191660490_4327354756659351076_n-250x200.png\" alt=\"Interview du Fully Bouge 2017\" \/>\n                  <div class=\"he-view\">\n                     <div class=\"bg a0\" data-animate=\"fadeIn\">\n                        <a href=\"https:\/\/alpradio.com\/fr\/interview-du-fully-bouge-2017\/\" class=\"bl1shr-link a2\" data-animate=\"zoomIn\"><\/a>\n                        <a href=\"https:\/\/alpradio.com\/fr\/wp-content\/uploads\/2017\/05\/17951730_1284177191660490_4327354756659351076_n.png\" class=\"bl1shr-zoom a2\" data-animate=\"zoomIn\" data-rel=\"prettyPhoto-cover\"><\/a>\t\n                     <\/div>\n                  <\/div>\t  \n               <\/div> \n            <\/div><!-- end .blog-home-cover --> \n            <h2 class=\"bl1shr-title\"><a href=\"https:\/\/alpradio.com\/fr\/interview-du-fully-bouge-2017\/\">Interview du Fully Bouge 2017<\/a><\/h2>\n            <div class=\"bl1shr-text\">\n               <p> Le samedi 27 mai aura lieu la 13eme \u00e9dition du festival Fully Bouge ! Pour nous en parler nous retrouvons Ludovic, Cedric et Simon. Ils nous parlerons du d\u00e9roulement de la journ\u00e9e, des artistes, sans oublier les b\u00e9n\u00e9voles ! Que de belles choses pr\u00e9vues pour cette journ\u00e9e de  ...<\/p>\n            <\/div>\t  \n            <div class=\"bl1shr-info\">\n               <p class=\"bl1shr-date\">22 mai 2017<\/p> \n               <p class=\"bl1shr-comment\"><a href=\"https:\/\/alpradio.com\/fr\/interview-du-fully-bouge-2017\/#respond\" target=\"_blank\" class=\"no-ajax\">0 Comments<\/a><\/p> \n            <\/div><!-- end .bl1shr-info -->\n         <\/div><!-- end .bl1shr-col -->\n         <div class=\"bl1shr-col\">\n            <div class=\"bl1shr-cover\">\n               <div class=\"wz-wrap wz-hover\">\n                  <img decoding=\"async\" src=\"https:\/\/alpradio.com\/fr\/wp-content\/uploads\/2017\/05\/23Z5853-1-250x200.jpg\" alt=\"Co2 avec Elsandy\" \/>\n                  <div class=\"he-view\">\n                     <div class=\"bg a0\" data-animate=\"fadeIn\">\n                        <a href=\"https:\/\/alpradio.com\/fr\/co2-avec-elsandy\/\" class=\"bl1shr-link a2\" data-animate=\"zoomIn\"><\/a>\n                        <a href=\"https:\/\/alpradio.com\/fr\/wp-content\/uploads\/2017\/05\/23Z5853-1-950x633.jpg\" class=\"bl1shr-zoom a2\" data-animate=\"zoomIn\" data-rel=\"prettyPhoto-cover\"><\/a>\t\n                     <\/div>\n                  <\/div>\t  \n               <\/div> \n            <\/div><!-- end .blog-home-cover --> \n            <h2 class=\"bl1shr-title\"><a href=\"https:\/\/alpradio.com\/fr\/co2-avec-elsandy\/\">Co2 avec Elsandy<\/a><\/h2>\n            <div class=\"bl1shr-text\">\n               <p> Pour la 10e de Co2 nous invitons Elsandy en solo puisque son acolyte Louisa Bey est en voyage \ud83d\ude42 on lui transmet le bonjour au passaaaaage ! Au programme, l\u2019interview d\u2019Elsandy, la visite d\u2019Hippolyte notre reporter de l\u2019espace, pas de reportage avec Laura ce mois-ci mais la  ...<\/p>\n            <\/div>\t  \n            <div class=\"bl1shr-info\">\n               <p class=\"bl1shr-date\">16 mai 2017<\/p> \n               <p class=\"bl1shr-comment\"><a href=\"https:\/\/alpradio.com\/fr\/co2-avec-elsandy\/#respond\" target=\"_blank\" class=\"no-ajax\">0 Comments<\/a><\/p> \n            <\/div><!-- end .bl1shr-info -->\n         <\/div><!-- end .bl1shr-col -->\n         <div class=\"bl1shr-col\">\n            <div class=\"bl1shr-cover\">\n               <div class=\"wz-wrap wz-hover\">\n                  <img decoding=\"async\" src=\"https:\/\/alpradio.com\/fr\/wp-content\/uploads\/2017\/04\/2017-04-01_Inspiration-vegetale-059-250x200.jpg\" alt=\"Interview de Carole Curdy-Juilland &#8211; Inspiration V\u00e9g\u00e9tale\" \/>\n                  <div class=\"he-view\">\n                     <div class=\"bg a0\" data-animate=\"fadeIn\">\n                        <a href=\"https:\/\/alpradio.com\/fr\/interview-de-carole-curdy-juilland-inspiration-vegetale\/\" class=\"bl1shr-link a2\" data-animate=\"zoomIn\"><\/a>\n                        <a href=\"https:\/\/alpradio.com\/fr\/wp-content\/uploads\/2017\/04\/2017-04-01_Inspiration-vegetale-059-950x634.jpg\" class=\"bl1shr-zoom a2\" data-animate=\"zoomIn\" data-rel=\"prettyPhoto-cover\"><\/a>\t\n                     <\/div>\n                  <\/div>\t  \n               <\/div> \n            <\/div><!-- end .blog-home-cover --> \n            <h2 class=\"bl1shr-title\"><a href=\"https:\/\/alpradio.com\/fr\/interview-de-carole-curdy-juilland-inspiration-vegetale\/\">Interview de Carole Curdy-Juilland &#8211; Inspiration V\u00e9g\u00e9tale<\/a><\/h2>\n            <div class=\"bl1shr-text\">\n               <p> Ce mois-ci nous sommes accueillis dans l\u2019atelier-boutique Inspiration V\u00e9g\u00e9tale \u00e0 Conthey de Carole Curdy-Juilland qui nous parle de son incroyable aventure avec ses plantes avec lesquelles elle tisse un pr\u00e9cieux lien. On fait connaissance avec son parcours, son amour des  ...<\/p>\n            <\/div>\t  \n            <div class=\"bl1shr-info\">\n               <p class=\"bl1shr-date\">17 avril 2017<\/p> \n               <p class=\"bl1shr-comment\"><a href=\"https:\/\/alpradio.com\/fr\/interview-de-carole-curdy-juilland-inspiration-vegetale\/#respond\" target=\"_blank\" class=\"no-ajax\">0 Comments<\/a><\/p> \n            <\/div><!-- end .bl1shr-info -->\n         <\/div><!-- end .bl1shr-col -->\n         <div class=\"bl1shr-col\">\n            <div class=\"bl1shr-cover\">\n               <div class=\"wz-wrap wz-hover\">\n                  <img decoding=\"async\" src=\"https:\/\/alpradio.com\/fr\/wp-content\/uploads\/2017\/04\/Capture-d\u2019e\u0301cran-2017-04-11-a\u0300-11.18.27-250x200.png\" alt=\"Co2 avec MEIMUNA\" \/>\n                  <div class=\"he-view\">\n                     <div class=\"bg a0\" data-animate=\"fadeIn\">\n                        <a href=\"https:\/\/alpradio.com\/fr\/co2-avec-meimuna\/\" class=\"bl1shr-link a2\" data-animate=\"zoomIn\"><\/a>\n                        <a href=\"https:\/\/alpradio.com\/fr\/wp-content\/uploads\/2017\/04\/Capture-d\u2019e\u0301cran-2017-04-11-a\u0300-11.18.27.png\" class=\"bl1shr-zoom a2\" data-animate=\"zoomIn\" data-rel=\"prettyPhoto-cover\"><\/a>\t\n                     <\/div>\n                  <\/div>\t  \n               <\/div> \n            <\/div><!-- end .blog-home-cover --> \n            <h2 class=\"bl1shr-title\"><a href=\"https:\/\/alpradio.com\/fr\/co2-avec-meimuna\/\">Co2 avec MEIMUNA<\/a><\/h2>\n            <div class=\"bl1shr-text\">\n               <p> Ce mois-ci nous avons invit\u00e9 la merveilleuse Cyrielle Formaz pour son projet solo Meimuna \ud83d\ude42 Pas de showcase cette fois-ci puisqu\u2019un petit accident au doigt, fait qu\u2019il ne parviendra pas \u00e0 danser sur les cordes de sa guitare. Ce n\u2019est que partie remise pour une future  ...<\/p>\n            <\/div>\t  \n            <div class=\"bl1shr-info\">\n               <p class=\"bl1shr-date\">11 avril 2017<\/p> \n               <p class=\"bl1shr-comment\"><a href=\"https:\/\/alpradio.com\/fr\/co2-avec-meimuna\/#respond\" target=\"_blank\" class=\"no-ajax\">0 Comments<\/a><\/p> \n            <\/div><!-- end .bl1shr-info -->\n         <\/div><!-- end .bl1shr-col -->\n         <div class=\"bl1shr-col\">\n            <div class=\"bl1shr-cover\">\n               <div class=\"wz-wrap wz-hover\">\n                  <img decoding=\"async\" src=\"https:\/\/alpradio.com\/fr\/wp-content\/uploads\/2017\/03\/2017-01-21_Mosieur-034-250x200.jpg\" alt=\"Interview de Pedro Freitas &#8211; M\u00f4sieur\" \/>\n                  <div class=\"he-view\">\n                     <div class=\"bg a0\" data-animate=\"fadeIn\">\n                        <a href=\"https:\/\/alpradio.com\/fr\/interview-de-pedro-freitas-mosieur\/\" class=\"bl1shr-link a2\" data-animate=\"zoomIn\"><\/a>\n                        <a href=\"https:\/\/alpradio.com\/fr\/wp-content\/uploads\/2017\/03\/2017-01-21_Mosieur-034-950x634.jpg\" class=\"bl1shr-zoom a2\" data-animate=\"zoomIn\" data-rel=\"prettyPhoto-cover\"><\/a>\t\n                     <\/div>\n                  <\/div>\t  \n               <\/div> \n            <\/div><!-- end .blog-home-cover --> \n            <h2 class=\"bl1shr-title\"><a href=\"https:\/\/alpradio.com\/fr\/interview-de-pedro-freitas-mosieur\/\">Interview de Pedro Freitas &#8211; M\u00f4sieur<\/a><\/h2>\n            <div class=\"bl1shr-text\">\n               <p> Pour le premier reportage de l\u2019ann\u00e9e 2017, c\u2019est \u00e0 Montreux que \u00e7a se d\u00e9roule \ud83d\ude42 en effet, il s\u2019agit d\u2019un projet de noeuds pap\u2019 originaux sign\u00e9 Pedro Freitas qui a appel\u00e9 la curiosit\u00e9 de Laura qui s\u2019est rendue sur place pour d\u00e9couvrir ces cr\u00e9ations. C\u2019est Pedro accompagn\u00e9 de  ...<\/p>\n            <\/div>\t  \n            <div class=\"bl1shr-info\">\n               <p class=\"bl1shr-date\">19 mars 2017<\/p> \n               <p class=\"bl1shr-comment\"><a href=\"https:\/\/alpradio.com\/fr\/interview-de-pedro-freitas-mosieur\/#respond\" target=\"_blank\" class=\"no-ajax\">0 Comments<\/a><\/p> \n            <\/div><!-- end .bl1shr-info -->\n         <\/div><!-- end .bl1shr-col -->\n         <div class=\"bl1shr-col\">\n            <div class=\"bl1shr-cover\">\n               <div class=\"wz-wrap wz-hover\">\n                  <img decoding=\"async\" src=\"https:\/\/alpradio.com\/fr\/wp-content\/uploads\/2017\/03\/JoseMoreno-008-250x200.jpg\" alt=\"Interview de Jos\u00e9 Moreno pour Checklist\" \/>\n                  <div class=\"he-view\">\n                     <div class=\"bg a0\" data-animate=\"fadeIn\">\n                        <a href=\"https:\/\/alpradio.com\/fr\/interview-de-jose-moreno-pour-checklist\/\" class=\"bl1shr-link a2\" data-animate=\"zoomIn\"><\/a>\n                        <a href=\"https:\/\/alpradio.com\/fr\/wp-content\/uploads\/2017\/03\/JoseMoreno-008-950x634.jpg\" class=\"bl1shr-zoom a2\" data-animate=\"zoomIn\" data-rel=\"prettyPhoto-cover\"><\/a>\t\n                     <\/div>\n                  <\/div>\t  \n               <\/div> \n            <\/div><!-- end .blog-home-cover --> \n            <h2 class=\"bl1shr-title\"><a href=\"https:\/\/alpradio.com\/fr\/interview-de-jose-moreno-pour-checklist\/\">Interview de Jos\u00e9 Moreno pour Checklist<\/a><\/h2>\n            <div class=\"bl1shr-text\">\n               <p>Nous invitons Jos\u00e9 Moreno pour parler de son premier court-m\u00e9trage \u00ab\u00a0Checklist\u00a0\u00bb \u00e0 l&rsquo;occasion de sa projection pr\u00e9vue le 25 mars prochain au Kremlin \u00e0 Monthey. La bande originale est sign\u00e9e The Giant Robots, le groupe s&rsquo;y produira d&rsquo;ailleurs ! Un concert de <\/p>\n            <\/div>\t  \n            <div class=\"bl1shr-info\">\n               <p class=\"bl1shr-date\">19 mars 2017<\/p> \n               <p class=\"bl1shr-comment\"><a href=\"https:\/\/alpradio.com\/fr\/interview-de-jose-moreno-pour-checklist\/#respond\" target=\"_blank\" class=\"no-ajax\">0 Comments<\/a><\/p> \n            <\/div><!-- end .bl1shr-info -->\n         <\/div><!-- end .bl1shr-col -->\n         <div class=\"bl1shr-col\">\n            <div class=\"bl1shr-cover\">\n               <div class=\"wz-wrap wz-hover\">\n                  <img decoding=\"async\" src=\"https:\/\/alpradio.com\/fr\/wp-content\/uploads\/2017\/03\/2017-03-11_Co2-public-029-250x200.jpg\" alt=\"Co2 avec MEANDRE et HUNDRED DAYS\" \/>\n                  <div class=\"he-view\">\n                     <div class=\"bg a0\" data-animate=\"fadeIn\">\n                        <a href=\"https:\/\/alpradio.com\/fr\/co2-avec-meandre-et-hundred-days\/\" class=\"bl1shr-link a2\" data-animate=\"zoomIn\"><\/a>\n                        <a href=\"https:\/\/alpradio.com\/fr\/wp-content\/uploads\/2017\/03\/2017-03-11_Co2-public-029-950x633.jpg\" class=\"bl1shr-zoom a2\" data-animate=\"zoomIn\" data-rel=\"prettyPhoto-cover\"><\/a>\t\n                     <\/div>\n                  <\/div>\t  \n               <\/div> \n            <\/div><!-- end .blog-home-cover --> \n            <h2 class=\"bl1shr-title\"><a href=\"https:\/\/alpradio.com\/fr\/co2-avec-meandre-et-hundred-days\/\">Co2 avec MEANDRE et HUNDRED DAYS<\/a><\/h2>\n            <div class=\"bl1shr-text\">\n               <p> Pour cette prem\u2019 en publique, c\u2019est l\u2019artiste M\u00e9andre et le groupe Hundred Days qui s\u2019y collent ! Interviews, showcases mais aussi un reportage consacr\u00e9 au projet M\u00f4sieur et ses noeuds pap\u2019 originaux \ud83d\ude42 Rendez-vous Jeudi 16 mars \u00e0 19h00 sur www.alpradio.ch ou sur  ...<\/p>\n            <\/div>\t  \n            <div class=\"bl1shr-info\">\n               <p class=\"bl1shr-date\">15 mars 2017<\/p> \n               <p class=\"bl1shr-comment\"><a href=\"https:\/\/alpradio.com\/fr\/co2-avec-meandre-et-hundred-days\/#comments\" target=\"_blank\" class=\"no-ajax\">1 Comments<\/a><\/p> \n            <\/div><!-- end .bl1shr-info -->\n         <\/div><!-- end .bl1shr-col -->\n         <div class=\"bl1shr-col\">\n            <div class=\"bl1shr-cover\">\n               <div class=\"wz-wrap wz-hover\">\n                  <img decoding=\"async\" src=\"https:\/\/alpradio.com\/fr\/wp-content\/uploads\/2017\/03\/LesFilsDuFacteur-002-250x200.jpg\" alt=\"Interview des Fils du Facteur\" \/>\n                  <div class=\"he-view\">\n                     <div class=\"bg a0\" data-animate=\"fadeIn\">\n                        <a href=\"https:\/\/alpradio.com\/fr\/interview-des-fils-du-facteur\/\" class=\"bl1shr-link a2\" data-animate=\"zoomIn\"><\/a>\n                        <a href=\"https:\/\/alpradio.com\/fr\/wp-content\/uploads\/2017\/03\/LesFilsDuFacteur-002-950x634.jpg\" class=\"bl1shr-zoom a2\" data-animate=\"zoomIn\" data-rel=\"prettyPhoto-cover\"><\/a>\t\n                     <\/div>\n                  <\/div>\t  \n               <\/div> \n            <\/div><!-- end .blog-home-cover --> \n            <h2 class=\"bl1shr-title\"><a href=\"https:\/\/alpradio.com\/fr\/interview-des-fils-du-facteur\/\">Interview des Fils du Facteur<\/a><\/h2>\n            <div class=\"bl1shr-text\">\n               <p> C\u2019est la f\u00eate dans notre studioooo ! Les Fils du Facteur sont l\u00e0 et \u00e7a f\u2019sait longtemps que Laura voulait les inviter pour une interview \ud83d\ude42 Vous avez toujours r\u00eav\u00e9 de vivre deux jolies heures avec Emilien et Sacha ? \u00e7a tombe bien, vous saurez TOUT sur le grouuuupe ! Ils  ...<\/p>\n            <\/div>\t  \n            <div class=\"bl1shr-info\">\n               <p class=\"bl1shr-date\">13 mars 2017<\/p> \n               <p class=\"bl1shr-comment\"><a href=\"https:\/\/alpradio.com\/fr\/interview-des-fils-du-facteur\/#respond\" target=\"_blank\" class=\"no-ajax\">0 Comments<\/a><\/p> \n            <\/div><!-- end .bl1shr-info -->\n         <\/div><!-- end .bl1shr-col -->\n         <div class=\"bl1shr-col\">\n            <div class=\"bl1shr-cover\">\n               <div class=\"wz-wrap wz-hover\">\n                  <img decoding=\"async\" src=\"https:\/\/alpradio.com\/fr\/wp-content\/uploads\/2017\/03\/DSC_4011-250x200.jpg\" alt=\"Interview de Mary Zoo\" \/>\n                  <div class=\"he-view\">\n                     <div class=\"bg a0\" data-animate=\"fadeIn\">\n                        <a href=\"https:\/\/alpradio.com\/fr\/interview-de-mary-zoo\/\" class=\"bl1shr-link a2\" data-animate=\"zoomIn\"><\/a>\n                        <a href=\"https:\/\/alpradio.com\/fr\/wp-content\/uploads\/2017\/03\/DSC_4011-950x630.jpg\" class=\"bl1shr-zoom a2\" data-animate=\"zoomIn\" data-rel=\"prettyPhoto-cover\"><\/a>\t\n                     <\/div>\n                  <\/div>\t  \n               <\/div> \n            <\/div><!-- end .blog-home-cover --> \n            <h2 class=\"bl1shr-title\"><a href=\"https:\/\/alpradio.com\/fr\/interview-de-mary-zoo\/\">Interview de Mary Zoo<\/a><\/h2>\n            <div class=\"bl1shr-text\">\n               <p> Pour la deuxi\u00e8me fois, AlpRadio a le plaisir d&rsquo;accueillir Mary Zoo \ud83d\ude42 Elle sort un deuxi\u00e8me album extr\u00eamement abouti qui va r\u00e9jouir les noreilles de tous et toutes. Cet album est \u00e9galement un plaisir pour les yeux ! Effectivement, le c\u00f4t\u00e9 tr\u00e8s original et magnifique du  ...<\/p>\n            <\/div>\t  \n            <div class=\"bl1shr-info\">\n               <p class=\"bl1shr-date\">13 mars 2017<\/p> \n               <p class=\"bl1shr-comment\"><a href=\"https:\/\/alpradio.com\/fr\/interview-de-mary-zoo\/#respond\" target=\"_blank\" class=\"no-ajax\">0 Comments<\/a><\/p> \n            <\/div><!-- end .bl1shr-info -->\n         <\/div><!-- end .bl1shr-col -->\n      <\/div><!-- end .home-width -->\n   <\/div><!-- end .home-shr clearfix -->\n","protected":false},"excerpt":{"rendered":"<p>Alpradio, d&eacute;couvrez les artistes valaisans et les artistes Suisses d\u2019hier et d\u2019aujourd\u2019hui<\/p>\n","protected":false},"author":1,"featured_media":0,"parent":0,"menu_order":0,"comment_status":"open","ping_status":"closed","template":"","meta":{"footnotes":""},"class_list":["post-767","page","type-page","status-publish","hentry"],"_links":{"self":[{"href":"https:\/\/alpradio.com\/fr\/wp-json\/wp\/v2\/pages\/767","targetHints":{"allow":["GET"]}}],"collection":[{"href":"https:\/\/alpradio.com\/fr\/wp-json\/wp\/v2\/pages"}],"about":[{"href":"https:\/\/alpradio.com\/fr\/wp-json\/wp\/v2\/types\/page"}],"author":[{"embeddable":true,"href":"https:\/\/alpradio.com\/fr\/wp-json\/wp\/v2\/users\/1"}],"replies":[{"embeddable":true,"href":"https:\/\/alpradio.com\/fr\/wp-json\/wp\/v2\/comments?post=767"}],"version-history":[{"count":6,"href":"https:\/\/alpradio.com\/fr\/wp-json\/wp\/v2\/pages\/767\/revisions"}],"predecessor-version":[{"id":3273,"href":"https:\/\/alpradio.com\/fr\/wp-json\/wp\/v2\/pages\/767\/revisions\/3273"}],"wp:attachment":[{"href":"https:\/\/alpradio.com\/fr\/wp-json\/wp\/v2\/media?parent=767"}],"curies":[{"name":"wp","href":"https:\/\/api.w.org\/{rel}","templated":true}]}}